{"id":6946,"date":"2021-09-29T12:47:43","date_gmt":"2021-09-29T10:47:43","guid":{"rendered":"https:\/\/lakarulina.com\/avis-legal\/"},"modified":"2022-02-11T16:07:41","modified_gmt":"2022-02-11T14:07:41","slug":"avis-legal","status":"publish","type":"page","link":"https:\/\/lakarulina.com\/ca\/avis-legal\/","title":{"rendered":"Av\u00eds legal"},"content":{"rendered":"\t\t<div data-elementor-type=\"wp-page\" data-elementor-id=\"6946\" class=\"elementor elementor-6946\" data-elementor-post-type=\"page\">\n\t\t\t\t\t\t<section class=\"elementor-section elementor-top-section elementor-element elementor-element-821dc52 elementor-section-boxed elementor-section-height-default elementor-section-height-default\" data-id=\"821dc52\" data-element_type=\"section\" data-e-type=\"section\" data-settings=\"{&quot;background_background&quot;:&quot;classic&quot;}\">\n\t\t\t\t\t\t<div class=\"elementor-container elementor-column-gap-default\">\n\t\t\t\t\t<div class=\"elementor-column elementor-col-100 elementor-top-column elementor-element elementor-element-7287334\" data-id=\"7287334\" data-element_type=\"column\" data-e-type=\"column\">\n\t\t\t<div class=\"elementor-widget-wrap elementor-element-populated\">\n\t\t\t\t\t\t<div class=\"elementor-element elementor-element-9da54ed elementor-widget elementor-widget-heading\" data-id=\"9da54ed\" data-element_type=\"widget\" data-e-type=\"widget\" data-widget_type=\"heading.default\">\n\t\t\t\t<div class=\"elementor-widget-container\">\n\t\t\t\t\t<h1 class=\"elementor-heading-title elementor-size-default\">Av\u00eds legal<\/h1>\t\t\t\t<\/div>\n\t\t\t\t<\/div>\n\t\t\t\t\t<\/div>\n\t\t<\/div>\n\t\t\t\t\t<\/div>\n\t\t<\/section>\n\t\t\t\t<section class=\"elementor-section elementor-top-section elementor-element elementor-element-46243f5 elementor-section-boxed elementor-section-height-default elementor-section-height-default\" data-id=\"46243f5\" data-element_type=\"section\" data-e-type=\"section\">\n\t\t\t\t\t\t<div class=\"elementor-container elementor-column-gap-default\">\n\t\t\t\t\t<div class=\"elementor-column elementor-col-100 elementor-top-column elementor-element elementor-element-308c533\" data-id=\"308c533\" data-element_type=\"column\" data-e-type=\"column\">\n\t\t\t<div class=\"elementor-widget-wrap elementor-element-populated\">\n\t\t\t\t\t\t<div class=\"elementor-element elementor-element-7caa701 elementor-widget elementor-widget-text-editor\" data-id=\"7caa701\" data-element_type=\"widget\" data-e-type=\"widget\" data-widget_type=\"text-editor.default\">\n\t\t\t\t<div class=\"elementor-widget-container\">\n\t\t\t\t\t\t\t\t\t<h2>Condicions d&#8217;\u00fas<\/h2>\n<p>En compliment de la Llei 34\/2002, d\u201911 de juliol, de Serveis de la Societat de la Informaci\u00f3 i de Comer\u00e7 Electr\u00f2nic (LSSI-CE) , i d\u2019acord amb l\u2019exig\u00e8ncia de l\u2019article 10 de la citada llei informem que:<\/p>\n<p>El titular d\u2019questa web i domini www.lakarulina.com \u00e9s Carolina Bertran Peir\u00f3, LaKarulina, d\u2019ara endavant EL TITULAR amb DNI 46814618G i domicili social a Pla\u00e7a de Rafael Alberti, 3 17007 Girona. La direcci\u00f3 del correu electr\u00f2nic de contacte \u00e9s: h&#111;&#108;&#x61;&#x40;la&#107;&#97;&#x72;&#x75;li&#110;&#97;&#x2e;&#x63;om. <\/p>\n<p><br><\/p>\n<p><\/p>\n<h4>Usuari i r\u00e8gim de responsabilitats<\/h4>\n<p>La navegaci\u00f3, acc\u00e9s i \u00fas pel lloc web del TITULAR confereix la condici\u00f3 d\u2019usuari, amb les quals s\u2019accepten des de la navegaci\u00f3 pel lloc web del TITULAR, totes les condicions d\u2019\u00fas aqu\u00ed establertes sense perjuici de l\u2019aplicaci\u00f3 del corresponent d\u2019obligat cumpliment legal segons el cas.<\/p>\n<p>El lloc web del TITULAR proporciona gran diversitat d\u2019informaci\u00f3, serveis i dades. L\u2019usuari assumeix la seva responsabilitat pel que fa al correcte \u00fas d\u2019aquest lloc web. Aquesta responsabilitat s\u2019estendr\u00e0 a:  <\/p>\n<ul>\n<li>La veracitat i licitud de les informacions aportades per l\u2019usuari en els formularis ampliats pel TITULAR per a l\u2019acc\u00e9s a continguts o serveis derivats pel web.<\/li>\n<li>L\u2019\u00fas de la informaci\u00f3, serveis i dades oferits pel TITULAR contr\u00e0riament al que es disposa per les presents condicions, la Llei, la moral, els bons costums o l\u2019ordre p\u00fablic, o que de qualsevol altre manera puguin suposar lesions dels drets a tercers o del mateix funcionament del lloc web.<\/li>\n<\/ul>\n<p><br><\/p>\n<h4>Pol\u00edtica d&#8217;enlla\u00e7os i exencions de responsabilitat<\/h4>\n<p>EL TITULAR no es fa responsable del contingut dels llocs web al que l\u2019usuari pot accedir a trav\u00e9s dels enlla\u00e7os establerts al seu lloc web i declara que en cap cas procedir\u00e0 a examinar o exercitar cap tipus de control sobre el contingut d\u2019altres llocs de la xarxa. Tanmateix, tampoc garantir\u00e0 la disponibilitat t\u00e8cnica, exactitud, veracitat, validaci\u00f3 o legalitat de llocs aliens a la seva propietat als quals es pot accedir per mitj\u00e0 dels enlla\u00e7os. <\/p>\n<p>El TITULAR declara haver adoptat totes les mesures necess\u00e0ries per evitar qualsevol dany als usuaris del seu lloc web, que es puguin derivar de la navegaci\u00f3 pel seu lloc web. En conseq\u00fc\u00e8ncia, LaKarulina no es fa responsable, en cap cas, dels danys eventuals que per la navegaci\u00f3 per Internet pogu\u00e9s patir l&#8217;usuari.<\/p>\n<p><br><\/p>\n<h4>Modificacions<\/h4>\n<p>EL TITULAR es reserva el dret a fer les modificacions que es considerin oportunes, sense previ av\u00eds, en el contingut del seu lloc web. Tant pel que es refereix als continguts del lloc web, com en les condicions d\u2019\u00fas de la mateixa. Dites modificacions es podran realitzar a trav\u00e9s del seu lloc web per qualsevol forma admissible en dret i seran d\u2019obligat compliment durant el temps en qu\u00e8 es trobaran publicades al web i fins que no es modifiquin v\u00e0lidament per altres posteriors.  <\/p>\n<p><br><\/p>\n<h4>Protecci\u00f3 de dades<\/h4>\n<p>De conformitat amb l\u2019establert en la normativa vigent en protecci\u00f3 de dades de car\u00e0cter personal, informem que les seves dades s\u2019incorporaran al sistema de tractament del TITULAR amb la finalitat de poder facilitar, agilitzar i complir els compromisos establerts entre ambdues parts. En compliment de la normativa vigent, el TITULAR informa que les dades es conservaran durant el pla\u00e7 estrictament necessari per complir amb els preceptes mencionats amb anterioritat. <\/p>\n<p>L\u2019informem que tractarem les seves dades d\u2019acord al seu constentiment.<\/p>\n<p>El TITULAR informa que procedir\u00e0 a tractar les dades de manera l\u00edcita, lleial, transparent, adequada, rellevant, limitada, exacta i actualitzada. Per aquest motiu el TITULAR es compromet a adoptar totes les mesures raonables per tal que aquestes es suprimeixein o rectifiquin sense dilaci\u00f3 quan siguin inexactes. <\/p>\n<p>D\u2019acord amb els drets que confereix la normativa vigent en protecci\u00f3 de dades podr\u00e0 exercir els drets d\u2019acc\u00e9s, rectificaci\u00f3, limitaci\u00f3 de tractament, supressi\u00f3, portabilitat i oposici\u00f3 al tractament de les seves dades de car\u00e0cter aix\u00ed com del consentiment prestat per al tractament de les mateixes, dirigint la seva petici\u00f3 a la direcci\u00f3 postal o correu electr\u00f2nic esmentats m\u00e9s amunt.<\/p>\n<p>Es podr\u00e0 dirigir a l\u2019autoritat de control competent per presentar la reclamaci\u00f3 que es consideri oportuna.<\/p>\n<p><br><\/p>\n<h4>Certificat SSL (Secure Sockets Layer)<\/h4>\n<p>Es podr\u00e0 dirigir a l\u2019autoritat de control competent per presentar la reclamaci\u00f3 que es consideri oportuna.<\/p>\n<p>El TITULAR t\u00e9 un certificat de seguretat que s\u2019utilitza per CERTIFICAT SSL per tal de realitzar connexions segures.<\/p>\n<p>En aquest proc\u00e9s s\u2019estableixen diversos par\u00e0metres per tal de realitzar la connexi\u00f3 de manera segura i s\u2019estableix utilitzant claus preestablertes, codificant i decodificant totes les dades enviades fins que es finalitzi la connexi\u00f3.<\/p>\n<p><br><\/p>\n<h4>Propietat intel\u00b7lectual i industrial<\/h4>\n<p>LaKarulina per si mateixa o com a cession\u00e0ria, \u00e9s titular de tots els drets de propietat intel\u00b7lectual i industrial de la seva p\u00e0gina web, aix\u00ed com dels elements continguts a la mateixa (a t\u00edtol enunciatiu, imatges, so, \u00e0udio, v\u00eddeo, programari o textos; marques o logotips, combinacions de colors, estructura i disseny, selecci\u00f3 de materials usats, programes d&#8217;ordinador necessaris per al seu funcionament, acc\u00e9s i \u00fas, etc.), titularitat de Carolina Bertran Peir\u00f3. Seran, per tant, obres protegides com a propietat intel\u00b7lectual per l&#8217;ordenament jur\u00eddic espanyol, i els seran aplicables tant la normativa espanyola i comunit\u00e0ria en aquest camp, com els tractats internacionals relatius a la mat\u00e8ria i subscrits per Espanya. <\/p>\n<p>Tots els drets reservats. En virtut del que es disposa a la Llei de Propietat Intel\u00b7lectual, quedaran expressament prohibides la reproducci\u00f3, la distribuci\u00f3 i la comunicaci\u00f3 p\u00fablica, inclosa la seva modalitat de posta a disposici\u00f3, de la totalitat o part dels continguts d\u2019aquesta p\u00e0gina web, amb multes comercials, en qualsevol suport i per qualsevol mitj\u00e0 t\u00e8cnic, sense l\u2019autoritzaci\u00f3 del TITULAR.<\/p>\n<p>L\u2019usuari es compromet a respectar els drets de la Propietat Intel\u00b7lectual i Industrial. Podr\u00e0 visualitzar els elements del portal i fins i tot imprimir-los, copiar-los i emmagatzemar-los en el disc dur del seu ordinador o en qualsevol altre suport f\u00edsic exclusivament, per al seu \u00fas personal i privat. L\u2019usuari haur\u00e0 d\u2019abstenir-se de suprimir, alterar, eludir o manipular qualsevol dispositiu de protecci\u00f3 o sistema de seguretat que estigui instal\u00b7lat a les p\u00e0gines del TITULAR.  <\/p>\n<p><br><\/p>\n<h4>Accions legals, legislaci\u00f3 aplicable i jurisdicci\u00f3<\/h4>\n<p>El TITULAR es reserva, aix\u00ed mateix, la facultat de presentar les accions civils o penals que consideri oportunes per a l\u2019\u00fas inadequat del seu lloc web, o per l\u2019incompliment de les presents condicions.<\/p>\n<p>La relaci\u00f3 entre l\u2019usuari i el prestador es regir\u00e0 per la normativa vigent i d\u2019aplicaci\u00f3 al territori espanyol. En cas que sorgeixi qualsevol controv\u00e8rsia, les parts corresponents podran presentar els seus conflictes a arbitratge o acudir a la jurisdicci\u00f3 ordin\u00e0ria complint les normes sobre jurisdicci\u00f3 i compet\u00e8ncia al respecte.  <\/p>\t\t\t\t\t\t\t\t<\/div>\n\t\t\t\t<\/div>\n\t\t\t\t<div class=\"elementor-element elementor-element-78e1414 elementor-widget elementor-widget-spacer\" data-id=\"78e1414\" data-element_type=\"widget\" data-e-type=\"widget\" data-widget_type=\"spacer.default\">\n\t\t\t\t<div class=\"elementor-widget-container\">\n\t\t\t\t\t\t\t<div class=\"elementor-spacer\">\n\t\t\t<div class=\"elementor-spacer-inner\"><\/div>\n\t\t<\/div>\n\t\t\t\t\t\t<\/div>\n\t\t\t\t<\/div>\n\t\t\t\t\t<\/div>\n\t\t<\/div>\n\t\t\t\t\t<\/div>\n\t\t<\/section>\n\t\t\t\t<\/div>\n\t\t","protected":false},"excerpt":{"rendered":"<p>Condicions d&#8217;\u00fas En compliment de la Llei 34\/2002, d\u201911 de juliol, de Serveis de la Societat de la Informaci\u00f3 i de Comer\u00e7 Electr\u00f2nic (LSSI-CE) , i d\u2019acord amb l\u2019exig\u00e8ncia de l\u2019article 10 de la citada llei informem que: El titular d\u2019questa web i domini www.lakarulina.com \u00e9s Carolina Bertran Peir\u00f3, LaKarulina, d\u2019ara endavant EL TITULAR amb [&hellip;]<\/p>\n","protected":false},"author":1,"featured_media":0,"parent":0,"menu_order":0,"comment_status":"closed","ping_status":"closed","template":"","meta":{"_acf_changed":false,"footnotes":""},"class_list":["post-6946","page","type-page","status-publish","hentry"],"acf":[],"yoast_head":"<!-- This site is optimized with the Yoast SEO plugin v27.5 - https:\/\/yoast.com\/product\/yoast-seo-wordpress\/ -->\n<title>Av\u00eds legal &#8226; LaKarulina<\/title>\n<meta name=\"robots\" content=\"index, follow, max-snippet:-1, max-image-preview:large, max-video-preview:-1\" \/>\n<link rel=\"canonical\" href=\"https:\/\/lakarulina.com\/ca\/avis-legal\/\" \/>\n<meta property=\"og:locale\" content=\"ca_ES\" \/>\n<meta property=\"og:type\" content=\"article\" \/>\n<meta property=\"og:title\" content=\"Av\u00eds legal &#8226; LaKarulina\" \/>\n<meta property=\"og:description\" content=\"Condicions d&#8217;\u00fas En compliment de la Llei 34\/2002, d\u201911 de juliol, de Serveis de la Societat de la Informaci\u00f3 i de Comer\u00e7 Electr\u00f2nic (LSSI-CE) , i d\u2019acord amb l\u2019exig\u00e8ncia de l\u2019article 10 de la citada llei informem que: El titular d\u2019questa web i domini www.lakarulina.com \u00e9s Carolina Bertran Peir\u00f3, LaKarulina, d\u2019ara endavant EL TITULAR amb [&hellip;]\" \/>\n<meta property=\"og:url\" content=\"https:\/\/lakarulina.com\/ca\/avis-legal\/\" \/>\n<meta property=\"og:site_name\" content=\"LaKarulina\" \/>\n<meta property=\"article:publisher\" content=\"https:\/\/www.facebook.com\/lakarulina\" \/>\n<meta property=\"article:modified_time\" content=\"2022-02-11T14:07:41+00:00\" \/>\n<meta name=\"twitter:card\" content=\"summary_large_image\" \/>\n<meta name=\"twitter:label1\" content=\"Temps estimat de lectura\" \/>\n\t<meta name=\"twitter:data1\" content=\"6 minuts\" \/>\n<script type=\"application\/ld+json\" class=\"yoast-schema-graph\">{\"@context\":\"https:\\\/\\\/schema.org\",\"@graph\":[{\"@type\":\"WebPage\",\"@id\":\"https:\\\/\\\/lakarulina.com\\\/ca\\\/avis-legal\\\/\",\"url\":\"https:\\\/\\\/lakarulina.com\\\/ca\\\/avis-legal\\\/\",\"name\":\"Av\u00eds legal &#8226; LaKarulina\",\"isPartOf\":{\"@id\":\"https:\\\/\\\/lakarulina.com\\\/#website\"},\"datePublished\":\"2021-09-29T10:47:43+00:00\",\"dateModified\":\"2022-02-11T14:07:41+00:00\",\"breadcrumb\":{\"@id\":\"https:\\\/\\\/lakarulina.com\\\/ca\\\/avis-legal\\\/#breadcrumb\"},\"inLanguage\":\"ca\",\"potentialAction\":[{\"@type\":\"ReadAction\",\"target\":[\"https:\\\/\\\/lakarulina.com\\\/ca\\\/avis-legal\\\/\"]}]},{\"@type\":\"BreadcrumbList\",\"@id\":\"https:\\\/\\\/lakarulina.com\\\/ca\\\/avis-legal\\\/#breadcrumb\",\"itemListElement\":[{\"@type\":\"ListItem\",\"position\":1,\"name\":\"Inicio\",\"item\":\"https:\\\/\\\/lakarulina.com\\\/ca\\\/\"},{\"@type\":\"ListItem\",\"position\":2,\"name\":\"Av\u00eds legal\"}]},{\"@type\":\"WebSite\",\"@id\":\"https:\\\/\\\/lakarulina.com\\\/#website\",\"url\":\"https:\\\/\\\/lakarulina.com\\\/\",\"name\":\"LaKarulina\",\"description\":\"Estudio de branding y dise\u00f1o web estrat\u00e9gico en Girona\",\"publisher\":{\"@id\":\"https:\\\/\\\/lakarulina.com\\\/#organization\"},\"potentialAction\":[{\"@type\":\"SearchAction\",\"target\":{\"@type\":\"EntryPoint\",\"urlTemplate\":\"https:\\\/\\\/lakarulina.com\\\/?s={search_term_string}\"},\"query-input\":{\"@type\":\"PropertyValueSpecification\",\"valueRequired\":true,\"valueName\":\"search_term_string\"}}],\"inLanguage\":\"ca\"},{\"@type\":\"Organization\",\"@id\":\"https:\\\/\\\/lakarulina.com\\\/#organization\",\"name\":\"LaKarulina\",\"url\":\"https:\\\/\\\/lakarulina.com\\\/\",\"logo\":{\"@type\":\"ImageObject\",\"inLanguage\":\"ca\",\"@id\":\"https:\\\/\\\/lakarulina.com\\\/#\\\/schema\\\/logo\\\/image\\\/\",\"url\":\"https:\\\/\\\/lakarulina.com\\\/wp-content\\\/uploads\\\/2021\\\/09\\\/logo-lakarulina-header-white.png\",\"contentUrl\":\"https:\\\/\\\/lakarulina.com\\\/wp-content\\\/uploads\\\/2021\\\/09\\\/logo-lakarulina-header-white.png\",\"width\":215,\"height\":50,\"caption\":\"LaKarulina\"},\"image\":{\"@id\":\"https:\\\/\\\/lakarulina.com\\\/#\\\/schema\\\/logo\\\/image\\\/\"},\"sameAs\":[\"https:\\\/\\\/www.facebook.com\\\/lakarulina\",\"http:\\\/\\\/instagram.com\\\/lakarulina\",\"https:\\\/\\\/www.pinterest.es\\\/lakarulina\\\/\"]}]}<\/script>\n<!-- \/ Yoast SEO plugin. -->","yoast_head_json":{"title":"Av\u00eds legal &#8226; LaKarulina","robots":{"index":"index","follow":"follow","max-snippet":"max-snippet:-1","max-image-preview":"max-image-preview:large","max-video-preview":"max-video-preview:-1"},"canonical":"https:\/\/lakarulina.com\/ca\/avis-legal\/","og_locale":"ca_ES","og_type":"article","og_title":"Av\u00eds legal &#8226; LaKarulina","og_description":"Condicions d&#8217;\u00fas En compliment de la Llei 34\/2002, d\u201911 de juliol, de Serveis de la Societat de la Informaci\u00f3 i de Comer\u00e7 Electr\u00f2nic (LSSI-CE) , i d\u2019acord amb l\u2019exig\u00e8ncia de l\u2019article 10 de la citada llei informem que: El titular d\u2019questa web i domini www.lakarulina.com \u00e9s Carolina Bertran Peir\u00f3, LaKarulina, d\u2019ara endavant EL TITULAR amb [&hellip;]","og_url":"https:\/\/lakarulina.com\/ca\/avis-legal\/","og_site_name":"LaKarulina","article_publisher":"https:\/\/www.facebook.com\/lakarulina","article_modified_time":"2022-02-11T14:07:41+00:00","twitter_card":"summary_large_image","twitter_misc":{"Temps estimat de lectura":"6 minuts"},"schema":{"@context":"https:\/\/schema.org","@graph":[{"@type":"WebPage","@id":"https:\/\/lakarulina.com\/ca\/avis-legal\/","url":"https:\/\/lakarulina.com\/ca\/avis-legal\/","name":"Av\u00eds legal &#8226; LaKarulina","isPartOf":{"@id":"https:\/\/lakarulina.com\/#website"},"datePublished":"2021-09-29T10:47:43+00:00","dateModified":"2022-02-11T14:07:41+00:00","breadcrumb":{"@id":"https:\/\/lakarulina.com\/ca\/avis-legal\/#breadcrumb"},"inLanguage":"ca","potentialAction":[{"@type":"ReadAction","target":["https:\/\/lakarulina.com\/ca\/avis-legal\/"]}]},{"@type":"BreadcrumbList","@id":"https:\/\/lakarulina.com\/ca\/avis-legal\/#breadcrumb","itemListElement":[{"@type":"ListItem","position":1,"name":"Inicio","item":"https:\/\/lakarulina.com\/ca\/"},{"@type":"ListItem","position":2,"name":"Av\u00eds legal"}]},{"@type":"WebSite","@id":"https:\/\/lakarulina.com\/#website","url":"https:\/\/lakarulina.com\/","name":"LaKarulina","description":"Estudio de branding y dise\u00f1o web estrat\u00e9gico en Girona","publisher":{"@id":"https:\/\/lakarulina.com\/#organization"},"potentialAction":[{"@type":"SearchAction","target":{"@type":"EntryPoint","urlTemplate":"https:\/\/lakarulina.com\/?s={search_term_string}"},"query-input":{"@type":"PropertyValueSpecification","valueRequired":true,"valueName":"search_term_string"}}],"inLanguage":"ca"},{"@type":"Organization","@id":"https:\/\/lakarulina.com\/#organization","name":"LaKarulina","url":"https:\/\/lakarulina.com\/","logo":{"@type":"ImageObject","inLanguage":"ca","@id":"https:\/\/lakarulina.com\/#\/schema\/logo\/image\/","url":"https:\/\/lakarulina.com\/wp-content\/uploads\/2021\/09\/logo-lakarulina-header-white.png","contentUrl":"https:\/\/lakarulina.com\/wp-content\/uploads\/2021\/09\/logo-lakarulina-header-white.png","width":215,"height":50,"caption":"LaKarulina"},"image":{"@id":"https:\/\/lakarulina.com\/#\/schema\/logo\/image\/"},"sameAs":["https:\/\/www.facebook.com\/lakarulina","http:\/\/instagram.com\/lakarulina","https:\/\/www.pinterest.es\/lakarulina\/"]}]}},"_links":{"self":[{"href":"https:\/\/lakarulina.com\/ca\/wp-json\/wp\/v2\/pages\/6946","targetHints":{"allow":["GET"]}}],"collection":[{"href":"https:\/\/lakarulina.com\/ca\/wp-json\/wp\/v2\/pages"}],"about":[{"href":"https:\/\/lakarulina.com\/ca\/wp-json\/wp\/v2\/types\/page"}],"author":[{"embeddable":true,"href":"https:\/\/lakarulina.com\/ca\/wp-json\/wp\/v2\/users\/1"}],"replies":[{"embeddable":true,"href":"https:\/\/lakarulina.com\/ca\/wp-json\/wp\/v2\/comments?post=6946"}],"version-history":[{"count":0,"href":"https:\/\/lakarulina.com\/ca\/wp-json\/wp\/v2\/pages\/6946\/revisions"}],"wp:attachment":[{"href":"https:\/\/lakarulina.com\/ca\/wp-json\/wp\/v2\/media?parent=6946"}],"curies":[{"name":"wp","href":"https:\/\/api.w.org\/{rel}","templated":true}]}}