{"id":10036,"date":"2023-05-02T18:31:57","date_gmt":"2023-05-02T16:31:57","guid":{"rendered":"https:\/\/lakarulina.com\/?post_type=proyectos&#038;p=10036"},"modified":"2026-04-30T18:46:11","modified_gmt":"2026-04-30T16:46:11","slug":"girona-en-moviment","status":"publish","type":"proyectos","link":"https:\/\/lakarulina.com\/ca\/proyectos\/girona-en-moviment\/","title":{"rendered":"Girona en Moviment"},"content":{"rendered":"\t\t<div data-elementor-type=\"wp-post\" data-elementor-id=\"10036\" class=\"elementor elementor-10036\" data-elementor-post-type=\"proyectos\">\n\t\t\t\t<div class=\"elementor-element elementor-element-28cfc34 e-con-full e-flex e-con e-parent\" data-id=\"28cfc34\" data-element_type=\"container\" data-e-type=\"container\">\n\t\t<div class=\"elementor-element elementor-element-216625d e-con-full e-flex e-con e-child\" data-id=\"216625d\" data-element_type=\"container\" data-e-type=\"container\">\n\t\t\t\t<div class=\"elementor-element elementor-element-8df9cd0 elementor-align-center elementor-widget elementor-widget-breadcrumbs\" data-id=\"8df9cd0\" data-element_type=\"widget\" data-e-type=\"widget\" data-widget_type=\"breadcrumbs.default\">\n\t\t\t\t<div class=\"elementor-widget-container\">\n\t\t\t\t\t<p id=\"breadcrumbs\"><span><span><a href=\"https:\/\/lakarulina.com\/ca\/\">Inicio<\/a><\/span><\/span><\/p>\t\t\t\t<\/div>\n\t\t\t\t<\/div>\n\t\t\t\t<div class=\"elementor-element elementor-element-5e05c1e elementor-widget elementor-widget-heading\" data-id=\"5e05c1e\" data-element_type=\"widget\" data-e-type=\"widget\" data-widget_type=\"heading.default\">\n\t\t\t\t<div class=\"elementor-widget-container\">\n\t\t\t\t\t<h1 class=\"elementor-heading-title elementor-size-default\">Girona en Moviment<\/h1>\t\t\t\t<\/div>\n\t\t\t\t<\/div>\n\t\t\t\t<div class=\"elementor-element elementor-element-c6174c2 elementor-widget elementor-widget-heading\" data-id=\"c6174c2\" data-element_type=\"widget\" data-e-type=\"widget\" data-widget_type=\"heading.default\">\n\t\t\t\t<div class=\"elementor-widget-container\">\n\t\t\t\t\t<h6 class=\"elementor-heading-title elementor-size-default\">Danza, cultura y proyectos solidarios<\/h6>\t\t\t\t<\/div>\n\t\t\t\t<\/div>\n\t\t\t\t<div class=\"elementor-element elementor-element-5853c38 elementor-widget elementor-widget-heading\" data-id=\"5853c38\" data-element_type=\"widget\" data-e-type=\"widget\" data-widget_type=\"heading.default\">\n\t\t\t\t<div class=\"elementor-widget-container\">\n\t\t\t\t\t<h5 class=\"elementor-heading-title elementor-size-default\">Redise\u00f1o de marca y comunicaci\u00f3n digital para proyecto cultural internacional<\/h5>\t\t\t\t<\/div>\n\t\t\t\t<\/div>\n\t\t\t\t<\/div>\n\t\t\t\t<\/div>\n\t\t<div class=\"elementor-element elementor-element-8b73feb e-flex e-con-boxed e-con e-parent\" data-id=\"8b73feb\" data-element_type=\"container\" data-e-type=\"container\">\n\t\t\t\t\t<div class=\"e-con-inner\">\n\t\t<div class=\"elementor-element elementor-element-a58cc14 e-con-full e-flex e-con e-child\" data-id=\"a58cc14\" data-element_type=\"container\" data-e-type=\"container\">\n\t\t\t\t<div class=\"elementor-element elementor-element-18aa8b0 elementor-widget elementor-widget-image\" data-id=\"18aa8b0\" data-element_type=\"widget\" data-e-type=\"widget\" data-widget_type=\"image.default\">\n\t\t\t\t<div class=\"elementor-widget-container\">\n\t\t\t\t\t\t\t\t\t\t\t\t\t\t\t<img fetchpriority=\"high\" decoding=\"async\" width=\"1900\" height=\"1425\" src=\"https:\/\/lakarulina.com\/wp-content\/uploads\/2023\/05\/GEM_Business_Card_Mockup_3-webopt.jpg\" class=\"attachment-full size-full wp-image-13534\" alt=\"Girona en Moviment - Dise\u00f1o de identidad corporativa\" srcset=\"https:\/\/lakarulina.com\/wp-content\/uploads\/2023\/05\/GEM_Business_Card_Mockup_3-webopt.jpg 1900w, https:\/\/lakarulina.com\/wp-content\/uploads\/2023\/05\/GEM_Business_Card_Mockup_3-webopt-300x225.jpg 300w, https:\/\/lakarulina.com\/wp-content\/uploads\/2023\/05\/GEM_Business_Card_Mockup_3-webopt-1024x768.jpg 1024w, https:\/\/lakarulina.com\/wp-content\/uploads\/2023\/05\/GEM_Business_Card_Mockup_3-webopt-768x576.jpg 768w, https:\/\/lakarulina.com\/wp-content\/uploads\/2023\/05\/GEM_Business_Card_Mockup_3-webopt-1536x1152.jpg 1536w\" sizes=\"(max-width: 1900px) 100vw, 1900px\" \/>\t\t\t\t\t\t\t\t\t\t\t\t\t\t\t<\/div>\n\t\t\t\t<\/div>\n\t\t\t\t<div class=\"elementor-element elementor-element-01791a1 elementor-widget elementor-widget-image\" data-id=\"01791a1\" data-element_type=\"widget\" data-e-type=\"widget\" data-widget_type=\"image.default\">\n\t\t\t\t<div class=\"elementor-widget-container\">\n\t\t\t\t\t\t\t\t\t\t\t\t\t\t\t<img decoding=\"async\" width=\"1900\" height=\"1268\" src=\"https:\/\/lakarulina.com\/wp-content\/uploads\/2023\/05\/095_GeM-2024-_Gala_300ppp-scaled-1.jpg\" class=\"attachment-full size-full wp-image-13547\" alt=\"Dise\u00f1o del branding para Girona en Moviment, un festival de danza, cultura y salud\" srcset=\"https:\/\/lakarulina.com\/wp-content\/uploads\/2023\/05\/095_GeM-2024-_Gala_300ppp-scaled-1.jpg 1900w, https:\/\/lakarulina.com\/wp-content\/uploads\/2023\/05\/095_GeM-2024-_Gala_300ppp-scaled-1-300x200.jpg 300w, https:\/\/lakarulina.com\/wp-content\/uploads\/2023\/05\/095_GeM-2024-_Gala_300ppp-scaled-1-1024x683.jpg 1024w, https:\/\/lakarulina.com\/wp-content\/uploads\/2023\/05\/095_GeM-2024-_Gala_300ppp-scaled-1-768x513.jpg 768w, https:\/\/lakarulina.com\/wp-content\/uploads\/2023\/05\/095_GeM-2024-_Gala_300ppp-scaled-1-1536x1025.jpg 1536w\" sizes=\"(max-width: 1900px) 100vw, 1900px\" \/>\t\t\t\t\t\t\t\t\t\t\t\t\t\t\t<\/div>\n\t\t\t\t<\/div>\n\t\t\t\t<div class=\"elementor-element elementor-element-5d1caf7 elementor-widget elementor-widget-gallery\" data-id=\"5d1caf7\" data-element_type=\"widget\" data-e-type=\"widget\" data-settings=\"{&quot;columns&quot;:3,&quot;gap&quot;:{&quot;unit&quot;:&quot;px&quot;,&quot;size&quot;:23,&quot;sizes&quot;:[]},&quot;columns_tablet&quot;:3,&quot;gap_tablet&quot;:{&quot;unit&quot;:&quot;px&quot;,&quot;size&quot;:0,&quot;sizes&quot;:[]},&quot;gallery_layout&quot;:&quot;masonry&quot;,&quot;columns_mobile&quot;:1,&quot;gap_mobile&quot;:{&quot;unit&quot;:&quot;px&quot;,&quot;size&quot;:10,&quot;sizes&quot;:[]},&quot;content_hover_animation&quot;:&quot;fade-in&quot;}\" data-widget_type=\"gallery.default\">\n\t\t\t\t<div class=\"elementor-widget-container\">\n\t\t\t\t\t\t\t<div class=\"elementor-gallery__container\">\n\t\t\t\t\t\t\t<div class=\"e-gallery-item elementor-gallery-item elementor-animated-content\">\n\t\t\t\t\t<div class=\"e-gallery-image elementor-gallery-item__image\" data-thumbnail=\"https:\/\/lakarulina.com\/wp-content\/uploads\/2023\/06\/gem_mockups-01.png\" data-width=\"500\" data-height=\"625\" aria-label=\"Girona en Moviment - Dise\u00f1o de identidad corporativa\" role=\"img\" ><\/div>\n\t\t\t\t\t\t\t\t\t\t\t\t\t\t<\/div>\n\t\t\t\t\t\t\t<div class=\"e-gallery-item elementor-gallery-item elementor-animated-content\">\n\t\t\t\t\t<div class=\"e-gallery-image elementor-gallery-item__image\" data-thumbnail=\"https:\/\/lakarulina.com\/wp-content\/uploads\/2023\/06\/gem_mockups-02.png\" data-width=\"500\" data-height=\"625\" aria-label=\"Girona en Moviment - Dise\u00f1o de identidad corporativa\" role=\"img\" ><\/div>\n\t\t\t\t\t\t\t\t\t\t\t\t\t\t<\/div>\n\t\t\t\t\t\t\t<div class=\"e-gallery-item elementor-gallery-item elementor-animated-content\">\n\t\t\t\t\t<div class=\"e-gallery-image elementor-gallery-item__image\" data-thumbnail=\"https:\/\/lakarulina.com\/wp-content\/uploads\/2023\/06\/gem_mockups-03.png\" data-width=\"500\" data-height=\"625\" aria-label=\"Girona en Moviment - Dise\u00f1o de identidad corporativa\" role=\"img\" ><\/div>\n\t\t\t\t\t\t\t\t\t\t\t\t\t\t<\/div>\n\t\t\t\t\t<\/div>\n\t\t\t\t\t<\/div>\n\t\t\t\t<\/div>\n\t\t\t\t<div class=\"elementor-element elementor-element-407c642 elementor-widget elementor-widget-image\" data-id=\"407c642\" data-element_type=\"widget\" data-e-type=\"widget\" data-widget_type=\"image.default\">\n\t\t\t\t<div class=\"elementor-widget-container\">\n\t\t\t\t\t\t\t\t\t\t\t\t\t\t\t<img decoding=\"async\" width=\"1900\" height=\"1425\" src=\"https:\/\/lakarulina.com\/wp-content\/uploads\/2023\/05\/GEM_Stationery_Mockup_4_webopt.jpg\" class=\"attachment-full size-full wp-image-13541\" alt=\"Redise\u00f1o de marca para proyecto cultural internacional en Girona\" srcset=\"https:\/\/lakarulina.com\/wp-content\/uploads\/2023\/05\/GEM_Stationery_Mockup_4_webopt.jpg 1900w, https:\/\/lakarulina.com\/wp-content\/uploads\/2023\/05\/GEM_Stationery_Mockup_4_webopt-300x225.jpg 300w, https:\/\/lakarulina.com\/wp-content\/uploads\/2023\/05\/GEM_Stationery_Mockup_4_webopt-1024x768.jpg 1024w, https:\/\/lakarulina.com\/wp-content\/uploads\/2023\/05\/GEM_Stationery_Mockup_4_webopt-768x576.jpg 768w, https:\/\/lakarulina.com\/wp-content\/uploads\/2023\/05\/GEM_Stationery_Mockup_4_webopt-1536x1152.jpg 1536w\" sizes=\"(max-width: 1900px) 100vw, 1900px\" \/>\t\t\t\t\t\t\t\t\t\t\t\t\t\t\t<\/div>\n\t\t\t\t<\/div>\n\t\t\t\t<div class=\"elementor-element elementor-element-8a5e2e7 elementor-widget elementor-widget-image\" data-id=\"8a5e2e7\" data-element_type=\"widget\" data-e-type=\"widget\" data-widget_type=\"image.default\">\n\t\t\t\t<div class=\"elementor-widget-container\">\n\t\t\t\t\t\t\t\t\t\t\t\t\t\t\t<img loading=\"lazy\" decoding=\"async\" width=\"1440\" height=\"1024\" src=\"https:\/\/lakarulina.com\/wp-content\/uploads\/2023\/06\/Logo_GEM_big.png\" class=\"attachment-full size-full wp-image-10077\" alt=\"Girona en Moviment - Dise\u00f1o de identidad corporativa\" srcset=\"https:\/\/lakarulina.com\/wp-content\/uploads\/2023\/06\/Logo_GEM_big.png 1440w, https:\/\/lakarulina.com\/wp-content\/uploads\/2023\/06\/Logo_GEM_big-300x213.png 300w, https:\/\/lakarulina.com\/wp-content\/uploads\/2023\/06\/Logo_GEM_big-1024x728.png 1024w, https:\/\/lakarulina.com\/wp-content\/uploads\/2023\/06\/Logo_GEM_big-768x546.png 768w\" sizes=\"(max-width: 1440px) 100vw, 1440px\" \/>\t\t\t\t\t\t\t\t\t\t\t\t\t\t\t<\/div>\n\t\t\t\t<\/div>\n\t\t\t\t<div class=\"elementor-element elementor-element-b2db773 elementor-widget elementor-widget-image\" data-id=\"b2db773\" data-element_type=\"widget\" data-e-type=\"widget\" data-widget_type=\"image.default\">\n\t\t\t\t<div class=\"elementor-widget-container\">\n\t\t\t\t\t\t\t\t\t\t\t\t\t\t\t<img loading=\"lazy\" decoding=\"async\" width=\"1400\" height=\"1285\" src=\"https:\/\/lakarulina.com\/wp-content\/uploads\/2023\/06\/macbook-pro-gem-1.jpg\" class=\"attachment-full size-full wp-image-10110\" alt=\"Girona en Moviment - Dise\u00f1o de p\u00e1gina web corporativa en WordPress\" srcset=\"https:\/\/lakarulina.com\/wp-content\/uploads\/2023\/06\/macbook-pro-gem-1.jpg 1400w, https:\/\/lakarulina.com\/wp-content\/uploads\/2023\/06\/macbook-pro-gem-1-300x275.jpg 300w, https:\/\/lakarulina.com\/wp-content\/uploads\/2023\/06\/macbook-pro-gem-1-1024x940.jpg 1024w, https:\/\/lakarulina.com\/wp-content\/uploads\/2023\/06\/macbook-pro-gem-1-768x705.jpg 768w\" sizes=\"(max-width: 1400px) 100vw, 1400px\" \/>\t\t\t\t\t\t\t\t\t\t\t\t\t\t\t<\/div>\n\t\t\t\t<\/div>\n\t\t\t\t<div class=\"elementor-element elementor-element-90cc072 elementor-widget elementor-widget-video\" data-id=\"90cc072\" data-element_type=\"widget\" data-e-type=\"widget\" data-settings=\"{&quot;video_type&quot;:&quot;hosted&quot;,&quot;autoplay&quot;:&quot;yes&quot;,&quot;mute&quot;:&quot;yes&quot;,&quot;loop&quot;:&quot;yes&quot;}\" data-widget_type=\"video.default\">\n\t\t\t\t<div class=\"elementor-widget-container\">\n\t\t\t\t\t\t\t<div class=\"e-hosted-video elementor-wrapper elementor-open-inline\">\n\t\t\t\t\t<video class=\"elementor-video\" src=\"https:\/\/lakarulina.com\/wp-content\/uploads\/2023\/05\/GEM_WEB_V0.mp4\" autoplay=\"\" loop=\"\" muted=\"muted\" controlsList=\"nodownload\"><\/video>\n\t\t\t\t<\/div>\n\t\t\t\t\t\t<\/div>\n\t\t\t\t<\/div>\n\t\t\t\t<div class=\"elementor-element elementor-element-ff0eaa6 elementor-widget elementor-widget-image\" data-id=\"ff0eaa6\" data-element_type=\"widget\" data-e-type=\"widget\" data-widget_type=\"image.default\">\n\t\t\t\t<div class=\"elementor-widget-container\">\n\t\t\t\t\t\t\t\t\t\t\t\t\t\t\t<img loading=\"lazy\" decoding=\"async\" width=\"1440\" height=\"1024\" src=\"https:\/\/lakarulina.com\/wp-content\/uploads\/2023\/06\/Mockup-IG-templates-\u2013-2.jpg\" class=\"attachment-full size-full wp-image-10089\" alt=\"Dise\u00f1o de plantillas corporativas y editables en Canva para Instagram - Girona en Moviment\" srcset=\"https:\/\/lakarulina.com\/wp-content\/uploads\/2023\/06\/Mockup-IG-templates-\u2013-2.jpg 1440w, https:\/\/lakarulina.com\/wp-content\/uploads\/2023\/06\/Mockup-IG-templates-\u2013-2-300x213.jpg 300w, https:\/\/lakarulina.com\/wp-content\/uploads\/2023\/06\/Mockup-IG-templates-\u2013-2-1024x728.jpg 1024w, https:\/\/lakarulina.com\/wp-content\/uploads\/2023\/06\/Mockup-IG-templates-\u2013-2-768x546.jpg 768w\" sizes=\"(max-width: 1440px) 100vw, 1440px\" \/>\t\t\t\t\t\t\t\t\t\t\t\t\t\t\t<\/div>\n\t\t\t\t<\/div>\n\t\t\t\t<\/div>\n\t\t\t\t\t<\/div>\n\t\t\t\t<\/div>\n\t\t<div class=\"elementor-element elementor-element-1a10b2b e-flex e-con-boxed e-con e-parent\" data-id=\"1a10b2b\" data-element_type=\"container\" data-e-type=\"container\" data-settings=\"{&quot;background_background&quot;:&quot;classic&quot;}\">\n\t\t\t\t\t<div class=\"e-con-inner\">\n\t\t<div class=\"elementor-element elementor-element-29ede76 e-con-full e-flex e-con e-child\" data-id=\"29ede76\" data-element_type=\"container\" data-e-type=\"container\">\n\t\t\t\t<div class=\"elementor-element elementor-element-8ad5e77 elementor-view-default elementor-widget elementor-widget-icon\" data-id=\"8ad5e77\" data-element_type=\"widget\" data-e-type=\"widget\" data-widget_type=\"icon.default\">\n\t\t\t\t<div class=\"elementor-widget-container\">\n\t\t\t\t\t\t\t<div class=\"elementor-icon-wrapper\">\n\t\t\t<div class=\"elementor-icon\">\n\t\t\t<i aria-hidden=\"true\" class=\"fas fa-quote-left\"><\/i>\t\t\t<\/div>\n\t\t<\/div>\n\t\t\t\t\t\t<\/div>\n\t\t\t\t<\/div>\n\t\t\t\t<div class=\"elementor-element elementor-element-ad6a0cb elementor-testimonial--skin-default elementor-testimonial--layout-image_inline elementor-testimonial--align-center elementor-widget elementor-widget-testimonial-carousel\" data-id=\"ad6a0cb\" data-element_type=\"widget\" data-e-type=\"widget\" data-settings=\"{&quot;slides_per_view&quot;:&quot;1&quot;,&quot;speed&quot;:5500,&quot;autoplay_speed&quot;:9000,&quot;space_between&quot;:{&quot;unit&quot;:&quot;px&quot;,&quot;size&quot;:23,&quot;sizes&quot;:[]},&quot;autoplay&quot;:&quot;yes&quot;,&quot;loop&quot;:&quot;yes&quot;,&quot;pause_on_hover&quot;:&quot;yes&quot;,&quot;pause_on_interaction&quot;:&quot;yes&quot;,&quot;space_between_tablet&quot;:{&quot;unit&quot;:&quot;px&quot;,&quot;size&quot;:10,&quot;sizes&quot;:[]},&quot;space_between_mobile&quot;:{&quot;unit&quot;:&quot;px&quot;,&quot;size&quot;:10,&quot;sizes&quot;:[]}}\" data-widget_type=\"testimonial-carousel.default\">\n\t\t\t\t<div class=\"elementor-widget-container\">\n\t\t\t\t\t\t\t\t\t<div class=\"elementor-swiper\">\n\t\t\t\t\t<div class=\"elementor-main-swiper swiper\" role=\"region\" aria-roledescription=\"carousel\" aria-label=\"Diapositivas\">\n\t\t\t\t<div class=\"swiper-wrapper\">\n\t\t\t\t\t\t\t\t\t\t\t<div class=\"swiper-slide\" role=\"group\" aria-roledescription=\"slide\">\n\t\t\t\t\t\t\t\t\t<div class=\"elementor-testimonial\">\n\t\t\t\t\t\t\t<div class=\"elementor-testimonial__content\">\n\t\t\t\t\t<div class=\"elementor-testimonial__text\">\n\t\t\t\t\t\tHa sido un placer trabajar con LaKarulina en el dise\u00f1o de la imagen gr\u00e1fica y la web del festival Girona en Moviment; la experiencia ha sido inmejorable. Desde el primer momento mostr\u00f3 una gran implicaci\u00f3n, escuchando con atenci\u00f3n y entendiendo r\u00e1pidamente qu\u00e9 quer\u00edamos transmitir. Trabajar con ella es f\u00e1cil: es cercana, flexible y tiene una gran capacidad para transformar ideas en una propuesta visual coherente, atractiva y alineada con nuestros valores.\n\nValoramos especialmente su sensibilidad creativa, su criterio profesional y el cuidado por los detalles, as\u00ed como su disponibilidad durante todo el proceso. El resultado final ha superado nuestras expectativas. Sin duda, recomendamos a LaKarulina para cualquier proyecto que busque un dise\u00f1o con alma, criterio y compromiso.\t\t\t\t\t<\/div>\n\t\t\t\t\t\t\t\t\t<\/div>\n\t\t\t\t\t\t<div class=\"elementor-testimonial__footer\">\n\t\t\t\t\t\t\t\t<cite class=\"elementor-testimonial__cite\"><span class=\"elementor-testimonial__name\">Ma. \u00c0ngels Mart\u00ednez<\/span><span class=\"elementor-testimonial__title\">Fundaci\u00f3 Oncolliga Girona<\/span><\/cite>\t\t\t<\/div>\n\t\t<\/div>\n\t\t\t\t\t\t\t\t<\/div>\n\t\t\t\t\t\t\t\t\t<\/div>\n\t\t\t\t\t\t\t<\/div>\n\t\t\t\t<\/div>\n\t\t\t\t\t\t\t\t<\/div>\n\t\t\t\t<\/div>\n\t\t\t\t<div class=\"elementor-element elementor-element-b5934cc elementor-view-default elementor-widget elementor-widget-icon\" data-id=\"b5934cc\" data-element_type=\"widget\" data-e-type=\"widget\" data-widget_type=\"icon.default\">\n\t\t\t\t<div class=\"elementor-widget-container\">\n\t\t\t\t\t\t\t<div class=\"elementor-icon-wrapper\">\n\t\t\t<div class=\"elementor-icon\">\n\t\t\t<i aria-hidden=\"true\" class=\"fas fa-quote-right\"><\/i>\t\t\t<\/div>\n\t\t<\/div>\n\t\t\t\t\t\t<\/div>\n\t\t\t\t<\/div>\n\t\t\t\t<\/div>\n\t\t\t\t\t<\/div>\n\t\t\t\t<\/div>\n\t\t<div class=\"elementor-element elementor-element-e0c7497 e-flex e-con-boxed e-con e-parent\" data-id=\"e0c7497\" data-element_type=\"container\" data-e-type=\"container\">\n\t\t\t\t\t<div class=\"e-con-inner\">\n\t\t<div class=\"elementor-element elementor-element-9f9fba5 e-con-full e-flex e-con e-child\" data-id=\"9f9fba5\" data-element_type=\"container\" data-e-type=\"container\">\n\t\t\t\t<div class=\"elementor-element elementor-element-9735467 elementor-widget elementor-widget-heading\" data-id=\"9735467\" data-element_type=\"widget\" data-e-type=\"widget\" data-widget_type=\"heading.default\">\n\t\t\t\t<div class=\"elementor-widget-container\">\n\t\t\t\t\t<h5 class=\"elementor-heading-title elementor-size-default\">De la autogesti\u00f3n a una identidad cultural con proyecci\u00f3n internacional<\/h5>\t\t\t\t<\/div>\n\t\t\t\t<\/div>\n\t\t\t\t<div class=\"elementor-element elementor-element-6ecde4c elementor-widget elementor-widget-text-editor\" data-id=\"6ecde4c\" data-element_type=\"widget\" data-e-type=\"widget\" data-widget_type=\"text-editor.default\">\n\t\t\t\t<div class=\"elementor-widget-container\">\n\t\t\t\t\t\t\t\t\t<p>Girona en Moviment es un proyecto vibrante de danza, cultura y solidaridad que cada verano transforma la ciudad. Tras a\u00f1os de autogesti\u00f3n, el equipo del GeM decidi\u00f3 dar un paso firme hacia la profesionalizaci\u00f3n de su imagen. Mi reto fue recoger esa energ\u00eda acumulada y darle una direcci\u00f3n estrat\u00e9gica y visual de 180\u00b0, creando una marca que no solo se viera bien, sino que fuera capaz de sostener un festival de esta magnitud.<\/p><p><span style=\"text-decoration: underline;\"><strong>El proceso: Traducir el movimiento en dise\u00f1o<\/strong><\/span><br \/>El objetivo era claro: dejar atr\u00e1s la timidez visual para abrazar una est\u00e9tica atrevida, juvenil y de alto impacto. Trabaj\u00e9 la identidad desde la acci\u00f3n:<\/p><ul><li><strong>Tipograf\u00eda de autor:<\/strong> Creada a mano para reforzar el movimiento y la energ\u00eda org\u00e1nica de la danza.<\/li><li><strong>Sistema flexible:<\/strong> Dise\u00f1\u00e9 elementos gr\u00e1ficos combinables (asimetr\u00edas, degradados y contrastes) que permiten que la marca &#8220;baile&#8221; en cada soporte.<\/li><li><strong>Omnicanalidad:<\/strong> Una imagen global pensada para funcionar con la misma fuerza en una pantalla de m\u00f3vil que en banderolas por las calles de Girona.<\/li><\/ul>\t\t\t\t\t\t\t\t<\/div>\n\t\t\t\t<\/div>\n\t\t\t\t<\/div>\n\t\t<div class=\"elementor-element elementor-element-8614291 e-con-full e-flex e-con e-child\" data-id=\"8614291\" data-element_type=\"container\" data-e-type=\"container\">\n\t\t<div class=\"elementor-element elementor-element-2300a04 e-con-full e-flex e-con e-child\" data-id=\"2300a04\" data-element_type=\"container\" data-e-type=\"container\">\n\t\t\t\t<div class=\"elementor-element elementor-element-36db7f8 elementor-widget elementor-widget-heading\" data-id=\"36db7f8\" data-element_type=\"widget\" data-e-type=\"widget\" data-widget_type=\"heading.default\">\n\t\t\t\t<div class=\"elementor-widget-container\">\n\t\t\t\t\t<h5 class=\"elementor-heading-title elementor-size-default\">Qu\u00e9 ha obtenido esta marca trabajando conmigo<\/h5>\t\t\t\t<\/div>\n\t\t\t\t<\/div>\n\t\t\t\t<div class=\"elementor-element elementor-element-4b0440b elementor-widget elementor-widget-text-editor\" data-id=\"4b0440b\" data-element_type=\"widget\" data-e-type=\"widget\" data-widget_type=\"text-editor.default\">\n\t\t\t\t<div class=\"elementor-widget-container\">\n\t\t\t\t\t\t\t\t\t<p>M\u00e1s all\u00e1 de un cambio est\u00e9tico, el GeM ha ganado una <strong>herramienta de comunicaci\u00f3n profesional<\/strong>. Al delegar el dise\u00f1o en una visi\u00f3n estrat\u00e9gica, el equipo ha obtenido:<\/p><ul><li><strong>Autoridad y reconocimiento:<\/strong> Una marca coherente que proyecta la calidad real de los artistas y espect\u00e1culos que trae el festival.<\/li><li><strong>Agilidad operativa:<\/strong> Ahora cuentan con un sistema visual flexible que les permite generar materiales para redes y soportes f\u00edsicos ahorrando tiempo y manteniendo siempre la armon\u00eda.<\/li><li><strong>Conexi\u00f3n emocional:<\/strong> Una identidad fresca y motivadora que conecta directamente con un p\u00fablico joven y activo, facilitando la difusi\u00f3n y el engagement.<\/li><\/ul><p>\u00a0<\/p><p>El resultado es una marca madura, din\u00e1mica y, sobre todo, preparada para seguir emocionando a trav\u00e9s de la danza.<\/p>\t\t\t\t\t\t\t\t<\/div>\n\t\t\t\t<\/div>\n\t\t\t\t<\/div>\n\t\t<div class=\"elementor-element elementor-element-fc936e0 e-con-full e-flex e-con e-child\" data-id=\"fc936e0\" data-element_type=\"container\" data-e-type=\"container\">\n\t\t\t\t<div class=\"elementor-element elementor-element-bb44e38 elementor-widget elementor-widget-heading\" data-id=\"bb44e38\" data-element_type=\"widget\" data-e-type=\"widget\" data-widget_type=\"heading.default\">\n\t\t\t\t<div class=\"elementor-widget-container\">\n\t\t\t\t\t<h6 class=\"elementor-heading-title elementor-size-default\">servicios contratados:<\/h6>\t\t\t\t<\/div>\n\t\t\t\t<\/div>\n\t\t\t\t<div class=\"elementor-element elementor-element-8643918 elementor-drop-cap-yes single_tags elementor-drop-cap-view-default elementor-widget elementor-widget-text-editor\" data-id=\"8643918\" data-element_type=\"widget\" data-e-type=\"widget\" data-settings=\"{&quot;drop_cap&quot;:&quot;yes&quot;}\" data-widget_type=\"text-editor.default\">\n\t\t\t\t<div class=\"elementor-widget-container\">\n\t\t\t\t\t\t\t\t\t<a href=\"https:\/\/lakarulina.com\/category\/diseno-grafico\/\" rel=\"tag\">Dise\u00f1o gr\u00e1fico<\/a>, <a href=\"https:\/\/lakarulina.com\/category\/diseno-web\/\" rel=\"tag\">Dise\u00f1o web<\/a>, <a href=\"https:\/\/lakarulina.com\/category\/identidad-corporativa\/\" rel=\"tag\">Identidad Corporativa<\/a>, <a href=\"https:\/\/lakarulina.com\/category\/social-media\/\" rel=\"tag\">Social Media<\/a>\t\t\t\t\t\t\t\t<\/div>\n\t\t\t\t<\/div>\n\t\t\t\t<div class=\"elementor-element elementor-element-35bb101 elementor-widget elementor-widget-spacer\" data-id=\"35bb101\" data-element_type=\"widget\" data-e-type=\"widget\" data-widget_type=\"spacer.default\">\n\t\t\t\t<div class=\"elementor-widget-container\">\n\t\t\t\t\t\t\t<div class=\"elementor-spacer\">\n\t\t\t<div class=\"elementor-spacer-inner\"><\/div>\n\t\t<\/div>\n\t\t\t\t\t\t<\/div>\n\t\t\t\t<\/div>\n\t\t\t\t<div class=\"elementor-element elementor-element-5096a1c elementor-align-left elementor-widget__width-inherit elementor-widget-tablet__width-initial elementor-widget-mobile__width-initial elementor-widget elementor-widget-button\" data-id=\"5096a1c\" data-element_type=\"widget\" data-e-type=\"widget\" data-widget_type=\"button.default\">\n\t\t\t\t<div class=\"elementor-widget-container\">\n\t\t\t\t\t\t\t\t\t<div class=\"elementor-button-wrapper\">\n\t\t\t\t\t<a class=\"elementor-button elementor-button-link elementor-size-sm elementor-animation-bob\" href=\"https:\/\/gironaenmoviment.com\/\" target=\"_blank\" rel=\"nofollow\">\n\t\t\t\t\t\t<span class=\"elementor-button-content-wrapper\">\n\t\t\t\t\t\t<span class=\"elementor-button-icon\">\n\t\t\t\t<i aria-hidden=\"true\" class=\"fas fa-long-arrow-alt-right\"><\/i>\t\t\t<\/span>\n\t\t\t\t\t\t\t\t\t<span class=\"elementor-button-text\">visitar web<\/span>\n\t\t\t\t\t<\/span>\n\t\t\t\t\t<\/a>\n\t\t\t\t<\/div>\n\t\t\t\t\t\t\t\t<\/div>\n\t\t\t\t<\/div>\n\t\t\t\t<\/div>\n\t\t\t\t<\/div>\n\t\t\t\t\t<\/div>\n\t\t\t\t<\/div>\n\t\t\t\t<\/div>\n\t\t","protected":false},"excerpt":{"rendered":"<p>Dise\u00f1o de identidad corporativa, p\u00e1gina web y plantillas de dise\u00f1o para Instagram para Girona en Moviment<\/p>\n","protected":false},"author":1,"featured_media":10116,"template":"","meta":{"_acf_changed":false},"categories":[13,1,12,40],"tags":[194,17,134,16,22,178,24,203,10,103,94],"class_list":["post-10036","proyectos","type-proyectos","status-publish","has-post-thumbnail","hentry","category-diseno-grafico","category-diseno-web","category-identidad-corporativa","category-social-media","tag-arte","tag-cultura","tag-danza","tag-diseno-de-logotipo","tag-diseno-web","tag-disenos-para-instagram","tag-identidad-visual","tag-proyecto-benefico","tag-salud","tag-web-responsive","tag-wordpress"],"acf":[],"yoast_head":"<!-- This site is optimized with the Yoast SEO plugin v27.5 - https:\/\/yoast.com\/product\/yoast-seo-wordpress\/ -->\n<title>Dise\u00f1o identidad y web Girona en Moviment &#8226; LaKarulina<\/title>\n<meta name=\"description\" content=\"Dise\u00f1o de identidad corporativa, p\u00e1gina web y plantillas de dise\u00f1o corporativo para Instagram para Girona en Moviment.\" \/>\n<meta name=\"robots\" content=\"index, follow, max-snippet:-1, max-image-preview:large, max-video-preview:-1\" \/>\n<link rel=\"canonical\" href=\"https:\/\/lakarulina.com\/proyectos\/girona-en-moviment\/\" \/>\n<meta property=\"og:locale\" content=\"ca_ES\" \/>\n<meta property=\"og:type\" content=\"article\" \/>\n<meta property=\"og:title\" content=\"Dise\u00f1o identidad y web Girona en Moviment &#8226; LaKarulina\" \/>\n<meta property=\"og:description\" content=\"Dise\u00f1o de identidad corporativa, p\u00e1gina web y plantillas de dise\u00f1o corporativo para Instagram para Girona en Moviment.\" \/>\n<meta property=\"og:url\" content=\"https:\/\/lakarulina.com\/proyectos\/girona-en-moviment\/\" \/>\n<meta property=\"og:site_name\" content=\"LaKarulina\" \/>\n<meta property=\"article:publisher\" content=\"https:\/\/www.facebook.com\/lakarulina\" \/>\n<meta property=\"article:modified_time\" content=\"2026-04-30T16:46:11+00:00\" \/>\n<meta property=\"og:image\" content=\"https:\/\/lakarulina.com\/wp-content\/uploads\/2023\/06\/logos_mockup_2.jpg\" \/>\n\t<meta property=\"og:image:width\" content=\"1080\" \/>\n\t<meta property=\"og:image:height\" content=\"1080\" \/>\n\t<meta property=\"og:image:type\" content=\"image\/jpeg\" \/>\n<meta name=\"twitter:card\" content=\"summary_large_image\" \/>\n<meta name=\"twitter:label1\" content=\"Temps estimat de lectura\" \/>\n\t<meta name=\"twitter:data1\" content=\"4 minuts\" \/>\n<script type=\"application\/ld+json\" class=\"yoast-schema-graph\">{\"@context\":\"https:\\\/\\\/schema.org\",\"@graph\":[{\"@type\":\"WebPage\",\"@id\":\"https:\\\/\\\/lakarulina.com\\\/proyectos\\\/girona-en-moviment\\\/\",\"url\":\"https:\\\/\\\/lakarulina.com\\\/proyectos\\\/girona-en-moviment\\\/\",\"name\":\"Dise\u00f1o identidad y web Girona en Moviment &#8226; LaKarulina\",\"isPartOf\":{\"@id\":\"https:\\\/\\\/lakarulina.com\\\/#website\"},\"primaryImageOfPage\":{\"@id\":\"https:\\\/\\\/lakarulina.com\\\/proyectos\\\/girona-en-moviment\\\/#primaryimage\"},\"image\":{\"@id\":\"https:\\\/\\\/lakarulina.com\\\/proyectos\\\/girona-en-moviment\\\/#primaryimage\"},\"thumbnailUrl\":\"https:\\\/\\\/lakarulina.com\\\/wp-content\\\/uploads\\\/2023\\\/06\\\/logos_mockup_2.jpg\",\"datePublished\":\"2023-05-02T16:31:57+00:00\",\"dateModified\":\"2026-04-30T16:46:11+00:00\",\"description\":\"Dise\u00f1o de identidad corporativa, p\u00e1gina web y plantillas de dise\u00f1o corporativo para Instagram para Girona en Moviment.\",\"breadcrumb\":{\"@id\":\"https:\\\/\\\/lakarulina.com\\\/proyectos\\\/girona-en-moviment\\\/#breadcrumb\"},\"inLanguage\":\"ca\",\"potentialAction\":[{\"@type\":\"ReadAction\",\"target\":[\"https:\\\/\\\/lakarulina.com\\\/proyectos\\\/girona-en-moviment\\\/\"]}]},{\"@type\":\"ImageObject\",\"inLanguage\":\"ca\",\"@id\":\"https:\\\/\\\/lakarulina.com\\\/proyectos\\\/girona-en-moviment\\\/#primaryimage\",\"url\":\"https:\\\/\\\/lakarulina.com\\\/wp-content\\\/uploads\\\/2023\\\/06\\\/logos_mockup_2.jpg\",\"contentUrl\":\"https:\\\/\\\/lakarulina.com\\\/wp-content\\\/uploads\\\/2023\\\/06\\\/logos_mockup_2.jpg\",\"width\":1080,\"height\":1080,\"caption\":\"Girona en Moviment - Dise\u00f1o de identidad corporativa\"},{\"@type\":\"BreadcrumbList\",\"@id\":\"https:\\\/\\\/lakarulina.com\\\/proyectos\\\/girona-en-moviment\\\/#breadcrumb\",\"itemListElement\":[{\"@type\":\"ListItem\",\"position\":1,\"name\":\"Inicio\",\"item\":\"https:\\\/\\\/lakarulina.com\\\/ca\\\/\"},{\"@type\":\"ListItem\",\"position\":2,\"name\":\"Proyectos\",\"item\":\"https:\\\/\\\/lakarulina.com\\\/proyectos\\\/\"},{\"@type\":\"ListItem\",\"position\":3,\"name\":\"Girona en Moviment\"}]},{\"@type\":\"WebSite\",\"@id\":\"https:\\\/\\\/lakarulina.com\\\/#website\",\"url\":\"https:\\\/\\\/lakarulina.com\\\/\",\"name\":\"LaKarulina\",\"description\":\"Estudio de branding y dise\u00f1o web estrat\u00e9gico en Girona\",\"publisher\":{\"@id\":\"https:\\\/\\\/lakarulina.com\\\/#organization\"},\"potentialAction\":[{\"@type\":\"SearchAction\",\"target\":{\"@type\":\"EntryPoint\",\"urlTemplate\":\"https:\\\/\\\/lakarulina.com\\\/?s={search_term_string}\"},\"query-input\":{\"@type\":\"PropertyValueSpecification\",\"valueRequired\":true,\"valueName\":\"search_term_string\"}}],\"inLanguage\":\"ca\"},{\"@type\":\"Organization\",\"@id\":\"https:\\\/\\\/lakarulina.com\\\/#organization\",\"name\":\"LaKarulina\",\"url\":\"https:\\\/\\\/lakarulina.com\\\/\",\"logo\":{\"@type\":\"ImageObject\",\"inLanguage\":\"ca\",\"@id\":\"https:\\\/\\\/lakarulina.com\\\/#\\\/schema\\\/logo\\\/image\\\/\",\"url\":\"https:\\\/\\\/lakarulina.com\\\/wp-content\\\/uploads\\\/2021\\\/09\\\/logo-lakarulina-header-white.png\",\"contentUrl\":\"https:\\\/\\\/lakarulina.com\\\/wp-content\\\/uploads\\\/2021\\\/09\\\/logo-lakarulina-header-white.png\",\"width\":215,\"height\":50,\"caption\":\"LaKarulina\"},\"image\":{\"@id\":\"https:\\\/\\\/lakarulina.com\\\/#\\\/schema\\\/logo\\\/image\\\/\"},\"sameAs\":[\"https:\\\/\\\/www.facebook.com\\\/lakarulina\",\"http:\\\/\\\/instagram.com\\\/lakarulina\",\"https:\\\/\\\/www.pinterest.es\\\/lakarulina\\\/\"]}]}<\/script>\n<!-- \/ Yoast SEO plugin. -->","yoast_head_json":{"title":"Dise\u00f1o identidad y web Girona en Moviment &#8226; LaKarulina","description":"Dise\u00f1o de identidad corporativa, p\u00e1gina web y plantillas de dise\u00f1o corporativo para Instagram para Girona en Moviment.","robots":{"index":"index","follow":"follow","max-snippet":"max-snippet:-1","max-image-preview":"max-image-preview:large","max-video-preview":"max-video-preview:-1"},"canonical":"https:\/\/lakarulina.com\/proyectos\/girona-en-moviment\/","og_locale":"ca_ES","og_type":"article","og_title":"Dise\u00f1o identidad y web Girona en Moviment &#8226; LaKarulina","og_description":"Dise\u00f1o de identidad corporativa, p\u00e1gina web y plantillas de dise\u00f1o corporativo para Instagram para Girona en Moviment.","og_url":"https:\/\/lakarulina.com\/proyectos\/girona-en-moviment\/","og_site_name":"LaKarulina","article_publisher":"https:\/\/www.facebook.com\/lakarulina","article_modified_time":"2026-04-30T16:46:11+00:00","og_image":[{"width":1080,"height":1080,"url":"https:\/\/lakarulina.com\/wp-content\/uploads\/2023\/06\/logos_mockup_2.jpg","type":"image\/jpeg"}],"twitter_card":"summary_large_image","twitter_misc":{"Temps estimat de lectura":"4 minuts"},"schema":{"@context":"https:\/\/schema.org","@graph":[{"@type":"WebPage","@id":"https:\/\/lakarulina.com\/proyectos\/girona-en-moviment\/","url":"https:\/\/lakarulina.com\/proyectos\/girona-en-moviment\/","name":"Dise\u00f1o identidad y web Girona en Moviment &#8226; LaKarulina","isPartOf":{"@id":"https:\/\/lakarulina.com\/#website"},"primaryImageOfPage":{"@id":"https:\/\/lakarulina.com\/proyectos\/girona-en-moviment\/#primaryimage"},"image":{"@id":"https:\/\/lakarulina.com\/proyectos\/girona-en-moviment\/#primaryimage"},"thumbnailUrl":"https:\/\/lakarulina.com\/wp-content\/uploads\/2023\/06\/logos_mockup_2.jpg","datePublished":"2023-05-02T16:31:57+00:00","dateModified":"2026-04-30T16:46:11+00:00","description":"Dise\u00f1o de identidad corporativa, p\u00e1gina web y plantillas de dise\u00f1o corporativo para Instagram para Girona en Moviment.","breadcrumb":{"@id":"https:\/\/lakarulina.com\/proyectos\/girona-en-moviment\/#breadcrumb"},"inLanguage":"ca","potentialAction":[{"@type":"ReadAction","target":["https:\/\/lakarulina.com\/proyectos\/girona-en-moviment\/"]}]},{"@type":"ImageObject","inLanguage":"ca","@id":"https:\/\/lakarulina.com\/proyectos\/girona-en-moviment\/#primaryimage","url":"https:\/\/lakarulina.com\/wp-content\/uploads\/2023\/06\/logos_mockup_2.jpg","contentUrl":"https:\/\/lakarulina.com\/wp-content\/uploads\/2023\/06\/logos_mockup_2.jpg","width":1080,"height":1080,"caption":"Girona en Moviment - Dise\u00f1o de identidad corporativa"},{"@type":"BreadcrumbList","@id":"https:\/\/lakarulina.com\/proyectos\/girona-en-moviment\/#breadcrumb","itemListElement":[{"@type":"ListItem","position":1,"name":"Inicio","item":"https:\/\/lakarulina.com\/ca\/"},{"@type":"ListItem","position":2,"name":"Proyectos","item":"https:\/\/lakarulina.com\/proyectos\/"},{"@type":"ListItem","position":3,"name":"Girona en Moviment"}]},{"@type":"WebSite","@id":"https:\/\/lakarulina.com\/#website","url":"https:\/\/lakarulina.com\/","name":"LaKarulina","description":"Estudio de branding y dise\u00f1o web estrat\u00e9gico en Girona","publisher":{"@id":"https:\/\/lakarulina.com\/#organization"},"potentialAction":[{"@type":"SearchAction","target":{"@type":"EntryPoint","urlTemplate":"https:\/\/lakarulina.com\/?s={search_term_string}"},"query-input":{"@type":"PropertyValueSpecification","valueRequired":true,"valueName":"search_term_string"}}],"inLanguage":"ca"},{"@type":"Organization","@id":"https:\/\/lakarulina.com\/#organization","name":"LaKarulina","url":"https:\/\/lakarulina.com\/","logo":{"@type":"ImageObject","inLanguage":"ca","@id":"https:\/\/lakarulina.com\/#\/schema\/logo\/image\/","url":"https:\/\/lakarulina.com\/wp-content\/uploads\/2021\/09\/logo-lakarulina-header-white.png","contentUrl":"https:\/\/lakarulina.com\/wp-content\/uploads\/2021\/09\/logo-lakarulina-header-white.png","width":215,"height":50,"caption":"LaKarulina"},"image":{"@id":"https:\/\/lakarulina.com\/#\/schema\/logo\/image\/"},"sameAs":["https:\/\/www.facebook.com\/lakarulina","http:\/\/instagram.com\/lakarulina","https:\/\/www.pinterest.es\/lakarulina\/"]}]}},"_links":{"self":[{"href":"https:\/\/lakarulina.com\/ca\/wp-json\/wp\/v2\/proyectos\/10036","targetHints":{"allow":["GET"]}}],"collection":[{"href":"https:\/\/lakarulina.com\/ca\/wp-json\/wp\/v2\/proyectos"}],"about":[{"href":"https:\/\/lakarulina.com\/ca\/wp-json\/wp\/v2\/types\/proyectos"}],"author":[{"embeddable":true,"href":"https:\/\/lakarulina.com\/ca\/wp-json\/wp\/v2\/users\/1"}],"version-history":[{"count":30,"href":"https:\/\/lakarulina.com\/ca\/wp-json\/wp\/v2\/proyectos\/10036\/revisions"}],"predecessor-version":[{"id":13737,"href":"https:\/\/lakarulina.com\/ca\/wp-json\/wp\/v2\/proyectos\/10036\/revisions\/13737"}],"wp:featuredmedia":[{"embeddable":true,"href":"https:\/\/lakarulina.com\/ca\/wp-json\/wp\/v2\/media\/10116"}],"wp:attachment":[{"href":"https:\/\/lakarulina.com\/ca\/wp-json\/wp\/v2\/media?parent=10036"}],"wp:term":[{"taxonomy":"category","embeddable":true,"href":"https:\/\/lakarulina.com\/ca\/wp-json\/wp\/v2\/categories?post=10036"},{"taxonomy":"post_tag","embeddable":true,"href":"https:\/\/lakarulina.com\/ca\/wp-json\/wp\/v2\/tags?post=10036"}],"curies":[{"name":"wp","href":"https:\/\/api.w.org\/{rel}","templated":true}]}}