{"id":4778,"date":"2019-10-11T12:51:44","date_gmt":"2019-10-11T10:51:44","guid":{"rendered":"https:\/\/lakarulina.com\/?post_type=proyectos&#038;p=4778"},"modified":"2023-11-28T20:28:08","modified_gmt":"2023-11-28T18:28:08","slug":"villa-nare","status":"publish","type":"proyectos","link":"https:\/\/lakarulina.com\/ca\/proyectos\/villa-nare\/","title":{"rendered":"Villa Nare"},"content":{"rendered":"\t\t<div data-elementor-type=\"wp-post\" data-elementor-id=\"4778\" class=\"elementor elementor-4778\" data-elementor-post-type=\"proyectos\">\n\t\t\t\t\t\t<section class=\"elementor-section elementor-top-section elementor-element elementor-element-5b209914 elementor-section-full_width elementor-section-stretched elementor-section-height-default elementor-section-height-default\" data-id=\"5b209914\" data-element_type=\"section\" data-e-type=\"section\" data-settings=\"{&quot;background_background&quot;:&quot;classic&quot;,&quot;stretch_section&quot;:&quot;section-stretched&quot;}\">\n\t\t\t\t\t\t<div class=\"elementor-container elementor-column-gap-no\">\n\t\t\t\t\t<div class=\"elementor-column elementor-col-50 elementor-top-column elementor-element elementor-element-24d4f3ae\" data-id=\"24d4f3ae\" data-element_type=\"column\" data-e-type=\"column\" data-settings=\"{&quot;background_background&quot;:&quot;classic&quot;}\">\n\t\t\t<div class=\"elementor-widget-wrap elementor-element-populated\">\n\t\t\t\t\t\t<div class=\"elementor-element elementor-element-5bf50e02 elementor-widget elementor-widget-spacer\" data-id=\"5bf50e02\" data-element_type=\"widget\" data-e-type=\"widget\" data-widget_type=\"spacer.default\">\n\t\t\t\t<div class=\"elementor-widget-container\">\n\t\t\t\t\t\t\t<div class=\"elementor-spacer\">\n\t\t\t<div class=\"elementor-spacer-inner\"><\/div>\n\t\t<\/div>\n\t\t\t\t\t\t<\/div>\n\t\t\t\t<\/div>\n\t\t\t\t\t<\/div>\n\t\t<\/div>\n\t\t\t\t<div class=\"elementor-column elementor-col-50 elementor-top-column elementor-element elementor-element-4cbbd2d9\" data-id=\"4cbbd2d9\" data-element_type=\"column\" data-e-type=\"column\" data-settings=\"{&quot;background_background&quot;:&quot;classic&quot;}\">\n\t\t\t<div class=\"elementor-widget-wrap elementor-element-populated\">\n\t\t\t\t\t\t<div class=\"elementor-element elementor-element-2ac71b2c elementor-align-left elementor-widget elementor-widget-breadcrumbs\" data-id=\"2ac71b2c\" data-element_type=\"widget\" data-e-type=\"widget\" data-widget_type=\"breadcrumbs.default\">\n\t\t\t\t<div class=\"elementor-widget-container\">\n\t\t\t\t\t<p id=\"breadcrumbs\"><span><span><a href=\"https:\/\/lakarulina.com\/ca\/\">Inicio<\/a><\/span><\/span><\/p>\t\t\t\t<\/div>\n\t\t\t\t<\/div>\n\t\t\t\t<div class=\"elementor-element elementor-element-bc1ff2 elementor-widget elementor-widget-heading\" data-id=\"bc1ff2\" data-element_type=\"widget\" data-e-type=\"widget\" data-widget_type=\"heading.default\">\n\t\t\t\t<div class=\"elementor-widget-container\">\n\t\t\t\t\t<h1 class=\"elementor-heading-title elementor-size-default\">Villa Nare<\/h1>\t\t\t\t<\/div>\n\t\t\t\t<\/div>\n\t\t\t\t<div class=\"elementor-element elementor-element-35bee150 elementor-widget elementor-widget-heading\" data-id=\"35bee150\" data-element_type=\"widget\" data-e-type=\"widget\" data-widget_type=\"heading.default\">\n\t\t\t\t<div class=\"elementor-widget-container\">\n\t\t\t\t\t<h6 class=\"elementor-heading-title elementor-size-default\">Turismo<\/h6>\t\t\t\t<\/div>\n\t\t\t\t<\/div>\n\t\t\t\t<div class=\"elementor-element elementor-element-6fdad629 elementor-widget elementor-widget-spacer\" data-id=\"6fdad629\" data-element_type=\"widget\" data-e-type=\"widget\" data-widget_type=\"spacer.default\">\n\t\t\t\t<div class=\"elementor-widget-container\">\n\t\t\t\t\t\t\t<div class=\"elementor-spacer\">\n\t\t\t<div class=\"elementor-spacer-inner\"><\/div>\n\t\t<\/div>\n\t\t\t\t\t\t<\/div>\n\t\t\t\t<\/div>\n\t\t\t\t<div class=\"elementor-element elementor-element-18120617 elementor-widget elementor-widget-heading\" data-id=\"18120617\" data-element_type=\"widget\" data-e-type=\"widget\" data-widget_type=\"heading.default\">\n\t\t\t\t<div class=\"elementor-widget-container\">\n\t\t\t\t\t<h5 class=\"elementor-heading-title elementor-size-default\">Dise\u00f1o de identidad corporativa y p\u00e1gina web<\/h5>\t\t\t\t<\/div>\n\t\t\t\t<\/div>\n\t\t\t\t<div class=\"elementor-element elementor-element-3699b263 elementor-widget elementor-widget-text-editor\" data-id=\"3699b263\" data-element_type=\"widget\" data-e-type=\"widget\" data-widget_type=\"text-editor.default\">\n\t\t\t\t<div class=\"elementor-widget-container\">\n\t\t\t\t\t\t\t\t\t<p>Villa Nare es el proyecto de Eva y Narc\u00eds, creado con mucho amor. Una villa tur\u00edstica situada en Fuerteventura, en la que disfrutar de la naturaleza, aventura, relax y emociones. En toda la identidad visual he querido reflejar c\u00f3mo va a ser la experiencia de los hu\u00e9spedes en Villa Nare. Un ambiente relajado, con muchos detalles y respetuoso con el medio ambiente, y adem\u00e1s una casa con muchos siglos de historia.<\/p>\t\t\t\t\t\t\t\t<\/div>\n\t\t\t\t<\/div>\n\t\t\t\t<div class=\"elementor-element elementor-element-6ed89719 elementor-widget elementor-widget-spacer\" data-id=\"6ed89719\" data-element_type=\"widget\" data-e-type=\"widget\" data-widget_type=\"spacer.default\">\n\t\t\t\t<div class=\"elementor-widget-container\">\n\t\t\t\t\t\t\t<div class=\"elementor-spacer\">\n\t\t\t<div class=\"elementor-spacer-inner\"><\/div>\n\t\t<\/div>\n\t\t\t\t\t\t<\/div>\n\t\t\t\t<\/div>\n\t\t\t\t<div class=\"elementor-element elementor-element-16548b93 elementor-widget elementor-widget-heading\" data-id=\"16548b93\" data-element_type=\"widget\" data-e-type=\"widget\" data-widget_type=\"heading.default\">\n\t\t\t\t<div class=\"elementor-widget-container\">\n\t\t\t\t\t<h6 class=\"elementor-heading-title elementor-size-default\">servicios contratados:<\/h6>\t\t\t\t<\/div>\n\t\t\t\t<\/div>\n\t\t\t\t<div class=\"elementor-element elementor-element-58a23919 elementor-drop-cap-yes single_tags elementor-drop-cap-view-default elementor-widget elementor-widget-text-editor\" data-id=\"58a23919\" data-element_type=\"widget\" data-e-type=\"widget\" data-settings=\"{&quot;drop_cap&quot;:&quot;yes&quot;}\" data-widget_type=\"text-editor.default\">\n\t\t\t\t<div class=\"elementor-widget-container\">\n\t\t\t\t\t\t\t\t\t<a href=\"https:\/\/lakarulina.com\/category\/diseno-web\/\" rel=\"tag\">Dise\u00f1o web<\/a>, <a href=\"https:\/\/lakarulina.com\/category\/identidad-corporativa\/\" rel=\"tag\">Identidad Corporativa<\/a>\t\t\t\t\t\t\t\t<\/div>\n\t\t\t\t<\/div>\n\t\t\t\t\t<\/div>\n\t\t<\/div>\n\t\t\t\t\t<\/div>\n\t\t<\/section>\n\t\t\t\t<section class=\"elementor-section elementor-top-section elementor-element elementor-element-98051a8 elementor-section-boxed elementor-section-height-default elementor-section-height-default\" data-id=\"98051a8\" data-element_type=\"section\" data-e-type=\"section\">\n\t\t\t\t\t\t<div class=\"elementor-container elementor-column-gap-default\">\n\t\t\t\t\t<div class=\"elementor-column elementor-col-100 elementor-top-column elementor-element elementor-element-b695657\" data-id=\"b695657\" data-element_type=\"column\" data-e-type=\"column\">\n\t\t\t<div class=\"elementor-widget-wrap elementor-element-populated\">\n\t\t\t\t\t\t<div class=\"elementor-element elementor-element-9a3acf6 elementor-widget elementor-widget-image\" data-id=\"9a3acf6\" data-element_type=\"widget\" data-e-type=\"widget\" data-widget_type=\"image.default\">\n\t\t\t\t<div class=\"elementor-widget-container\">\n\t\t\t\t\t\t\t\t\t\t\t\t\t\t\t<img fetchpriority=\"high\" decoding=\"async\" width=\"1100\" height=\"728\" src=\"https:\/\/lakarulina.com\/wp-content\/uploads\/2022\/01\/vn-2.jpg\" class=\"attachment-full size-full wp-image-4783\" alt=\"Dise\u00f1o de identidad corporativa Villa Nare Fuerteventura\" srcset=\"https:\/\/lakarulina.com\/wp-content\/uploads\/2022\/01\/vn-2.jpg 1100w, https:\/\/lakarulina.com\/wp-content\/uploads\/2022\/01\/vn-2-300x199.jpg 300w, https:\/\/lakarulina.com\/wp-content\/uploads\/2022\/01\/vn-2-1024x678.jpg 1024w, https:\/\/lakarulina.com\/wp-content\/uploads\/2022\/01\/vn-2-768x508.jpg 768w\" sizes=\"(max-width: 1100px) 100vw, 1100px\" \/>\t\t\t\t\t\t\t\t\t\t\t\t\t\t\t<\/div>\n\t\t\t\t<\/div>\n\t\t\t\t<div class=\"elementor-element elementor-element-4d9df4c elementor-widget elementor-widget-image\" data-id=\"4d9df4c\" data-element_type=\"widget\" data-e-type=\"widget\" data-widget_type=\"image.default\">\n\t\t\t\t<div class=\"elementor-widget-container\">\n\t\t\t\t\t\t\t\t\t\t\t\t\t\t\t<img decoding=\"async\" width=\"1200\" height=\"800\" src=\"https:\/\/lakarulina.com\/wp-content\/uploads\/2022\/01\/villa-nare-mockup-sistema-2.jpg\" class=\"attachment-full size-full wp-image-4782\" alt=\"Dise\u00f1o de identidad corporativa Villa Nare Fuerteventura\" srcset=\"https:\/\/lakarulina.com\/wp-content\/uploads\/2022\/01\/villa-nare-mockup-sistema-2.jpg 1200w, https:\/\/lakarulina.com\/wp-content\/uploads\/2022\/01\/villa-nare-mockup-sistema-2-300x200.jpg 300w, https:\/\/lakarulina.com\/wp-content\/uploads\/2022\/01\/villa-nare-mockup-sistema-2-1024x683.jpg 1024w, https:\/\/lakarulina.com\/wp-content\/uploads\/2022\/01\/villa-nare-mockup-sistema-2-768x512.jpg 768w\" sizes=\"(max-width: 1200px) 100vw, 1200px\" \/>\t\t\t\t\t\t\t\t\t\t\t\t\t\t\t<\/div>\n\t\t\t\t<\/div>\n\t\t\t\t\t<\/div>\n\t\t<\/div>\n\t\t\t\t\t<\/div>\n\t\t<\/section>\n\t\t\t\t<section class=\"elementor-section elementor-top-section elementor-element elementor-element-3087d87 elementor-section-boxed elementor-section-height-default elementor-section-height-default\" data-id=\"3087d87\" data-element_type=\"section\" data-e-type=\"section\">\n\t\t\t\t\t\t<div class=\"elementor-container elementor-column-gap-default\">\n\t\t\t\t\t<div class=\"elementor-column elementor-col-100 elementor-top-column elementor-element elementor-element-7b958cd\" data-id=\"7b958cd\" data-element_type=\"column\" data-e-type=\"column\">\n\t\t\t<div class=\"elementor-widget-wrap elementor-element-populated\">\n\t\t\t\t\t\t<div class=\"elementor-element elementor-element-9c1469a elementor-widget elementor-widget-gallery\" data-id=\"9c1469a\" data-element_type=\"widget\" data-e-type=\"widget\" data-settings=\"{&quot;columns&quot;:2,&quot;gap&quot;:{&quot;unit&quot;:&quot;px&quot;,&quot;size&quot;:36,&quot;sizes&quot;:[]},&quot;gallery_layout&quot;:&quot;masonry&quot;,&quot;columns_tablet&quot;:2,&quot;columns_mobile&quot;:1,&quot;gap_tablet&quot;:{&quot;unit&quot;:&quot;px&quot;,&quot;size&quot;:10,&quot;sizes&quot;:[]},&quot;gap_mobile&quot;:{&quot;unit&quot;:&quot;px&quot;,&quot;size&quot;:10,&quot;sizes&quot;:[]},&quot;content_hover_animation&quot;:&quot;fade-in&quot;}\" data-widget_type=\"gallery.default\">\n\t\t\t\t<div class=\"elementor-widget-container\">\n\t\t\t\t\t\t\t<div class=\"elementor-gallery__container\">\n\t\t\t\t\t\t\t<div class=\"e-gallery-item elementor-gallery-item elementor-animated-content\">\n\t\t\t\t\t<div class=\"e-gallery-image elementor-gallery-item__image\" data-thumbnail=\"https:\/\/lakarulina.com\/wp-content\/uploads\/elementor\/thumbs\/villanare-logo-24-r3cf1jt6iktraxt6188rnspfflxm5946ej5nuzqblc.jpg\" data-width=\"1080\" data-height=\"1080\" aria-label=\"Dise\u00f1o de identidad corporativa Villa Nare Fuerteventura\" role=\"img\" ><\/div>\n\t\t\t\t\t\t\t\t\t\t\t\t\t\t<\/div>\n\t\t\t\t\t\t\t<div class=\"e-gallery-item elementor-gallery-item elementor-animated-content\">\n\t\t\t\t\t<div class=\"e-gallery-image elementor-gallery-item__image\" data-thumbnail=\"https:\/\/lakarulina.com\/wp-content\/uploads\/elementor\/thumbs\/villanare-logo-1-r3cf1hxi4wr6npvwc7fiit6i8u6vpuwpq9uowft3xs.jpg\" data-width=\"1080\" data-height=\"1080\" aria-label=\"Dise\u00f1o de identidad corporativa Villa Nare Fuerteventura\" role=\"img\" ><\/div>\n\t\t\t\t\t\t\t\t\t\t\t\t\t\t<\/div>\n\t\t\t\t\t\t\t<div class=\"e-gallery-item elementor-gallery-item elementor-animated-content\">\n\t\t\t\t\t<div class=\"e-gallery-image elementor-gallery-item__image\" data-thumbnail=\"https:\/\/lakarulina.com\/wp-content\/uploads\/elementor\/thumbs\/villanare-logo-16-r3cf1jt6iktraxt6188rnspfflxm5946ej5nuzqblc.jpg\" data-width=\"1080\" data-height=\"1080\" aria-label=\"Dise\u00f1o de identidad corporativa Villa Nare Fuerteventura\" role=\"img\" ><\/div>\n\t\t\t\t\t\t\t\t\t\t\t\t\t\t<\/div>\n\t\t\t\t\t\t\t<div class=\"e-gallery-item elementor-gallery-item elementor-animated-content\">\n\t\t\t\t\t<div class=\"e-gallery-image elementor-gallery-item__image\" data-thumbnail=\"https:\/\/lakarulina.com\/wp-content\/uploads\/elementor\/thumbs\/villanare-logo-8-r3cf1jt6iktraxt6188rnspfflxm5946ej5nuzqblc.jpg\" data-width=\"1080\" data-height=\"1080\" aria-label=\"Dise\u00f1o de identidad corporativa Villa Nare Fuerteventura\" role=\"img\" ><\/div>\n\t\t\t\t\t\t\t\t\t\t\t\t\t\t<\/div>\n\t\t\t\t\t<\/div>\n\t\t\t\t\t<\/div>\n\t\t\t\t<\/div>\n\t\t\t\t\t<\/div>\n\t\t<\/div>\n\t\t\t\t\t<\/div>\n\t\t<\/section>\n\t\t\t\t<section class=\"elementor-section elementor-top-section elementor-element elementor-element-2970ec4 elementor-section-boxed elementor-section-height-default elementor-section-height-default\" data-id=\"2970ec4\" data-element_type=\"section\" data-e-type=\"section\">\n\t\t\t\t\t\t<div class=\"elementor-container elementor-column-gap-no\">\n\t\t\t\t\t<div class=\"elementor-column elementor-col-100 elementor-top-column elementor-element elementor-element-0684800\" data-id=\"0684800\" data-element_type=\"column\" data-e-type=\"column\">\n\t\t\t<div class=\"elementor-widget-wrap elementor-element-populated\">\n\t\t\t\t\t\t<div class=\"elementor-element elementor-element-ea33918 elementor-widget elementor-widget-image\" data-id=\"ea33918\" data-element_type=\"widget\" data-e-type=\"widget\" data-widget_type=\"image.default\">\n\t\t\t\t<div class=\"elementor-widget-container\">\n\t\t\t\t\t\t\t\t\t\t\t\t\t\t\t<img decoding=\"async\" width=\"1200\" height=\"800\" src=\"https:\/\/lakarulina.com\/wp-content\/uploads\/2022\/01\/villa-nare-mockup-ipad-2.jpg\" class=\"attachment-full size-full wp-image-4781\" alt=\"Dise\u00f1o p\u00e1gina web Villa Nare Fuerteventura\" srcset=\"https:\/\/lakarulina.com\/wp-content\/uploads\/2022\/01\/villa-nare-mockup-ipad-2.jpg 1200w, https:\/\/lakarulina.com\/wp-content\/uploads\/2022\/01\/villa-nare-mockup-ipad-2-300x200.jpg 300w, https:\/\/lakarulina.com\/wp-content\/uploads\/2022\/01\/villa-nare-mockup-ipad-2-1024x683.jpg 1024w, https:\/\/lakarulina.com\/wp-content\/uploads\/2022\/01\/villa-nare-mockup-ipad-2-768x512.jpg 768w\" sizes=\"(max-width: 1200px) 100vw, 1200px\" \/>\t\t\t\t\t\t\t\t\t\t\t\t\t\t\t<\/div>\n\t\t\t\t<\/div>\n\t\t\t\t\t<\/div>\n\t\t<\/div>\n\t\t\t\t\t<\/div>\n\t\t<\/section>\n\t\t\t\t<section class=\"elementor-section elementor-top-section elementor-element elementor-element-a5126ef elementor-section-boxed elementor-section-height-default elementor-section-height-default\" data-id=\"a5126ef\" data-element_type=\"section\" data-e-type=\"section\" data-settings=\"{&quot;background_background&quot;:&quot;classic&quot;}\">\n\t\t\t\t\t\t<div class=\"elementor-container elementor-column-gap-default\">\n\t\t\t\t\t<div class=\"elementor-column elementor-col-100 elementor-top-column elementor-element elementor-element-c054932\" data-id=\"c054932\" data-element_type=\"column\" data-e-type=\"column\">\n\t\t\t<div class=\"elementor-widget-wrap elementor-element-populated\">\n\t\t\t\t\t\t<div class=\"elementor-element elementor-element-29b8e49 elementor-view-default elementor-widget elementor-widget-icon\" data-id=\"29b8e49\" data-element_type=\"widget\" data-e-type=\"widget\" data-widget_type=\"icon.default\">\n\t\t\t\t<div class=\"elementor-widget-container\">\n\t\t\t\t\t\t\t<div class=\"elementor-icon-wrapper\">\n\t\t\t<div class=\"elementor-icon\">\n\t\t\t<i aria-hidden=\"true\" class=\"fas fa-quote-left\"><\/i>\t\t\t<\/div>\n\t\t<\/div>\n\t\t\t\t\t\t<\/div>\n\t\t\t\t<\/div>\n\t\t\t\t<div class=\"elementor-element elementor-element-968602f elementor-testimonial--skin-default elementor-testimonial--layout-image_inline elementor-testimonial--align-center elementor-widget elementor-widget-testimonial-carousel\" data-id=\"968602f\" data-element_type=\"widget\" data-e-type=\"widget\" data-settings=\"{&quot;slides_per_view&quot;:&quot;1&quot;,&quot;speed&quot;:5500,&quot;autoplay_speed&quot;:9000,&quot;space_between&quot;:{&quot;unit&quot;:&quot;px&quot;,&quot;size&quot;:23,&quot;sizes&quot;:[]},&quot;autoplay&quot;:&quot;yes&quot;,&quot;loop&quot;:&quot;yes&quot;,&quot;pause_on_hover&quot;:&quot;yes&quot;,&quot;pause_on_interaction&quot;:&quot;yes&quot;,&quot;space_between_tablet&quot;:{&quot;unit&quot;:&quot;px&quot;,&quot;size&quot;:10,&quot;sizes&quot;:[]},&quot;space_between_mobile&quot;:{&quot;unit&quot;:&quot;px&quot;,&quot;size&quot;:10,&quot;sizes&quot;:[]}}\" data-widget_type=\"testimonial-carousel.default\">\n\t\t\t\t<div class=\"elementor-widget-container\">\n\t\t\t\t\t\t\t\t\t<div class=\"elementor-swiper\">\n\t\t\t\t\t<div class=\"elementor-main-swiper swiper\" role=\"region\" aria-roledescription=\"carousel\" aria-label=\"Slides\">\n\t\t\t\t<div class=\"swiper-wrapper\">\n\t\t\t\t\t\t\t\t\t\t\t<div class=\"swiper-slide\" role=\"group\" aria-roledescription=\"slide\">\n\t\t\t\t\t\t\t\t\t<div class=\"elementor-testimonial\">\n\t\t\t\t\t\t\t<div class=\"elementor-testimonial__content\">\n\t\t\t\t\t<div class=\"elementor-testimonial__text\">\n\t\t\t\t\t\tExperiencia fant\u00e1stica. 100% recomendable. Carol ha sabido recoger a la perfecci\u00f3n la esencia del proyecto desde el primer momento y ha sido super profesional, creativa, comunicativa y puntual con los plazos de entrega. Repetir\u00eda con ella y la recomendar\u00eda sin ninguna duda\t\t\t\t\t<\/div>\n\t\t\t\t\t\t\t\t\t<\/div>\n\t\t\t\t\t\t<div class=\"elementor-testimonial__footer\">\n\t\t\t\t\t\t\t\t<cite class=\"elementor-testimonial__cite\"><span class=\"elementor-testimonial__name\">Eva Ortigas<\/span><span class=\"elementor-testimonial__title\">Propietaria de Villa Nare<\/span><\/cite>\t\t\t<\/div>\n\t\t<\/div>\n\t\t\t\t\t\t\t\t<\/div>\n\t\t\t\t\t\t\t\t\t<\/div>\n\t\t\t\t\t\t\t<\/div>\n\t\t\t\t<\/div>\n\t\t\t\t\t\t\t\t<\/div>\n\t\t\t\t<\/div>\n\t\t\t\t<div class=\"elementor-element elementor-element-f08da49 elementor-view-default elementor-widget elementor-widget-icon\" data-id=\"f08da49\" data-element_type=\"widget\" data-e-type=\"widget\" data-widget_type=\"icon.default\">\n\t\t\t\t<div class=\"elementor-widget-container\">\n\t\t\t\t\t\t\t<div class=\"elementor-icon-wrapper\">\n\t\t\t<div class=\"elementor-icon\">\n\t\t\t<i aria-hidden=\"true\" class=\"fas fa-quote-right\"><\/i>\t\t\t<\/div>\n\t\t<\/div>\n\t\t\t\t\t\t<\/div>\n\t\t\t\t<\/div>\n\t\t\t\t\t<\/div>\n\t\t<\/div>\n\t\t\t\t\t<\/div>\n\t\t<\/section>\n\t\t\t\t<section class=\"elementor-section elementor-top-section elementor-element elementor-element-05fc150 elementor-section-full_width elementor-section-stretched elementor-section-height-default elementor-section-height-default\" data-id=\"05fc150\" data-element_type=\"section\" data-e-type=\"section\" data-settings=\"{&quot;stretch_section&quot;:&quot;section-stretched&quot;}\">\n\t\t\t\t\t\t<div class=\"elementor-container elementor-column-gap-no\">\n\t\t\t\t\t<div class=\"elementor-column elementor-col-100 elementor-top-column elementor-element elementor-element-bf67397\" data-id=\"bf67397\" data-element_type=\"column\" data-e-type=\"column\">\n\t\t\t<div class=\"elementor-widget-wrap elementor-element-populated\">\n\t\t\t\t\t\t<div class=\"elementor-element elementor-element-9b47d84 elementor-widget elementor-widget-image\" data-id=\"9b47d84\" data-element_type=\"widget\" data-e-type=\"widget\" data-widget_type=\"image.default\">\n\t\t\t\t<div class=\"elementor-widget-container\">\n\t\t\t\t\t\t\t\t\t\t\t\t\t\t\t<img loading=\"lazy\" decoding=\"async\" width=\"1095\" height=\"805\" src=\"https:\/\/lakarulina.com\/wp-content\/uploads\/2022\/01\/vn-6.jpg\" class=\"attachment-full size-full wp-image-4802\" alt=\"Dise\u00f1o p\u00e1gina web Villa Nare Fuerteventura\" srcset=\"https:\/\/lakarulina.com\/wp-content\/uploads\/2022\/01\/vn-6.jpg 1095w, https:\/\/lakarulina.com\/wp-content\/uploads\/2022\/01\/vn-6-300x221.jpg 300w, https:\/\/lakarulina.com\/wp-content\/uploads\/2022\/01\/vn-6-1024x753.jpg 1024w, https:\/\/lakarulina.com\/wp-content\/uploads\/2022\/01\/vn-6-768x565.jpg 768w\" sizes=\"(max-width: 1095px) 100vw, 1095px\" \/>\t\t\t\t\t\t\t\t\t\t\t\t\t\t\t<\/div>\n\t\t\t\t<\/div>\n\t\t\t\t\t<\/div>\n\t\t<\/div>\n\t\t\t\t\t<\/div>\n\t\t<\/section>\n\t\t\t\t<section class=\"elementor-section elementor-top-section elementor-element elementor-element-d66a1f3 elementor-section-full_width elementor-section-stretched elementor-section-height-default elementor-section-height-default\" data-id=\"d66a1f3\" data-element_type=\"section\" data-e-type=\"section\" data-settings=\"{&quot;stretch_section&quot;:&quot;section-stretched&quot;}\">\n\t\t\t\t\t\t<div class=\"elementor-container elementor-column-gap-no\">\n\t\t\t\t\t<div class=\"elementor-column elementor-col-100 elementor-top-column elementor-element elementor-element-c247342\" data-id=\"c247342\" data-element_type=\"column\" data-e-type=\"column\">\n\t\t\t<div class=\"elementor-widget-wrap elementor-element-populated\">\n\t\t\t\t\t\t<div class=\"elementor-element elementor-element-45739ca elementor-widget elementor-widget-image\" data-id=\"45739ca\" data-element_type=\"widget\" data-e-type=\"widget\" data-widget_type=\"image.default\">\n\t\t\t\t<div class=\"elementor-widget-container\">\n\t\t\t\t\t\t\t\t\t\t\t\t\t\t\t<img loading=\"lazy\" decoding=\"async\" width=\"1100\" height=\"2285\" src=\"https:\/\/lakarulina.com\/wp-content\/uploads\/2022\/01\/vn-4.jpg\" class=\"attachment-full size-full wp-image-4801\" alt=\"Dise\u00f1o p\u00e1gina web Villa Nare Fuerteventura\" srcset=\"https:\/\/lakarulina.com\/wp-content\/uploads\/2022\/01\/vn-4.jpg 1100w, https:\/\/lakarulina.com\/wp-content\/uploads\/2022\/01\/vn-4-144x300.jpg 144w, https:\/\/lakarulina.com\/wp-content\/uploads\/2022\/01\/vn-4-493x1024.jpg 493w, https:\/\/lakarulina.com\/wp-content\/uploads\/2022\/01\/vn-4-768x1595.jpg 768w, https:\/\/lakarulina.com\/wp-content\/uploads\/2022\/01\/vn-4-739x1536.jpg 739w, https:\/\/lakarulina.com\/wp-content\/uploads\/2022\/01\/vn-4-986x2048.jpg 986w\" sizes=\"(max-width: 1100px) 100vw, 1100px\" \/>\t\t\t\t\t\t\t\t\t\t\t\t\t\t\t<\/div>\n\t\t\t\t<\/div>\n\t\t\t\t\t<\/div>\n\t\t<\/div>\n\t\t\t\t\t<\/div>\n\t\t<\/section>\n\t\t\t\t<section class=\"elementor-section elementor-top-section elementor-element elementor-element-20168ac elementor-section-boxed elementor-section-height-default elementor-section-height-default\" data-id=\"20168ac\" data-element_type=\"section\" data-e-type=\"section\" data-settings=\"{&quot;background_background&quot;:&quot;classic&quot;}\">\n\t\t\t\t\t\t<div class=\"elementor-container elementor-column-gap-default\">\n\t\t\t\t\t<div class=\"elementor-column elementor-col-100 elementor-top-column elementor-element elementor-element-85362f9\" data-id=\"85362f9\" data-element_type=\"column\" data-e-type=\"column\">\n\t\t\t<div class=\"elementor-widget-wrap elementor-element-populated\">\n\t\t\t\t\t\t<div class=\"elementor-element elementor-element-bfaffc3 elementor-align-left elementor-widget elementor-widget-button\" data-id=\"bfaffc3\" data-element_type=\"widget\" data-e-type=\"widget\" data-widget_type=\"button.default\">\n\t\t\t\t<div class=\"elementor-widget-container\">\n\t\t\t\t\t\t\t\t\t<div class=\"elementor-button-wrapper\">\n\t\t\t\t\t<a class=\"elementor-button elementor-button-link elementor-size-sm elementor-animation-bob\" href=\"https:\/\/villanare.com\/\" target=\"_blank\">\n\t\t\t\t\t\t<span class=\"elementor-button-content-wrapper\">\n\t\t\t\t\t\t<span class=\"elementor-button-icon\">\n\t\t\t\t<i aria-hidden=\"true\" class=\"fas fa-long-arrow-alt-right\"><\/i>\t\t\t<\/span>\n\t\t\t\t\t\t\t\t\t<span class=\"elementor-button-text\">visitar web<\/span>\n\t\t\t\t\t<\/span>\n\t\t\t\t\t<\/a>\n\t\t\t\t<\/div>\n\t\t\t\t\t\t\t\t<\/div>\n\t\t\t\t<\/div>\n\t\t\t\t\t<\/div>\n\t\t<\/div>\n\t\t\t\t\t<\/div>\n\t\t<\/section>\n\t\t\t\t<\/div>\n\t\t","protected":false},"excerpt":{"rendered":"<p>Dise\u00f1o de identidad y web para Villa Nare, villa tur\u00edstica en Fuerteventura, donde disfrutar de la naturaleza, aventura, relax y emociones.<\/p>\n","protected":false},"author":1,"featured_media":4791,"template":"","meta":{"_acf_changed":false},"categories":[1,12],"tags":[16,114,22,120,121,117,118,119,103,94],"class_list":["post-4778","proyectos","type-proyectos","status-publish","has-post-thumbnail","hentry","category-diseno-web","category-identidad-corporativa","tag-diseno-de-logotipo","tag-diseno-identidad-corporativa","tag-diseno-web","tag-fuerteventura","tag-islas-canarias","tag-turismo","tag-vacaciones","tag-villa-nare","tag-web-responsive","tag-wordpress"],"acf":[],"yoast_head":"<!-- This site is optimized with the Yoast SEO plugin v27.5 - https:\/\/yoast.com\/product\/yoast-seo-wordpress\/ -->\n<title>Dise\u00f1o de identidad y web de Villa Nare, Fuerteventura &#8226; LaKarulina<\/title>\n<meta name=\"description\" content=\"Dise\u00f1o de identidad y web para Villa Nare, villa tur\u00edstica en Fuerteventura, donde disfrutar de la naturaleza, aventura, relax y emociones.\" \/>\n<meta name=\"robots\" content=\"index, follow, max-snippet:-1, max-image-preview:large, max-video-preview:-1\" \/>\n<link rel=\"canonical\" href=\"https:\/\/lakarulina.com\/proyectos\/villa-nare\/\" \/>\n<meta property=\"og:locale\" content=\"ca_ES\" \/>\n<meta property=\"og:type\" content=\"article\" \/>\n<meta property=\"og:title\" content=\"Dise\u00f1o de identidad y web de Villa Nare, Fuerteventura &#8226; LaKarulina\" \/>\n<meta property=\"og:description\" content=\"Dise\u00f1o de identidad y web para Villa Nare, villa tur\u00edstica en Fuerteventura, donde disfrutar de la naturaleza, aventura, relax y emociones.\" \/>\n<meta property=\"og:url\" content=\"https:\/\/lakarulina.com\/proyectos\/villa-nare\/\" \/>\n<meta property=\"og:site_name\" content=\"LaKarulina\" \/>\n<meta property=\"article:publisher\" content=\"https:\/\/www.facebook.com\/lakarulina\" \/>\n<meta property=\"article:modified_time\" content=\"2023-11-28T18:28:08+00:00\" \/>\n<meta property=\"og:image\" content=\"https:\/\/lakarulina.com\/wp-content\/uploads\/2022\/01\/vn-1.jpg\" \/>\n\t<meta property=\"og:image:width\" content=\"1100\" \/>\n\t<meta property=\"og:image:height\" content=\"813\" \/>\n\t<meta property=\"og:image:type\" content=\"image\/jpeg\" \/>\n<meta name=\"twitter:card\" content=\"summary_large_image\" \/>\n<meta name=\"twitter:label1\" content=\"Temps estimat de lectura\" \/>\n\t<meta name=\"twitter:data1\" content=\"2 minuts\" \/>\n<script type=\"application\/ld+json\" class=\"yoast-schema-graph\">{\"@context\":\"https:\\\/\\\/schema.org\",\"@graph\":[{\"@type\":\"WebPage\",\"@id\":\"https:\\\/\\\/lakarulina.com\\\/proyectos\\\/villa-nare\\\/\",\"url\":\"https:\\\/\\\/lakarulina.com\\\/proyectos\\\/villa-nare\\\/\",\"name\":\"Dise\u00f1o de identidad y web de Villa Nare, Fuerteventura &#8226; LaKarulina\",\"isPartOf\":{\"@id\":\"https:\\\/\\\/lakarulina.com\\\/#website\"},\"primaryImageOfPage\":{\"@id\":\"https:\\\/\\\/lakarulina.com\\\/proyectos\\\/villa-nare\\\/#primaryimage\"},\"image\":{\"@id\":\"https:\\\/\\\/lakarulina.com\\\/proyectos\\\/villa-nare\\\/#primaryimage\"},\"thumbnailUrl\":\"https:\\\/\\\/lakarulina.com\\\/wp-content\\\/uploads\\\/2022\\\/01\\\/vn-1.jpg\",\"datePublished\":\"2019-10-11T10:51:44+00:00\",\"dateModified\":\"2023-11-28T18:28:08+00:00\",\"description\":\"Dise\u00f1o de identidad y web para Villa Nare, villa tur\u00edstica en Fuerteventura, donde disfrutar de la naturaleza, aventura, relax y emociones.\",\"breadcrumb\":{\"@id\":\"https:\\\/\\\/lakarulina.com\\\/proyectos\\\/villa-nare\\\/#breadcrumb\"},\"inLanguage\":\"ca\",\"potentialAction\":[{\"@type\":\"ReadAction\",\"target\":[\"https:\\\/\\\/lakarulina.com\\\/proyectos\\\/villa-nare\\\/\"]}]},{\"@type\":\"ImageObject\",\"inLanguage\":\"ca\",\"@id\":\"https:\\\/\\\/lakarulina.com\\\/proyectos\\\/villa-nare\\\/#primaryimage\",\"url\":\"https:\\\/\\\/lakarulina.com\\\/wp-content\\\/uploads\\\/2022\\\/01\\\/vn-1.jpg\",\"contentUrl\":\"https:\\\/\\\/lakarulina.com\\\/wp-content\\\/uploads\\\/2022\\\/01\\\/vn-1.jpg\",\"width\":1100,\"height\":813,\"caption\":\"Dise\u00f1o de identidad corporativa Villa Nare Fuerteventura\"},{\"@type\":\"BreadcrumbList\",\"@id\":\"https:\\\/\\\/lakarulina.com\\\/proyectos\\\/villa-nare\\\/#breadcrumb\",\"itemListElement\":[{\"@type\":\"ListItem\",\"position\":1,\"name\":\"Inicio\",\"item\":\"https:\\\/\\\/lakarulina.com\\\/ca\\\/\"},{\"@type\":\"ListItem\",\"position\":2,\"name\":\"Proyectos\",\"item\":\"https:\\\/\\\/lakarulina.com\\\/proyectos\\\/\"},{\"@type\":\"ListItem\",\"position\":3,\"name\":\"Villa Nare\"}]},{\"@type\":\"WebSite\",\"@id\":\"https:\\\/\\\/lakarulina.com\\\/#website\",\"url\":\"https:\\\/\\\/lakarulina.com\\\/\",\"name\":\"LaKarulina\",\"description\":\"Estudio de branding y dise\u00f1o web estrat\u00e9gico en Girona\",\"publisher\":{\"@id\":\"https:\\\/\\\/lakarulina.com\\\/#organization\"},\"potentialAction\":[{\"@type\":\"SearchAction\",\"target\":{\"@type\":\"EntryPoint\",\"urlTemplate\":\"https:\\\/\\\/lakarulina.com\\\/?s={search_term_string}\"},\"query-input\":{\"@type\":\"PropertyValueSpecification\",\"valueRequired\":true,\"valueName\":\"search_term_string\"}}],\"inLanguage\":\"ca\"},{\"@type\":\"Organization\",\"@id\":\"https:\\\/\\\/lakarulina.com\\\/#organization\",\"name\":\"LaKarulina\",\"url\":\"https:\\\/\\\/lakarulina.com\\\/\",\"logo\":{\"@type\":\"ImageObject\",\"inLanguage\":\"ca\",\"@id\":\"https:\\\/\\\/lakarulina.com\\\/#\\\/schema\\\/logo\\\/image\\\/\",\"url\":\"https:\\\/\\\/lakarulina.com\\\/wp-content\\\/uploads\\\/2021\\\/09\\\/logo-lakarulina-header-white.png\",\"contentUrl\":\"https:\\\/\\\/lakarulina.com\\\/wp-content\\\/uploads\\\/2021\\\/09\\\/logo-lakarulina-header-white.png\",\"width\":215,\"height\":50,\"caption\":\"LaKarulina\"},\"image\":{\"@id\":\"https:\\\/\\\/lakarulina.com\\\/#\\\/schema\\\/logo\\\/image\\\/\"},\"sameAs\":[\"https:\\\/\\\/www.facebook.com\\\/lakarulina\",\"http:\\\/\\\/instagram.com\\\/lakarulina\",\"https:\\\/\\\/www.pinterest.es\\\/lakarulina\\\/\"]}]}<\/script>\n<!-- \/ Yoast SEO plugin. -->","yoast_head_json":{"title":"Dise\u00f1o de identidad y web de Villa Nare, Fuerteventura &#8226; LaKarulina","description":"Dise\u00f1o de identidad y web para Villa Nare, villa tur\u00edstica en Fuerteventura, donde disfrutar de la naturaleza, aventura, relax y emociones.","robots":{"index":"index","follow":"follow","max-snippet":"max-snippet:-1","max-image-preview":"max-image-preview:large","max-video-preview":"max-video-preview:-1"},"canonical":"https:\/\/lakarulina.com\/proyectos\/villa-nare\/","og_locale":"ca_ES","og_type":"article","og_title":"Dise\u00f1o de identidad y web de Villa Nare, Fuerteventura &#8226; LaKarulina","og_description":"Dise\u00f1o de identidad y web para Villa Nare, villa tur\u00edstica en Fuerteventura, donde disfrutar de la naturaleza, aventura, relax y emociones.","og_url":"https:\/\/lakarulina.com\/proyectos\/villa-nare\/","og_site_name":"LaKarulina","article_publisher":"https:\/\/www.facebook.com\/lakarulina","article_modified_time":"2023-11-28T18:28:08+00:00","og_image":[{"width":1100,"height":813,"url":"https:\/\/lakarulina.com\/wp-content\/uploads\/2022\/01\/vn-1.jpg","type":"image\/jpeg"}],"twitter_card":"summary_large_image","twitter_misc":{"Temps estimat de lectura":"2 minuts"},"schema":{"@context":"https:\/\/schema.org","@graph":[{"@type":"WebPage","@id":"https:\/\/lakarulina.com\/proyectos\/villa-nare\/","url":"https:\/\/lakarulina.com\/proyectos\/villa-nare\/","name":"Dise\u00f1o de identidad y web de Villa Nare, Fuerteventura &#8226; LaKarulina","isPartOf":{"@id":"https:\/\/lakarulina.com\/#website"},"primaryImageOfPage":{"@id":"https:\/\/lakarulina.com\/proyectos\/villa-nare\/#primaryimage"},"image":{"@id":"https:\/\/lakarulina.com\/proyectos\/villa-nare\/#primaryimage"},"thumbnailUrl":"https:\/\/lakarulina.com\/wp-content\/uploads\/2022\/01\/vn-1.jpg","datePublished":"2019-10-11T10:51:44+00:00","dateModified":"2023-11-28T18:28:08+00:00","description":"Dise\u00f1o de identidad y web para Villa Nare, villa tur\u00edstica en Fuerteventura, donde disfrutar de la naturaleza, aventura, relax y emociones.","breadcrumb":{"@id":"https:\/\/lakarulina.com\/proyectos\/villa-nare\/#breadcrumb"},"inLanguage":"ca","potentialAction":[{"@type":"ReadAction","target":["https:\/\/lakarulina.com\/proyectos\/villa-nare\/"]}]},{"@type":"ImageObject","inLanguage":"ca","@id":"https:\/\/lakarulina.com\/proyectos\/villa-nare\/#primaryimage","url":"https:\/\/lakarulina.com\/wp-content\/uploads\/2022\/01\/vn-1.jpg","contentUrl":"https:\/\/lakarulina.com\/wp-content\/uploads\/2022\/01\/vn-1.jpg","width":1100,"height":813,"caption":"Dise\u00f1o de identidad corporativa Villa Nare Fuerteventura"},{"@type":"BreadcrumbList","@id":"https:\/\/lakarulina.com\/proyectos\/villa-nare\/#breadcrumb","itemListElement":[{"@type":"ListItem","position":1,"name":"Inicio","item":"https:\/\/lakarulina.com\/ca\/"},{"@type":"ListItem","position":2,"name":"Proyectos","item":"https:\/\/lakarulina.com\/proyectos\/"},{"@type":"ListItem","position":3,"name":"Villa Nare"}]},{"@type":"WebSite","@id":"https:\/\/lakarulina.com\/#website","url":"https:\/\/lakarulina.com\/","name":"LaKarulina","description":"Estudio de branding y dise\u00f1o web estrat\u00e9gico en Girona","publisher":{"@id":"https:\/\/lakarulina.com\/#organization"},"potentialAction":[{"@type":"SearchAction","target":{"@type":"EntryPoint","urlTemplate":"https:\/\/lakarulina.com\/?s={search_term_string}"},"query-input":{"@type":"PropertyValueSpecification","valueRequired":true,"valueName":"search_term_string"}}],"inLanguage":"ca"},{"@type":"Organization","@id":"https:\/\/lakarulina.com\/#organization","name":"LaKarulina","url":"https:\/\/lakarulina.com\/","logo":{"@type":"ImageObject","inLanguage":"ca","@id":"https:\/\/lakarulina.com\/#\/schema\/logo\/image\/","url":"https:\/\/lakarulina.com\/wp-content\/uploads\/2021\/09\/logo-lakarulina-header-white.png","contentUrl":"https:\/\/lakarulina.com\/wp-content\/uploads\/2021\/09\/logo-lakarulina-header-white.png","width":215,"height":50,"caption":"LaKarulina"},"image":{"@id":"https:\/\/lakarulina.com\/#\/schema\/logo\/image\/"},"sameAs":["https:\/\/www.facebook.com\/lakarulina","http:\/\/instagram.com\/lakarulina","https:\/\/www.pinterest.es\/lakarulina\/"]}]}},"_links":{"self":[{"href":"https:\/\/lakarulina.com\/ca\/wp-json\/wp\/v2\/proyectos\/4778","targetHints":{"allow":["GET"]}}],"collection":[{"href":"https:\/\/lakarulina.com\/ca\/wp-json\/wp\/v2\/proyectos"}],"about":[{"href":"https:\/\/lakarulina.com\/ca\/wp-json\/wp\/v2\/types\/proyectos"}],"author":[{"embeddable":true,"href":"https:\/\/lakarulina.com\/ca\/wp-json\/wp\/v2\/users\/1"}],"version-history":[{"count":0,"href":"https:\/\/lakarulina.com\/ca\/wp-json\/wp\/v2\/proyectos\/4778\/revisions"}],"wp:featuredmedia":[{"embeddable":true,"href":"https:\/\/lakarulina.com\/ca\/wp-json\/wp\/v2\/media\/4791"}],"wp:attachment":[{"href":"https:\/\/lakarulina.com\/ca\/wp-json\/wp\/v2\/media?parent=4778"}],"wp:term":[{"taxonomy":"category","embeddable":true,"href":"https:\/\/lakarulina.com\/ca\/wp-json\/wp\/v2\/categories?post=4778"},{"taxonomy":"post_tag","embeddable":true,"href":"https:\/\/lakarulina.com\/ca\/wp-json\/wp\/v2\/tags?post=4778"}],"curies":[{"name":"wp","href":"https:\/\/api.w.org\/{rel}","templated":true}]}}