{"id":4891,"date":"2019-03-13T14:05:44","date_gmt":"2019-03-13T12:05:44","guid":{"rendered":"https:\/\/lakarulina.com\/?post_type=proyectos&#038;p=4891"},"modified":"2023-11-28T20:24:46","modified_gmt":"2023-11-28T18:24:46","slug":"professionals-de-sala","status":"publish","type":"proyectos","link":"https:\/\/lakarulina.com\/ca\/proyectos\/professionals-de-sala\/","title":{"rendered":"Professionals de Sala"},"content":{"rendered":"\t\t<div data-elementor-type=\"wp-post\" data-elementor-id=\"4891\" class=\"elementor elementor-4891\" data-elementor-post-type=\"proyectos\">\n\t\t\t\t\t\t<section class=\"elementor-section elementor-top-section elementor-element elementor-element-5b209914 elementor-section-full_width elementor-section-stretched elementor-section-height-default elementor-section-height-default\" data-id=\"5b209914\" data-element_type=\"section\" data-e-type=\"section\" data-settings=\"{&quot;background_background&quot;:&quot;classic&quot;,&quot;stretch_section&quot;:&quot;section-stretched&quot;}\">\n\t\t\t\t\t\t<div class=\"elementor-container elementor-column-gap-no\">\n\t\t\t\t\t<div class=\"elementor-column elementor-col-50 elementor-top-column elementor-element elementor-element-24d4f3ae\" data-id=\"24d4f3ae\" data-element_type=\"column\" data-e-type=\"column\" data-settings=\"{&quot;background_background&quot;:&quot;classic&quot;}\">\n\t\t\t<div class=\"elementor-widget-wrap elementor-element-populated\">\n\t\t\t\t\t\t<div class=\"elementor-element elementor-element-5bf50e02 elementor-widget elementor-widget-spacer\" data-id=\"5bf50e02\" data-element_type=\"widget\" data-e-type=\"widget\" data-widget_type=\"spacer.default\">\n\t\t\t\t<div class=\"elementor-widget-container\">\n\t\t\t\t\t\t\t<div class=\"elementor-spacer\">\n\t\t\t<div class=\"elementor-spacer-inner\"><\/div>\n\t\t<\/div>\n\t\t\t\t\t\t<\/div>\n\t\t\t\t<\/div>\n\t\t\t\t\t<\/div>\n\t\t<\/div>\n\t\t\t\t<div class=\"elementor-column elementor-col-50 elementor-top-column elementor-element elementor-element-4cbbd2d9\" data-id=\"4cbbd2d9\" data-element_type=\"column\" data-e-type=\"column\" data-settings=\"{&quot;background_background&quot;:&quot;classic&quot;}\">\n\t\t\t<div class=\"elementor-widget-wrap elementor-element-populated\">\n\t\t\t\t\t\t<div class=\"elementor-element elementor-element-2ac71b2c elementor-align-left elementor-widget elementor-widget-breadcrumbs\" data-id=\"2ac71b2c\" data-element_type=\"widget\" data-e-type=\"widget\" data-widget_type=\"breadcrumbs.default\">\n\t\t\t\t<div class=\"elementor-widget-container\">\n\t\t\t\t\t<p id=\"breadcrumbs\"><span><span><a href=\"https:\/\/lakarulina.com\/ca\/\">Inicio<\/a><\/span><\/span><\/p>\t\t\t\t<\/div>\n\t\t\t\t<\/div>\n\t\t\t\t<div class=\"elementor-element elementor-element-bc1ff2 elementor-widget elementor-widget-heading\" data-id=\"bc1ff2\" data-element_type=\"widget\" data-e-type=\"widget\" data-widget_type=\"heading.default\">\n\t\t\t\t<div class=\"elementor-widget-container\">\n\t\t\t\t\t<h1 class=\"elementor-heading-title elementor-size-default\">Professionals de Sala<\/h1>\t\t\t\t<\/div>\n\t\t\t\t<\/div>\n\t\t\t\t<div class=\"elementor-element elementor-element-35bee150 elementor-widget elementor-widget-heading\" data-id=\"35bee150\" data-element_type=\"widget\" data-e-type=\"widget\" data-widget_type=\"heading.default\">\n\t\t\t\t<div class=\"elementor-widget-container\">\n\t\t\t\t\t<h6 class=\"elementor-heading-title elementor-size-default\">Hostaler\u00eda y restauraci\u00f3n<\/h6>\t\t\t\t<\/div>\n\t\t\t\t<\/div>\n\t\t\t\t<div class=\"elementor-element elementor-element-6fdad629 elementor-widget elementor-widget-spacer\" data-id=\"6fdad629\" data-element_type=\"widget\" data-e-type=\"widget\" data-widget_type=\"spacer.default\">\n\t\t\t\t<div class=\"elementor-widget-container\">\n\t\t\t\t\t\t\t<div class=\"elementor-spacer\">\n\t\t\t<div class=\"elementor-spacer-inner\"><\/div>\n\t\t<\/div>\n\t\t\t\t\t\t<\/div>\n\t\t\t\t<\/div>\n\t\t\t\t<div class=\"elementor-element elementor-element-18120617 elementor-widget elementor-widget-heading\" data-id=\"18120617\" data-element_type=\"widget\" data-e-type=\"widget\" data-widget_type=\"heading.default\">\n\t\t\t\t<div class=\"elementor-widget-container\">\n\t\t\t\t\t<h5 class=\"elementor-heading-title elementor-size-default\">Dise\u00f1o de identidad corporativa y elementos colaterales: tarjetas, rollups, sello...<\/h5>\t\t\t\t<\/div>\n\t\t\t\t<\/div>\n\t\t\t\t<div class=\"elementor-element elementor-element-3699b263 elementor-widget elementor-widget-text-editor\" data-id=\"3699b263\" data-element_type=\"widget\" data-e-type=\"widget\" data-widget_type=\"text-editor.default\">\n\t\t\t\t<div class=\"elementor-widget-container\">\n\t\t\t\t\t\t\t\t\t<p>La Associaci\u00f3 Professionals de Sala de Girona nace con el objetivo de agrupar a los profesionales del sector a la vez que se promociona y defiende la profesi\u00f3n de sala. El dise\u00f1o del logotipo de Professionals de Sala transmite este esp\u00edritu de reuni\u00f3n, con un tono cl\u00e1sico y moderno a la vez. La paleta de colores elegida, que combina diferentes tonos tierra con el negro como color principal, hace que el logotipo se posicione en un entorno de calidad y excelencia. Las tipograf\u00edas combinan estilos serif con sans serif para fusionar el concepto de tradici\u00f3n y modernidad.<\/p>\t\t\t\t\t\t\t\t<\/div>\n\t\t\t\t<\/div>\n\t\t\t\t<div class=\"elementor-element elementor-element-6ed89719 elementor-widget elementor-widget-spacer\" data-id=\"6ed89719\" data-element_type=\"widget\" data-e-type=\"widget\" data-widget_type=\"spacer.default\">\n\t\t\t\t<div class=\"elementor-widget-container\">\n\t\t\t\t\t\t\t<div class=\"elementor-spacer\">\n\t\t\t<div class=\"elementor-spacer-inner\"><\/div>\n\t\t<\/div>\n\t\t\t\t\t\t<\/div>\n\t\t\t\t<\/div>\n\t\t\t\t<div class=\"elementor-element elementor-element-16548b93 elementor-widget elementor-widget-heading\" data-id=\"16548b93\" data-element_type=\"widget\" data-e-type=\"widget\" data-widget_type=\"heading.default\">\n\t\t\t\t<div class=\"elementor-widget-container\">\n\t\t\t\t\t<h6 class=\"elementor-heading-title elementor-size-default\">servicios contratados:<\/h6>\t\t\t\t<\/div>\n\t\t\t\t<\/div>\n\t\t\t\t<div class=\"elementor-element elementor-element-58a23919 elementor-drop-cap-yes single_tags elementor-drop-cap-view-default elementor-widget elementor-widget-text-editor\" data-id=\"58a23919\" data-element_type=\"widget\" data-e-type=\"widget\" data-settings=\"{&quot;drop_cap&quot;:&quot;yes&quot;}\" data-widget_type=\"text-editor.default\">\n\t\t\t\t<div class=\"elementor-widget-container\">\n\t\t\t\t\t\t\t\t\t<a href=\"https:\/\/lakarulina.com\/category\/diseno-grafico\/\" rel=\"tag\">Dise\u00f1o gr\u00e1fico<\/a>, <a href=\"https:\/\/lakarulina.com\/category\/identidad-corporativa\/\" rel=\"tag\">Identidad Corporativa<\/a>\t\t\t\t\t\t\t\t<\/div>\n\t\t\t\t<\/div>\n\t\t\t\t\t<\/div>\n\t\t<\/div>\n\t\t\t\t\t<\/div>\n\t\t<\/section>\n\t\t\t\t<section class=\"elementor-section elementor-top-section elementor-element elementor-element-fdd2e92 elementor-section-boxed elementor-section-height-default elementor-section-height-default\" data-id=\"fdd2e92\" data-element_type=\"section\" data-e-type=\"section\">\n\t\t\t\t\t\t<div class=\"elementor-container elementor-column-gap-no\">\n\t\t\t\t\t<div class=\"elementor-column elementor-col-100 elementor-top-column elementor-element elementor-element-167c870\" data-id=\"167c870\" data-element_type=\"column\" data-e-type=\"column\">\n\t\t\t<div class=\"elementor-widget-wrap elementor-element-populated\">\n\t\t\t\t\t\t<div class=\"elementor-element elementor-element-d18aa88 elementor-widget elementor-widget-image\" data-id=\"d18aa88\" data-element_type=\"widget\" data-e-type=\"widget\" data-widget_type=\"image.default\">\n\t\t\t\t<div class=\"elementor-widget-container\">\n\t\t\t\t\t\t\t\t\t\t\t\t\t\t\t<img fetchpriority=\"high\" decoding=\"async\" width=\"1200\" height=\"916\" src=\"https:\/\/lakarulina.com\/wp-content\/uploads\/2022\/01\/pds-1.jpg\" class=\"attachment-full size-full wp-image-4901\" alt=\"Dise\u00f1o identidad corporativa Professionals de Sala Girona\" srcset=\"https:\/\/lakarulina.com\/wp-content\/uploads\/2022\/01\/pds-1.jpg 1200w, https:\/\/lakarulina.com\/wp-content\/uploads\/2022\/01\/pds-1-300x229.jpg 300w, https:\/\/lakarulina.com\/wp-content\/uploads\/2022\/01\/pds-1-1024x782.jpg 1024w, https:\/\/lakarulina.com\/wp-content\/uploads\/2022\/01\/pds-1-768x586.jpg 768w\" sizes=\"(max-width: 1200px) 100vw, 1200px\" \/>\t\t\t\t\t\t\t\t\t\t\t\t\t\t\t<\/div>\n\t\t\t\t<\/div>\n\t\t\t\t<div class=\"elementor-element elementor-element-1412642 elementor-widget elementor-widget-image\" data-id=\"1412642\" data-element_type=\"widget\" data-e-type=\"widget\" data-widget_type=\"image.default\">\n\t\t\t\t<div class=\"elementor-widget-container\">\n\t\t\t\t\t\t\t\t\t\t\t\t\t\t\t<img decoding=\"async\" width=\"1200\" height=\"1161\" src=\"https:\/\/lakarulina.com\/wp-content\/uploads\/2022\/01\/pds-2.jpg\" class=\"attachment-full size-full wp-image-4900\" alt=\"Dise\u00f1o identidad corporativa Professionals de Sala Girona\" srcset=\"https:\/\/lakarulina.com\/wp-content\/uploads\/2022\/01\/pds-2.jpg 1200w, https:\/\/lakarulina.com\/wp-content\/uploads\/2022\/01\/pds-2-300x290.jpg 300w, https:\/\/lakarulina.com\/wp-content\/uploads\/2022\/01\/pds-2-1024x991.jpg 1024w, https:\/\/lakarulina.com\/wp-content\/uploads\/2022\/01\/pds-2-768x743.jpg 768w\" sizes=\"(max-width: 1200px) 100vw, 1200px\" \/>\t\t\t\t\t\t\t\t\t\t\t\t\t\t\t<\/div>\n\t\t\t\t<\/div>\n\t\t\t\t<div class=\"elementor-element elementor-element-fe144be elementor-widget elementor-widget-image\" data-id=\"fe144be\" data-element_type=\"widget\" data-e-type=\"widget\" data-widget_type=\"image.default\">\n\t\t\t\t<div class=\"elementor-widget-container\">\n\t\t\t\t\t\t\t\t\t\t\t\t\t\t\t<img decoding=\"async\" width=\"1200\" height=\"867\" src=\"https:\/\/lakarulina.com\/wp-content\/uploads\/2022\/01\/pds-3.jpg\" class=\"attachment-full size-full wp-image-4899\" alt=\"Dise\u00f1o identidad corporativa Professionals de Sala Girona\" srcset=\"https:\/\/lakarulina.com\/wp-content\/uploads\/2022\/01\/pds-3.jpg 1200w, https:\/\/lakarulina.com\/wp-content\/uploads\/2022\/01\/pds-3-300x217.jpg 300w, https:\/\/lakarulina.com\/wp-content\/uploads\/2022\/01\/pds-3-1024x740.jpg 1024w, https:\/\/lakarulina.com\/wp-content\/uploads\/2022\/01\/pds-3-768x555.jpg 768w\" sizes=\"(max-width: 1200px) 100vw, 1200px\" \/>\t\t\t\t\t\t\t\t\t\t\t\t\t\t\t<\/div>\n\t\t\t\t<\/div>\n\t\t\t\t<div class=\"elementor-element elementor-element-9e7a07b elementor-widget elementor-widget-image\" data-id=\"9e7a07b\" data-element_type=\"widget\" data-e-type=\"widget\" data-widget_type=\"image.default\">\n\t\t\t\t<div class=\"elementor-widget-container\">\n\t\t\t\t\t\t\t\t\t\t\t\t\t\t\t<img loading=\"lazy\" decoding=\"async\" width=\"1200\" height=\"1331\" src=\"https:\/\/lakarulina.com\/wp-content\/uploads\/2022\/01\/pds-4.jpg\" class=\"attachment-full size-full wp-image-4898\" alt=\"Dise\u00f1o identidad corporativa Professionals de Sala Girona\" srcset=\"https:\/\/lakarulina.com\/wp-content\/uploads\/2022\/01\/pds-4.jpg 1200w, https:\/\/lakarulina.com\/wp-content\/uploads\/2022\/01\/pds-4-270x300.jpg 270w, https:\/\/lakarulina.com\/wp-content\/uploads\/2022\/01\/pds-4-923x1024.jpg 923w, https:\/\/lakarulina.com\/wp-content\/uploads\/2022\/01\/pds-4-768x852.jpg 768w\" sizes=\"(max-width: 1200px) 100vw, 1200px\" \/>\t\t\t\t\t\t\t\t\t\t\t\t\t\t\t<\/div>\n\t\t\t\t<\/div>\n\t\t\t\t<div class=\"elementor-element elementor-element-fb0c280 elementor-widget elementor-widget-image\" data-id=\"fb0c280\" data-element_type=\"widget\" data-e-type=\"widget\" data-widget_type=\"image.default\">\n\t\t\t\t<div class=\"elementor-widget-container\">\n\t\t\t\t\t\t\t\t\t\t\t\t\t\t\t<img loading=\"lazy\" decoding=\"async\" width=\"1200\" height=\"1541\" src=\"https:\/\/lakarulina.com\/wp-content\/uploads\/2022\/01\/pds-5.jpg\" class=\"attachment-full size-full wp-image-4897\" alt=\"Dise\u00f1o identidad corporativa Professionals de Sala Girona\" srcset=\"https:\/\/lakarulina.com\/wp-content\/uploads\/2022\/01\/pds-5.jpg 1200w, https:\/\/lakarulina.com\/wp-content\/uploads\/2022\/01\/pds-5-234x300.jpg 234w, https:\/\/lakarulina.com\/wp-content\/uploads\/2022\/01\/pds-5-797x1024.jpg 797w, https:\/\/lakarulina.com\/wp-content\/uploads\/2022\/01\/pds-5-768x986.jpg 768w, https:\/\/lakarulina.com\/wp-content\/uploads\/2022\/01\/pds-5-1196x1536.jpg 1196w\" sizes=\"(max-width: 1200px) 100vw, 1200px\" \/>\t\t\t\t\t\t\t\t\t\t\t\t\t\t\t<\/div>\n\t\t\t\t<\/div>\n\t\t\t\t<div class=\"elementor-element elementor-element-03484c9 elementor-widget elementor-widget-image\" data-id=\"03484c9\" data-element_type=\"widget\" data-e-type=\"widget\" data-widget_type=\"image.default\">\n\t\t\t\t<div class=\"elementor-widget-container\">\n\t\t\t\t\t\t\t\t\t\t\t\t\t\t\t<img loading=\"lazy\" decoding=\"async\" width=\"1200\" height=\"900\" src=\"https:\/\/lakarulina.com\/wp-content\/uploads\/2022\/01\/brading-apds-1200px.jpg\" class=\"attachment-full size-full wp-image-4732\" alt=\"Disseny logotip identitat corporativa Associaci\u00f3 Professionals de Sala\" srcset=\"https:\/\/lakarulina.com\/wp-content\/uploads\/2022\/01\/brading-apds-1200px.jpg 1200w, https:\/\/lakarulina.com\/wp-content\/uploads\/2022\/01\/brading-apds-1200px-300x225.jpg 300w, https:\/\/lakarulina.com\/wp-content\/uploads\/2022\/01\/brading-apds-1200px-1024x768.jpg 1024w, https:\/\/lakarulina.com\/wp-content\/uploads\/2022\/01\/brading-apds-1200px-768x576.jpg 768w\" sizes=\"(max-width: 1200px) 100vw, 1200px\" \/>\t\t\t\t\t\t\t\t\t\t\t\t\t\t\t<\/div>\n\t\t\t\t<\/div>\n\t\t\t\t<div class=\"elementor-element elementor-element-13a6a25 elementor-widget elementor-widget-image\" data-id=\"13a6a25\" data-element_type=\"widget\" data-e-type=\"widget\" data-widget_type=\"image.default\">\n\t\t\t\t<div class=\"elementor-widget-container\">\n\t\t\t\t\t\t\t\t\t\t\t\t\t\t\t<img loading=\"lazy\" decoding=\"async\" width=\"1200\" height=\"2348\" src=\"https:\/\/lakarulina.com\/wp-content\/uploads\/2022\/01\/pds-6.jpg\" class=\"attachment-full size-full wp-image-4896\" alt=\"Dise\u00f1o identidad corporativa Professionals de Sala Girona\" srcset=\"https:\/\/lakarulina.com\/wp-content\/uploads\/2022\/01\/pds-6.jpg 1200w, https:\/\/lakarulina.com\/wp-content\/uploads\/2022\/01\/pds-6-153x300.jpg 153w, https:\/\/lakarulina.com\/wp-content\/uploads\/2022\/01\/pds-6-523x1024.jpg 523w, https:\/\/lakarulina.com\/wp-content\/uploads\/2022\/01\/pds-6-768x1503.jpg 768w, https:\/\/lakarulina.com\/wp-content\/uploads\/2022\/01\/pds-6-785x1536.jpg 785w, https:\/\/lakarulina.com\/wp-content\/uploads\/2022\/01\/pds-6-1047x2048.jpg 1047w\" sizes=\"(max-width: 1200px) 100vw, 1200px\" \/>\t\t\t\t\t\t\t\t\t\t\t\t\t\t\t<\/div>\n\t\t\t\t<\/div>\n\t\t\t\t\t<\/div>\n\t\t<\/div>\n\t\t\t\t\t<\/div>\n\t\t<\/section>\n\t\t\t\t<section class=\"elementor-section elementor-top-section elementor-element elementor-element-cee3ecb elementor-section-boxed elementor-section-height-default elementor-section-height-default\" data-id=\"cee3ecb\" data-element_type=\"section\" data-e-type=\"section\" data-settings=\"{&quot;background_background&quot;:&quot;classic&quot;}\">\n\t\t\t\t\t\t<div class=\"elementor-container elementor-column-gap-default\">\n\t\t\t\t\t<div class=\"elementor-column elementor-col-100 elementor-top-column elementor-element elementor-element-ee0d80c\" data-id=\"ee0d80c\" data-element_type=\"column\" data-e-type=\"column\">\n\t\t\t<div class=\"elementor-widget-wrap elementor-element-populated\">\n\t\t\t\t\t\t<div class=\"elementor-element elementor-element-34e4e62 elementor-view-default elementor-widget elementor-widget-icon\" data-id=\"34e4e62\" data-element_type=\"widget\" data-e-type=\"widget\" data-widget_type=\"icon.default\">\n\t\t\t\t<div class=\"elementor-widget-container\">\n\t\t\t\t\t\t\t<div class=\"elementor-icon-wrapper\">\n\t\t\t<div class=\"elementor-icon\">\n\t\t\t<i aria-hidden=\"true\" class=\"fas fa-quote-left\"><\/i>\t\t\t<\/div>\n\t\t<\/div>\n\t\t\t\t\t\t<\/div>\n\t\t\t\t<\/div>\n\t\t\t\t<div class=\"elementor-element elementor-element-8cb0eca elementor-testimonial--skin-default elementor-testimonial--layout-image_inline elementor-testimonial--align-center elementor-widget elementor-widget-testimonial-carousel\" data-id=\"8cb0eca\" data-element_type=\"widget\" data-e-type=\"widget\" data-settings=\"{&quot;slides_per_view&quot;:&quot;1&quot;,&quot;speed&quot;:5500,&quot;autoplay_speed&quot;:9000,&quot;space_between&quot;:{&quot;unit&quot;:&quot;px&quot;,&quot;size&quot;:23,&quot;sizes&quot;:[]},&quot;autoplay&quot;:&quot;yes&quot;,&quot;loop&quot;:&quot;yes&quot;,&quot;pause_on_hover&quot;:&quot;yes&quot;,&quot;pause_on_interaction&quot;:&quot;yes&quot;,&quot;space_between_tablet&quot;:{&quot;unit&quot;:&quot;px&quot;,&quot;size&quot;:10,&quot;sizes&quot;:[]},&quot;space_between_mobile&quot;:{&quot;unit&quot;:&quot;px&quot;,&quot;size&quot;:10,&quot;sizes&quot;:[]}}\" data-widget_type=\"testimonial-carousel.default\">\n\t\t\t\t<div class=\"elementor-widget-container\">\n\t\t\t\t\t\t\t\t\t<div class=\"elementor-swiper\">\n\t\t\t\t\t<div class=\"elementor-main-swiper swiper\" role=\"region\" aria-roledescription=\"carousel\" aria-label=\"Slides\">\n\t\t\t\t<div class=\"swiper-wrapper\">\n\t\t\t\t\t\t\t\t\t\t\t<div class=\"swiper-slide\" role=\"group\" aria-roledescription=\"slide\">\n\t\t\t\t\t\t\t\t\t<div class=\"elementor-testimonial\">\n\t\t\t\t\t\t\t<div class=\"elementor-testimonial__content\">\n\t\t\t\t\t<div class=\"elementor-testimonial__text\">\n\t\t\t\t\t\tDecidimos elegir los servicios de LaKarulina ya que visualizando los diferentes trabajos realizados, vimos que eran el estilo que m\u00e1s encajaba con nuestras expectativas. Creemos que la imagen corporativa es muy importante para empezar con buen pie un proyecto y el resultado ha cubierto nuestras expectativas. Nos ha propuesto muchas ideas desde el punto de vista profesional, que hemos valorado y tenido muy en cuenta. Ha trabajado con rapidez y eficacia y respetando los plazos de entrega acordados, solucionando en todo momento nuestras dudas. Valoramos muy positivamente su trato cercano y su empat\u00eda. Nos ha gustado mucho que los diferentes trabajos que ha realizado siguen una misma l\u00ednea. Seguiremos trabajando con ella y sin dudar recomendamos sus servicios.\t\t\t\t\t<\/div>\n\t\t\t\t\t\t\t\t\t<\/div>\n\t\t\t\t\t\t<div class=\"elementor-testimonial__footer\">\n\t\t\t\t\t\t\t\t<cite class=\"elementor-testimonial__cite\"><span class=\"elementor-testimonial__name\">Llu\u00eds Coll<\/span><span class=\"elementor-testimonial__title\">Profesor de Servicios en Restauraci\u00f3n en la Escuela de Hosteler\u00eda y Turismo de Girona, y Presidente de la Asociaci\u00f3n Professionals de Sala de Girona<\/span><\/cite>\t\t\t<\/div>\n\t\t<\/div>\n\t\t\t\t\t\t\t\t<\/div>\n\t\t\t\t\t\t\t\t\t<\/div>\n\t\t\t\t\t\t\t<\/div>\n\t\t\t\t<\/div>\n\t\t\t\t\t\t\t\t<\/div>\n\t\t\t\t<\/div>\n\t\t\t\t<div class=\"elementor-element elementor-element-10f4155 elementor-view-default elementor-widget elementor-widget-icon\" data-id=\"10f4155\" data-element_type=\"widget\" data-e-type=\"widget\" data-widget_type=\"icon.default\">\n\t\t\t\t<div class=\"elementor-widget-container\">\n\t\t\t\t\t\t\t<div class=\"elementor-icon-wrapper\">\n\t\t\t<div class=\"elementor-icon\">\n\t\t\t<i aria-hidden=\"true\" class=\"fas fa-quote-right\"><\/i>\t\t\t<\/div>\n\t\t<\/div>\n\t\t\t\t\t\t<\/div>\n\t\t\t\t<\/div>\n\t\t\t\t\t<\/div>\n\t\t<\/div>\n\t\t\t\t\t<\/div>\n\t\t<\/section>\n\t\t\t\t<\/div>\n\t\t","protected":false},"excerpt":{"rendered":"<p>Hostaler\u00eda y restauraci\u00f3n Dise\u00f1o de identidad corporativa y elementos colaterales: tarjetas, rollups, sello&#8230; La Associaci\u00f3 Professionals de Sala de Girona nace con el objetivo de agrupar a los profesionales del sector a la vez que se promociona y defiende la profesi\u00f3n de sala. El dise\u00f1o del logotipo de Professionals de Sala transmite este esp\u00edritu de [&hellip;]<\/p>\n","protected":false},"author":1,"featured_media":4732,"template":"","meta":{"_acf_changed":false},"categories":[13,12],"tags":[46,51,124,125,126,127,128,129,130],"class_list":["post-4891","proyectos","type-proyectos","status-publish","has-post-thumbnail","hentry","category-diseno-grafico","category-identidad-corporativa","tag-branding","tag-identidad-corporativa","tag-imagen-de-perfil","tag-logotipo","tag-perfil-social-media","tag-professionals-de-sala","tag-restauracion","tag-rollups","tag-tarjetas-de-visita"],"acf":[],"yoast_head":"<!-- This site is optimized with the Yoast SEO plugin v27.5 - https:\/\/yoast.com\/product\/yoast-seo-wordpress\/ -->\n<title>Dise\u00f1o identidad corporativa Professionals de Sala &#8226; LaKarulina<\/title>\n<meta name=\"description\" content=\"Dise\u00f1o de Identidad Corporativa para la Asociaci\u00f3n Profesionales de Sala de Girona. Logotipo, tarjetas de visita y rollups.\" \/>\n<meta name=\"robots\" content=\"index, follow, max-snippet:-1, max-image-preview:large, max-video-preview:-1\" \/>\n<link rel=\"canonical\" href=\"https:\/\/lakarulina.com\/proyectos\/professionals-de-sala\/\" \/>\n<meta property=\"og:locale\" content=\"ca_ES\" \/>\n<meta property=\"og:type\" content=\"article\" \/>\n<meta property=\"og:title\" content=\"Dise\u00f1o identidad corporativa Professionals de Sala &#8226; LaKarulina\" \/>\n<meta property=\"og:description\" content=\"Dise\u00f1o de Identidad Corporativa para la Asociaci\u00f3n Profesionales de Sala de Girona. Logotipo, tarjetas de visita y rollups.\" \/>\n<meta property=\"og:url\" content=\"https:\/\/lakarulina.com\/proyectos\/professionals-de-sala\/\" \/>\n<meta property=\"og:site_name\" content=\"LaKarulina\" \/>\n<meta property=\"article:publisher\" content=\"https:\/\/www.facebook.com\/lakarulina\" \/>\n<meta property=\"article:modified_time\" content=\"2023-11-28T18:24:46+00:00\" \/>\n<meta property=\"og:image\" content=\"https:\/\/lakarulina.com\/wp-content\/uploads\/2022\/01\/brading-apds-1200px.jpg\" \/>\n\t<meta property=\"og:image:width\" content=\"1200\" \/>\n\t<meta property=\"og:image:height\" content=\"900\" \/>\n\t<meta property=\"og:image:type\" content=\"image\/jpeg\" \/>\n<meta name=\"twitter:card\" content=\"summary_large_image\" \/>\n<meta name=\"twitter:label1\" content=\"Temps estimat de lectura\" \/>\n\t<meta name=\"twitter:data1\" content=\"3 minuts\" \/>\n<script type=\"application\/ld+json\" class=\"yoast-schema-graph\">{\"@context\":\"https:\\\/\\\/schema.org\",\"@graph\":[{\"@type\":\"WebPage\",\"@id\":\"https:\\\/\\\/lakarulina.com\\\/proyectos\\\/professionals-de-sala\\\/\",\"url\":\"https:\\\/\\\/lakarulina.com\\\/proyectos\\\/professionals-de-sala\\\/\",\"name\":\"Dise\u00f1o identidad corporativa Professionals de Sala &#8226; LaKarulina\",\"isPartOf\":{\"@id\":\"https:\\\/\\\/lakarulina.com\\\/#website\"},\"primaryImageOfPage\":{\"@id\":\"https:\\\/\\\/lakarulina.com\\\/proyectos\\\/professionals-de-sala\\\/#primaryimage\"},\"image\":{\"@id\":\"https:\\\/\\\/lakarulina.com\\\/proyectos\\\/professionals-de-sala\\\/#primaryimage\"},\"thumbnailUrl\":\"https:\\\/\\\/lakarulina.com\\\/wp-content\\\/uploads\\\/2022\\\/01\\\/brading-apds-1200px.jpg\",\"datePublished\":\"2019-03-13T12:05:44+00:00\",\"dateModified\":\"2023-11-28T18:24:46+00:00\",\"description\":\"Dise\u00f1o de Identidad Corporativa para la Asociaci\u00f3n Profesionales de Sala de Girona. Logotipo, tarjetas de visita y rollups.\",\"breadcrumb\":{\"@id\":\"https:\\\/\\\/lakarulina.com\\\/proyectos\\\/professionals-de-sala\\\/#breadcrumb\"},\"inLanguage\":\"ca\",\"potentialAction\":[{\"@type\":\"ReadAction\",\"target\":[\"https:\\\/\\\/lakarulina.com\\\/proyectos\\\/professionals-de-sala\\\/\"]}]},{\"@type\":\"ImageObject\",\"inLanguage\":\"ca\",\"@id\":\"https:\\\/\\\/lakarulina.com\\\/proyectos\\\/professionals-de-sala\\\/#primaryimage\",\"url\":\"https:\\\/\\\/lakarulina.com\\\/wp-content\\\/uploads\\\/2022\\\/01\\\/brading-apds-1200px.jpg\",\"contentUrl\":\"https:\\\/\\\/lakarulina.com\\\/wp-content\\\/uploads\\\/2022\\\/01\\\/brading-apds-1200px.jpg\",\"width\":1200,\"height\":900,\"caption\":\"Disseny logotip identitat corporativa Associaci\u00f3 Professionals de Sala\"},{\"@type\":\"BreadcrumbList\",\"@id\":\"https:\\\/\\\/lakarulina.com\\\/proyectos\\\/professionals-de-sala\\\/#breadcrumb\",\"itemListElement\":[{\"@type\":\"ListItem\",\"position\":1,\"name\":\"Inicio\",\"item\":\"https:\\\/\\\/lakarulina.com\\\/ca\\\/\"},{\"@type\":\"ListItem\",\"position\":2,\"name\":\"Proyectos\",\"item\":\"https:\\\/\\\/lakarulina.com\\\/proyectos\\\/\"},{\"@type\":\"ListItem\",\"position\":3,\"name\":\"Professionals de Sala\"}]},{\"@type\":\"WebSite\",\"@id\":\"https:\\\/\\\/lakarulina.com\\\/#website\",\"url\":\"https:\\\/\\\/lakarulina.com\\\/\",\"name\":\"LaKarulina\",\"description\":\"Estudio de branding y dise\u00f1o web estrat\u00e9gico en Girona\",\"publisher\":{\"@id\":\"https:\\\/\\\/lakarulina.com\\\/#organization\"},\"potentialAction\":[{\"@type\":\"SearchAction\",\"target\":{\"@type\":\"EntryPoint\",\"urlTemplate\":\"https:\\\/\\\/lakarulina.com\\\/?s={search_term_string}\"},\"query-input\":{\"@type\":\"PropertyValueSpecification\",\"valueRequired\":true,\"valueName\":\"search_term_string\"}}],\"inLanguage\":\"ca\"},{\"@type\":\"Organization\",\"@id\":\"https:\\\/\\\/lakarulina.com\\\/#organization\",\"name\":\"LaKarulina\",\"url\":\"https:\\\/\\\/lakarulina.com\\\/\",\"logo\":{\"@type\":\"ImageObject\",\"inLanguage\":\"ca\",\"@id\":\"https:\\\/\\\/lakarulina.com\\\/#\\\/schema\\\/logo\\\/image\\\/\",\"url\":\"https:\\\/\\\/lakarulina.com\\\/wp-content\\\/uploads\\\/2021\\\/09\\\/logo-lakarulina-header-white.png\",\"contentUrl\":\"https:\\\/\\\/lakarulina.com\\\/wp-content\\\/uploads\\\/2021\\\/09\\\/logo-lakarulina-header-white.png\",\"width\":215,\"height\":50,\"caption\":\"LaKarulina\"},\"image\":{\"@id\":\"https:\\\/\\\/lakarulina.com\\\/#\\\/schema\\\/logo\\\/image\\\/\"},\"sameAs\":[\"https:\\\/\\\/www.facebook.com\\\/lakarulina\",\"http:\\\/\\\/instagram.com\\\/lakarulina\",\"https:\\\/\\\/www.pinterest.es\\\/lakarulina\\\/\"]}]}<\/script>\n<!-- \/ Yoast SEO plugin. -->","yoast_head_json":{"title":"Dise\u00f1o identidad corporativa Professionals de Sala &#8226; LaKarulina","description":"Dise\u00f1o de Identidad Corporativa para la Asociaci\u00f3n Profesionales de Sala de Girona. Logotipo, tarjetas de visita y rollups.","robots":{"index":"index","follow":"follow","max-snippet":"max-snippet:-1","max-image-preview":"max-image-preview:large","max-video-preview":"max-video-preview:-1"},"canonical":"https:\/\/lakarulina.com\/proyectos\/professionals-de-sala\/","og_locale":"ca_ES","og_type":"article","og_title":"Dise\u00f1o identidad corporativa Professionals de Sala &#8226; LaKarulina","og_description":"Dise\u00f1o de Identidad Corporativa para la Asociaci\u00f3n Profesionales de Sala de Girona. Logotipo, tarjetas de visita y rollups.","og_url":"https:\/\/lakarulina.com\/proyectos\/professionals-de-sala\/","og_site_name":"LaKarulina","article_publisher":"https:\/\/www.facebook.com\/lakarulina","article_modified_time":"2023-11-28T18:24:46+00:00","og_image":[{"width":1200,"height":900,"url":"https:\/\/lakarulina.com\/wp-content\/uploads\/2022\/01\/brading-apds-1200px.jpg","type":"image\/jpeg"}],"twitter_card":"summary_large_image","twitter_misc":{"Temps estimat de lectura":"3 minuts"},"schema":{"@context":"https:\/\/schema.org","@graph":[{"@type":"WebPage","@id":"https:\/\/lakarulina.com\/proyectos\/professionals-de-sala\/","url":"https:\/\/lakarulina.com\/proyectos\/professionals-de-sala\/","name":"Dise\u00f1o identidad corporativa Professionals de Sala &#8226; LaKarulina","isPartOf":{"@id":"https:\/\/lakarulina.com\/#website"},"primaryImageOfPage":{"@id":"https:\/\/lakarulina.com\/proyectos\/professionals-de-sala\/#primaryimage"},"image":{"@id":"https:\/\/lakarulina.com\/proyectos\/professionals-de-sala\/#primaryimage"},"thumbnailUrl":"https:\/\/lakarulina.com\/wp-content\/uploads\/2022\/01\/brading-apds-1200px.jpg","datePublished":"2019-03-13T12:05:44+00:00","dateModified":"2023-11-28T18:24:46+00:00","description":"Dise\u00f1o de Identidad Corporativa para la Asociaci\u00f3n Profesionales de Sala de Girona. Logotipo, tarjetas de visita y rollups.","breadcrumb":{"@id":"https:\/\/lakarulina.com\/proyectos\/professionals-de-sala\/#breadcrumb"},"inLanguage":"ca","potentialAction":[{"@type":"ReadAction","target":["https:\/\/lakarulina.com\/proyectos\/professionals-de-sala\/"]}]},{"@type":"ImageObject","inLanguage":"ca","@id":"https:\/\/lakarulina.com\/proyectos\/professionals-de-sala\/#primaryimage","url":"https:\/\/lakarulina.com\/wp-content\/uploads\/2022\/01\/brading-apds-1200px.jpg","contentUrl":"https:\/\/lakarulina.com\/wp-content\/uploads\/2022\/01\/brading-apds-1200px.jpg","width":1200,"height":900,"caption":"Disseny logotip identitat corporativa Associaci\u00f3 Professionals de Sala"},{"@type":"BreadcrumbList","@id":"https:\/\/lakarulina.com\/proyectos\/professionals-de-sala\/#breadcrumb","itemListElement":[{"@type":"ListItem","position":1,"name":"Inicio","item":"https:\/\/lakarulina.com\/ca\/"},{"@type":"ListItem","position":2,"name":"Proyectos","item":"https:\/\/lakarulina.com\/proyectos\/"},{"@type":"ListItem","position":3,"name":"Professionals de Sala"}]},{"@type":"WebSite","@id":"https:\/\/lakarulina.com\/#website","url":"https:\/\/lakarulina.com\/","name":"LaKarulina","description":"Estudio de branding y dise\u00f1o web estrat\u00e9gico en Girona","publisher":{"@id":"https:\/\/lakarulina.com\/#organization"},"potentialAction":[{"@type":"SearchAction","target":{"@type":"EntryPoint","urlTemplate":"https:\/\/lakarulina.com\/?s={search_term_string}"},"query-input":{"@type":"PropertyValueSpecification","valueRequired":true,"valueName":"search_term_string"}}],"inLanguage":"ca"},{"@type":"Organization","@id":"https:\/\/lakarulina.com\/#organization","name":"LaKarulina","url":"https:\/\/lakarulina.com\/","logo":{"@type":"ImageObject","inLanguage":"ca","@id":"https:\/\/lakarulina.com\/#\/schema\/logo\/image\/","url":"https:\/\/lakarulina.com\/wp-content\/uploads\/2021\/09\/logo-lakarulina-header-white.png","contentUrl":"https:\/\/lakarulina.com\/wp-content\/uploads\/2021\/09\/logo-lakarulina-header-white.png","width":215,"height":50,"caption":"LaKarulina"},"image":{"@id":"https:\/\/lakarulina.com\/#\/schema\/logo\/image\/"},"sameAs":["https:\/\/www.facebook.com\/lakarulina","http:\/\/instagram.com\/lakarulina","https:\/\/www.pinterest.es\/lakarulina\/"]}]}},"_links":{"self":[{"href":"https:\/\/lakarulina.com\/ca\/wp-json\/wp\/v2\/proyectos\/4891","targetHints":{"allow":["GET"]}}],"collection":[{"href":"https:\/\/lakarulina.com\/ca\/wp-json\/wp\/v2\/proyectos"}],"about":[{"href":"https:\/\/lakarulina.com\/ca\/wp-json\/wp\/v2\/types\/proyectos"}],"author":[{"embeddable":true,"href":"https:\/\/lakarulina.com\/ca\/wp-json\/wp\/v2\/users\/1"}],"version-history":[{"count":0,"href":"https:\/\/lakarulina.com\/ca\/wp-json\/wp\/v2\/proyectos\/4891\/revisions"}],"wp:featuredmedia":[{"embeddable":true,"href":"https:\/\/lakarulina.com\/ca\/wp-json\/wp\/v2\/media\/4732"}],"wp:attachment":[{"href":"https:\/\/lakarulina.com\/ca\/wp-json\/wp\/v2\/media?parent=4891"}],"wp:term":[{"taxonomy":"category","embeddable":true,"href":"https:\/\/lakarulina.com\/ca\/wp-json\/wp\/v2\/categories?post=4891"},{"taxonomy":"post_tag","embeddable":true,"href":"https:\/\/lakarulina.com\/ca\/wp-json\/wp\/v2\/tags?post=4891"}],"curies":[{"name":"wp","href":"https:\/\/api.w.org\/{rel}","templated":true}]}}