{"id":6087,"date":"2017-01-03T13:20:05","date_gmt":"2017-01-03T11:20:05","guid":{"rendered":"https:\/\/lakarulina.com\/?post_type=proyectos&#038;p=6087"},"modified":"2023-11-28T20:21:43","modified_gmt":"2023-11-28T18:21:43","slug":"vibra","status":"publish","type":"proyectos","link":"https:\/\/lakarulina.com\/en\/proyectos\/vibra\/","title":{"rendered":"Vibra"},"content":{"rendered":"\t\t<div data-elementor-type=\"wp-post\" data-elementor-id=\"6087\" class=\"elementor elementor-6087\" data-elementor-post-type=\"proyectos\">\n\t\t\t\t\t\t<section class=\"elementor-section elementor-top-section elementor-element elementor-element-5b209914 elementor-section-full_width elementor-section-stretched elementor-section-height-default elementor-section-height-default\" data-id=\"5b209914\" data-element_type=\"section\" data-e-type=\"section\" data-settings=\"{&quot;background_background&quot;:&quot;classic&quot;,&quot;stretch_section&quot;:&quot;section-stretched&quot;}\">\n\t\t\t\t\t\t<div class=\"elementor-container elementor-column-gap-no\">\n\t\t\t\t\t<div class=\"elementor-column elementor-col-50 elementor-top-column elementor-element elementor-element-24d4f3ae\" data-id=\"24d4f3ae\" data-element_type=\"column\" data-e-type=\"column\" data-settings=\"{&quot;background_background&quot;:&quot;classic&quot;}\">\n\t\t\t<div class=\"elementor-widget-wrap elementor-element-populated\">\n\t\t\t\t\t\t<div class=\"elementor-element elementor-element-5bf50e02 elementor-widget elementor-widget-spacer\" data-id=\"5bf50e02\" data-element_type=\"widget\" data-e-type=\"widget\" data-widget_type=\"spacer.default\">\n\t\t\t\t<div class=\"elementor-widget-container\">\n\t\t\t\t\t\t\t<div class=\"elementor-spacer\">\n\t\t\t<div class=\"elementor-spacer-inner\"><\/div>\n\t\t<\/div>\n\t\t\t\t\t\t<\/div>\n\t\t\t\t<\/div>\n\t\t\t\t\t<\/div>\n\t\t<\/div>\n\t\t\t\t<div class=\"elementor-column elementor-col-50 elementor-top-column elementor-element elementor-element-4cbbd2d9\" data-id=\"4cbbd2d9\" data-element_type=\"column\" data-e-type=\"column\" data-settings=\"{&quot;background_background&quot;:&quot;classic&quot;}\">\n\t\t\t<div class=\"elementor-widget-wrap elementor-element-populated\">\n\t\t\t\t\t\t<div class=\"elementor-element elementor-element-2ac71b2c elementor-align-left elementor-widget elementor-widget-breadcrumbs\" data-id=\"2ac71b2c\" data-element_type=\"widget\" data-e-type=\"widget\" data-widget_type=\"breadcrumbs.default\">\n\t\t\t\t<div class=\"elementor-widget-container\">\n\t\t\t\t\t<p id=\"breadcrumbs\"><span><span><a href=\"https:\/\/lakarulina.com\/en\/\">Inicio<\/a><\/span><\/span><\/p>\t\t\t\t<\/div>\n\t\t\t\t<\/div>\n\t\t\t\t<div class=\"elementor-element elementor-element-bc1ff2 elementor-widget elementor-widget-heading\" data-id=\"bc1ff2\" data-element_type=\"widget\" data-e-type=\"widget\" data-widget_type=\"heading.default\">\n\t\t\t\t<div class=\"elementor-widget-container\">\n\t\t\t\t\t<h1 class=\"elementor-heading-title elementor-size-default\">Vibra<\/h1>\t\t\t\t<\/div>\n\t\t\t\t<\/div>\n\t\t\t\t<div class=\"elementor-element elementor-element-35bee150 elementor-widget elementor-widget-heading\" data-id=\"35bee150\" data-element_type=\"widget\" data-e-type=\"widget\" data-widget_type=\"heading.default\">\n\t\t\t\t<div class=\"elementor-widget-container\">\n\t\t\t\t\t<h6 class=\"elementor-heading-title elementor-size-default\">Tecnolog\u00eda y Audiovisuales<\/h6>\t\t\t\t<\/div>\n\t\t\t\t<\/div>\n\t\t\t\t<div class=\"elementor-element elementor-element-6fdad629 elementor-widget elementor-widget-spacer\" data-id=\"6fdad629\" data-element_type=\"widget\" data-e-type=\"widget\" data-widget_type=\"spacer.default\">\n\t\t\t\t<div class=\"elementor-widget-container\">\n\t\t\t\t\t\t\t<div class=\"elementor-spacer\">\n\t\t\t<div class=\"elementor-spacer-inner\"><\/div>\n\t\t<\/div>\n\t\t\t\t\t\t<\/div>\n\t\t\t\t<\/div>\n\t\t\t\t<div class=\"elementor-element elementor-element-18120617 elementor-widget elementor-widget-heading\" data-id=\"18120617\" data-element_type=\"widget\" data-e-type=\"widget\" data-widget_type=\"heading.default\">\n\t\t\t\t<div class=\"elementor-widget-container\">\n\t\t\t\t\t<h5 class=\"elementor-heading-title elementor-size-default\">Dise\u00f1o de logotipo y material promocional del Vibra Festa de la Llum<\/h5>\t\t\t\t<\/div>\n\t\t\t\t<\/div>\n\t\t\t\t<div class=\"elementor-element elementor-element-3699b263 elementor-widget elementor-widget-text-editor\" data-id=\"3699b263\" data-element_type=\"widget\" data-e-type=\"widget\" data-widget_type=\"text-editor.default\">\n\t\t\t\t<div class=\"elementor-widget-container\">\n\t\t\t\t\t\t\t\t\t<p>Evento ambicioso que nace en Girona por navidad con el objetivo de ofrecer actividades de ocio familiar, participativo, educativo e inclusivo, vinculado a la tem\u00e1tica de la luz, donde la innovaci\u00f3n, creatividad y talento son el eje vertebrador. Al ser la primera edici\u00f3n, part\u00edan de cero y necesitaban crear y desarrollar toda la identidad corporativa y aplicaciones gr\u00e1ficas para promocionar el evento: cartel, programa y desplegable.<\/p>\t\t\t\t\t\t\t\t<\/div>\n\t\t\t\t<\/div>\n\t\t\t\t<div class=\"elementor-element elementor-element-6ed89719 elementor-widget elementor-widget-spacer\" data-id=\"6ed89719\" data-element_type=\"widget\" data-e-type=\"widget\" data-widget_type=\"spacer.default\">\n\t\t\t\t<div class=\"elementor-widget-container\">\n\t\t\t\t\t\t\t<div class=\"elementor-spacer\">\n\t\t\t<div class=\"elementor-spacer-inner\"><\/div>\n\t\t<\/div>\n\t\t\t\t\t\t<\/div>\n\t\t\t\t<\/div>\n\t\t\t\t<div class=\"elementor-element elementor-element-16548b93 elementor-widget elementor-widget-heading\" data-id=\"16548b93\" data-element_type=\"widget\" data-e-type=\"widget\" data-widget_type=\"heading.default\">\n\t\t\t\t<div class=\"elementor-widget-container\">\n\t\t\t\t\t<h6 class=\"elementor-heading-title elementor-size-default\">servicios contratados:<\/h6>\t\t\t\t<\/div>\n\t\t\t\t<\/div>\n\t\t\t\t<div class=\"elementor-element elementor-element-58a23919 elementor-drop-cap-yes single_tags elementor-drop-cap-view-default elementor-widget elementor-widget-text-editor\" data-id=\"58a23919\" data-element_type=\"widget\" data-e-type=\"widget\" data-settings=\"{&quot;drop_cap&quot;:&quot;yes&quot;}\" data-widget_type=\"text-editor.default\">\n\t\t\t\t<div class=\"elementor-widget-container\">\n\t\t\t\t\t\t\t\t\t<a href=\"https:\/\/lakarulina.com\/category\/diseno-grafico\/\" rel=\"tag\">Dise\u00f1o gr\u00e1fico<\/a>, <a href=\"https:\/\/lakarulina.com\/category\/identidad-corporativa\/\" rel=\"tag\">Identidad Corporativa<\/a>\t\t\t\t\t\t\t\t<\/div>\n\t\t\t\t<\/div>\n\t\t\t\t\t<\/div>\n\t\t<\/div>\n\t\t\t\t\t<\/div>\n\t\t<\/section>\n\t\t\t\t<section class=\"elementor-section elementor-top-section elementor-element elementor-element-1ff6081 elementor-section-boxed elementor-section-height-default elementor-section-height-default\" data-id=\"1ff6081\" data-element_type=\"section\" data-e-type=\"section\">\n\t\t\t\t\t\t<div class=\"elementor-container elementor-column-gap-default\">\n\t\t\t\t\t<div class=\"elementor-column elementor-col-100 elementor-top-column elementor-element elementor-element-47a0a52\" data-id=\"47a0a52\" data-element_type=\"column\" data-e-type=\"column\">\n\t\t\t<div class=\"elementor-widget-wrap elementor-element-populated\">\n\t\t\t\t\t\t<div class=\"elementor-element elementor-element-8e38925 elementor-widget elementor-widget-image\" data-id=\"8e38925\" data-element_type=\"widget\" data-e-type=\"widget\" data-widget_type=\"image.default\">\n\t\t\t\t<div class=\"elementor-widget-container\">\n\t\t\t\t\t\t\t\t\t\t\t\t\t\t\t<img fetchpriority=\"high\" decoding=\"async\" width=\"1000\" height=\"667\" src=\"https:\/\/lakarulina.com\/wp-content\/uploads\/2017\/01\/DSCF1182.jpg\" class=\"attachment-full size-full wp-image-6102\" alt=\"Vibra Festa de la llum Girona\" srcset=\"https:\/\/lakarulina.com\/wp-content\/uploads\/2017\/01\/DSCF1182.jpg 1000w, https:\/\/lakarulina.com\/wp-content\/uploads\/2017\/01\/DSCF1182-300x200.jpg 300w, https:\/\/lakarulina.com\/wp-content\/uploads\/2017\/01\/DSCF1182-768x512.jpg 768w\" sizes=\"(max-width: 1000px) 100vw, 1000px\" \/>\t\t\t\t\t\t\t\t\t\t\t\t\t\t\t<\/div>\n\t\t\t\t<\/div>\n\t\t\t\t\t<\/div>\n\t\t<\/div>\n\t\t\t\t\t<\/div>\n\t\t<\/section>\n\t\t\t\t<section class=\"elementor-section elementor-top-section elementor-element elementor-element-d9883d4 elementor-section-boxed elementor-section-height-default elementor-section-height-default\" data-id=\"d9883d4\" data-element_type=\"section\" data-e-type=\"section\">\n\t\t\t\t\t\t<div class=\"elementor-container elementor-column-gap-default\">\n\t\t\t\t\t<div class=\"elementor-column elementor-col-100 elementor-top-column elementor-element elementor-element-388829e\" data-id=\"388829e\" data-element_type=\"column\" data-e-type=\"column\">\n\t\t\t<div class=\"elementor-widget-wrap elementor-element-populated\">\n\t\t\t\t\t\t<div class=\"elementor-element elementor-element-d595c66 elementor-widget elementor-widget-image\" data-id=\"d595c66\" data-element_type=\"widget\" data-e-type=\"widget\" data-widget_type=\"image.default\">\n\t\t\t\t<div class=\"elementor-widget-container\">\n\t\t\t\t\t\t\t\t\t\t\t\t\t\t\t<img decoding=\"async\" width=\"1000\" height=\"667\" src=\"https:\/\/lakarulina.com\/wp-content\/uploads\/2017\/01\/Flyer-Poster-A5-PSD-Mockup-vibra.jpg\" class=\"attachment-full size-full wp-image-6126\" alt=\"Dise\u00f1o gr\u00e1fico identidad y cartel de logotipo Vibra Fiesta de la luz Girona\" srcset=\"https:\/\/lakarulina.com\/wp-content\/uploads\/2017\/01\/Flyer-Poster-A5-PSD-Mockup-vibra.jpg 1000w, https:\/\/lakarulina.com\/wp-content\/uploads\/2017\/01\/Flyer-Poster-A5-PSD-Mockup-vibra-300x200.jpg 300w, https:\/\/lakarulina.com\/wp-content\/uploads\/2017\/01\/Flyer-Poster-A5-PSD-Mockup-vibra-768x512.jpg 768w\" sizes=\"(max-width: 1000px) 100vw, 1000px\" \/>\t\t\t\t\t\t\t\t\t\t\t\t\t\t\t<\/div>\n\t\t\t\t<\/div>\n\t\t\t\t\t<\/div>\n\t\t<\/div>\n\t\t\t\t\t<\/div>\n\t\t<\/section>\n\t\t\t\t<section class=\"elementor-section elementor-top-section elementor-element elementor-element-5782990 elementor-section-boxed elementor-section-height-default elementor-section-height-default\" data-id=\"5782990\" data-element_type=\"section\" data-e-type=\"section\">\n\t\t\t\t\t\t<div class=\"elementor-container elementor-column-gap-wider\">\n\t\t\t\t\t<div class=\"elementor-column elementor-col-50 elementor-top-column elementor-element elementor-element-14a8412\" data-id=\"14a8412\" data-element_type=\"column\" data-e-type=\"column\">\n\t\t\t<div class=\"elementor-widget-wrap elementor-element-populated\">\n\t\t\t\t\t\t<div class=\"elementor-element elementor-element-2fae8d1 elementor-widget elementor-widget-text-editor\" data-id=\"2fae8d1\" data-element_type=\"widget\" data-e-type=\"widget\" data-widget_type=\"text-editor.default\">\n\t\t\t\t<div class=\"elementor-widget-container\">\n\t\t\t\t\t\t\t\t\t<p>Mi reto ha sido simplificar los m\u00faltiples valores sociales, culturales y medioambientales, as\u00ed como audiovisuales, en una sola imagen. He empezado por crear un<b> logotipo vibrante, s\u00edmbolo de la vida, para referirme a un pensamiento sostenible y positivo, sin perder de vista la principal idea: que el VIBRA es la fiesta de la luz.<\/b> Y he buscado, en las formas y colores, acercarme a todos los p\u00fablicos sin limitarme s\u00f3lo a una lectura tecnol\u00f3gica del logotipo. He creado una paleta de colores alegres y vibrantes, fieles a la crom\u00e1tica de los leds, tan presentes durante las fechas de navidad y de este evento, combinados con los c\u00e1lidos para aportar una imagen m\u00e1s cercana. La tipograf\u00eda redondeada aporta calidez, sensibilizaci\u00f3n y proximidad, y facilita el impacto y la lectura.<\/p>\t\t\t\t\t\t\t\t<\/div>\n\t\t\t\t<\/div>\n\t\t\t\t\t<\/div>\n\t\t<\/div>\n\t\t\t\t<div class=\"elementor-column elementor-col-50 elementor-top-column elementor-element elementor-element-0726628\" data-id=\"0726628\" data-element_type=\"column\" data-e-type=\"column\">\n\t\t\t<div class=\"elementor-widget-wrap elementor-element-populated\">\n\t\t\t\t\t\t<div class=\"elementor-element elementor-element-f450193 elementor-widget elementor-widget-text-editor\" data-id=\"f450193\" data-element_type=\"widget\" data-e-type=\"widget\" data-widget_type=\"text-editor.default\">\n\t\t\t\t<div class=\"elementor-widget-container\">\n\t\t\t\t\t\t\t\t\t<p>Esta misma paleta la he utilizado para las diferentes aplicaciones del logotipo, as\u00ed como en el resto de materiales de difusi\u00f3n que se repartir\u00e1n en formato impreso.<\/p><p>He dise\u00f1ado el programa desplegable con toda la informaci\u00f3n y mapa de la actividad, en el que f\u00e1cilmente se pueden localizar los espacios y las actividades, e identificar con el paisaje nocturno urbano, la ciudadan\u00eda y el uso racional de la energ\u00eda.<\/p><p>He adaptado este programa a diversos formatos de comunicaci\u00f3n que el Ayuntamiento de Girona requiere para promocionar esta actividad.<\/p>\t\t\t\t\t\t\t\t<\/div>\n\t\t\t\t<\/div>\n\t\t\t\t\t<\/div>\n\t\t<\/div>\n\t\t\t\t\t<\/div>\n\t\t<\/section>\n\t\t\t\t<section class=\"elementor-section elementor-top-section elementor-element elementor-element-86130da elementor-section-boxed elementor-section-height-default elementor-section-height-default\" data-id=\"86130da\" data-element_type=\"section\" data-e-type=\"section\">\n\t\t\t\t\t\t<div class=\"elementor-container elementor-column-gap-default\">\n\t\t\t\t\t<div class=\"elementor-column elementor-col-100 elementor-top-column elementor-element elementor-element-bbf3b51\" data-id=\"bbf3b51\" data-element_type=\"column\" data-e-type=\"column\">\n\t\t\t<div class=\"elementor-widget-wrap elementor-element-populated\">\n\t\t\t\t\t\t<div class=\"elementor-element elementor-element-d33479d elementor-widget elementor-widget-image\" data-id=\"d33479d\" data-element_type=\"widget\" data-e-type=\"widget\" data-widget_type=\"image.default\">\n\t\t\t\t<div class=\"elementor-widget-container\">\n\t\t\t\t\t\t\t\t\t\t\t\t\t\t\t<img decoding=\"async\" width=\"1000\" height=\"667\" src=\"https:\/\/lakarulina.com\/wp-content\/uploads\/2017\/01\/DSCF1196.jpg\" class=\"attachment-full size-full wp-image-6108\" alt=\"Vibra Festa de la llum Girona\" srcset=\"https:\/\/lakarulina.com\/wp-content\/uploads\/2017\/01\/DSCF1196.jpg 1000w, https:\/\/lakarulina.com\/wp-content\/uploads\/2017\/01\/DSCF1196-300x200.jpg 300w, https:\/\/lakarulina.com\/wp-content\/uploads\/2017\/01\/DSCF1196-768x512.jpg 768w\" sizes=\"(max-width: 1000px) 100vw, 1000px\" \/>\t\t\t\t\t\t\t\t\t\t\t\t\t\t\t<\/div>\n\t\t\t\t<\/div>\n\t\t\t\t\t<\/div>\n\t\t<\/div>\n\t\t\t\t\t<\/div>\n\t\t<\/section>\n\t\t\t\t<section class=\"elementor-section elementor-top-section elementor-element elementor-element-923d5f7 elementor-section-boxed elementor-section-height-default elementor-section-height-default\" data-id=\"923d5f7\" data-element_type=\"section\" data-e-type=\"section\">\n\t\t\t\t\t\t<div class=\"elementor-container elementor-column-gap-default\">\n\t\t\t\t\t<div class=\"elementor-column elementor-col-50 elementor-top-column elementor-element elementor-element-5f453d1\" data-id=\"5f453d1\" data-element_type=\"column\" data-e-type=\"column\">\n\t\t\t<div class=\"elementor-widget-wrap elementor-element-populated\">\n\t\t\t\t\t\t<div class=\"elementor-element elementor-element-72e09eb elementor-widget elementor-widget-image\" data-id=\"72e09eb\" data-element_type=\"widget\" data-e-type=\"widget\" data-widget_type=\"image.default\">\n\t\t\t\t<div class=\"elementor-widget-container\">\n\t\t\t\t\t\t\t\t\t\t\t\t\t\t\t<img loading=\"lazy\" decoding=\"async\" width=\"800\" height=\"800\" src=\"https:\/\/lakarulina.com\/wp-content\/uploads\/2017\/01\/targeta-VA-1024x1024.jpg\" class=\"attachment-large size-large wp-image-6133\" alt=\"Dise\u00f1o de logotipo Vibra Fiesta de la luz Girona\" srcset=\"https:\/\/lakarulina.com\/wp-content\/uploads\/2017\/01\/targeta-VA-1024x1024.jpg 1024w, https:\/\/lakarulina.com\/wp-content\/uploads\/2017\/01\/targeta-VA-300x300.jpg 300w, https:\/\/lakarulina.com\/wp-content\/uploads\/2017\/01\/targeta-VA-150x150.jpg 150w, https:\/\/lakarulina.com\/wp-content\/uploads\/2017\/01\/targeta-VA-768x768.jpg 768w, https:\/\/lakarulina.com\/wp-content\/uploads\/2017\/01\/targeta-VA-650x650.jpg 650w, https:\/\/lakarulina.com\/wp-content\/uploads\/2017\/01\/targeta-VA-1300x1300.jpg 1300w, https:\/\/lakarulina.com\/wp-content\/uploads\/2017\/01\/targeta-VA.jpg 1400w\" sizes=\"(max-width: 800px) 100vw, 800px\" \/>\t\t\t\t\t\t\t\t\t\t\t\t\t\t\t<\/div>\n\t\t\t\t<\/div>\n\t\t\t\t\t<\/div>\n\t\t<\/div>\n\t\t\t\t<div class=\"elementor-column elementor-col-50 elementor-top-column elementor-element elementor-element-d291950\" data-id=\"d291950\" data-element_type=\"column\" data-e-type=\"column\">\n\t\t\t<div class=\"elementor-widget-wrap elementor-element-populated\">\n\t\t\t\t\t\t<div class=\"elementor-element elementor-element-5b75ddf elementor-widget elementor-widget-image\" data-id=\"5b75ddf\" data-element_type=\"widget\" data-e-type=\"widget\" data-widget_type=\"image.default\">\n\t\t\t\t<div class=\"elementor-widget-container\">\n\t\t\t\t\t\t\t\t\t\t\t\t\t\t\t<img loading=\"lazy\" decoding=\"async\" width=\"800\" height=\"800\" src=\"https:\/\/lakarulina.com\/wp-content\/uploads\/2017\/01\/vibra-desktop-1024x1024.jpg\" class=\"attachment-large size-large wp-image-6130\" alt=\"Dise\u00f1o de logotipo Vibra Fiesta de la luz Girona\" srcset=\"https:\/\/lakarulina.com\/wp-content\/uploads\/2017\/01\/vibra-desktop-1024x1024.jpg 1024w, https:\/\/lakarulina.com\/wp-content\/uploads\/2017\/01\/vibra-desktop-300x300.jpg 300w, https:\/\/lakarulina.com\/wp-content\/uploads\/2017\/01\/vibra-desktop-150x150.jpg 150w, https:\/\/lakarulina.com\/wp-content\/uploads\/2017\/01\/vibra-desktop-768x768.jpg 768w, https:\/\/lakarulina.com\/wp-content\/uploads\/2017\/01\/vibra-desktop-1536x1536.jpg 1536w, https:\/\/lakarulina.com\/wp-content\/uploads\/2017\/01\/vibra-desktop-650x650.jpg 650w, https:\/\/lakarulina.com\/wp-content\/uploads\/2017\/01\/vibra-desktop-1300x1300.jpg 1300w, https:\/\/lakarulina.com\/wp-content\/uploads\/2017\/01\/vibra-desktop.jpg 1900w\" sizes=\"(max-width: 800px) 100vw, 800px\" \/>\t\t\t\t\t\t\t\t\t\t\t\t\t\t\t<\/div>\n\t\t\t\t<\/div>\n\t\t\t\t\t<\/div>\n\t\t<\/div>\n\t\t\t\t\t<\/div>\n\t\t<\/section>\n\t\t\t\t<section class=\"elementor-section elementor-top-section elementor-element elementor-element-618e70c elementor-section-boxed elementor-section-height-default elementor-section-height-default\" data-id=\"618e70c\" data-element_type=\"section\" data-e-type=\"section\">\n\t\t\t\t\t\t<div class=\"elementor-container elementor-column-gap-default\">\n\t\t\t\t\t<div class=\"elementor-column elementor-col-100 elementor-top-column elementor-element elementor-element-9d1465a\" data-id=\"9d1465a\" data-element_type=\"column\" data-e-type=\"column\">\n\t\t\t<div class=\"elementor-widget-wrap elementor-element-populated\">\n\t\t\t\t\t\t<div class=\"elementor-element elementor-element-463af57 elementor-widget elementor-widget-image\" data-id=\"463af57\" data-element_type=\"widget\" data-e-type=\"widget\" data-widget_type=\"image.default\">\n\t\t\t\t<div class=\"elementor-widget-container\">\n\t\t\t\t\t\t\t\t\t\t\t\t\t\t\t<img loading=\"lazy\" decoding=\"async\" width=\"1000\" height=\"707\" src=\"https:\/\/lakarulina.com\/wp-content\/uploads\/2017\/01\/Logo-Vibra-Festa-de-la-llum-colors-rgb-10-1.jpg\" class=\"attachment-full size-full wp-image-6096\" alt=\"Dise\u00f1o de logotipo Vibra Fiesta de la luz Girona\" srcset=\"https:\/\/lakarulina.com\/wp-content\/uploads\/2017\/01\/Logo-Vibra-Festa-de-la-llum-colors-rgb-10-1.jpg 1000w, https:\/\/lakarulina.com\/wp-content\/uploads\/2017\/01\/Logo-Vibra-Festa-de-la-llum-colors-rgb-10-1-300x212.jpg 300w, https:\/\/lakarulina.com\/wp-content\/uploads\/2017\/01\/Logo-Vibra-Festa-de-la-llum-colors-rgb-10-1-768x543.jpg 768w\" sizes=\"(max-width: 1000px) 100vw, 1000px\" \/>\t\t\t\t\t\t\t\t\t\t\t\t\t\t\t<\/div>\n\t\t\t\t<\/div>\n\t\t\t\t\t<\/div>\n\t\t<\/div>\n\t\t\t\t\t<\/div>\n\t\t<\/section>\n\t\t\t\t<section class=\"elementor-section elementor-top-section elementor-element elementor-element-8661249 elementor-section-boxed elementor-section-height-default elementor-section-height-default\" data-id=\"8661249\" data-element_type=\"section\" data-e-type=\"section\">\n\t\t\t\t\t\t<div class=\"elementor-container elementor-column-gap-default\">\n\t\t\t\t\t<div class=\"elementor-column elementor-col-100 elementor-top-column elementor-element elementor-element-bc3c368\" data-id=\"bc3c368\" data-element_type=\"column\" data-e-type=\"column\">\n\t\t\t<div class=\"elementor-widget-wrap elementor-element-populated\">\n\t\t\t\t\t\t<div class=\"elementor-element elementor-element-a3727d3 elementor-widget elementor-widget-image\" data-id=\"a3727d3\" data-element_type=\"widget\" data-e-type=\"widget\" data-widget_type=\"image.default\">\n\t\t\t\t<div class=\"elementor-widget-container\">\n\t\t\t\t\t\t\t\t\t\t\t\t\t\t\t<img loading=\"lazy\" decoding=\"async\" width=\"1000\" height=\"667\" src=\"https:\/\/lakarulina.com\/wp-content\/uploads\/2017\/01\/DSCF1207.jpg\" class=\"attachment-full size-full wp-image-6105\" alt=\"Vibra Festa de la llum Girona\" srcset=\"https:\/\/lakarulina.com\/wp-content\/uploads\/2017\/01\/DSCF1207.jpg 1000w, https:\/\/lakarulina.com\/wp-content\/uploads\/2017\/01\/DSCF1207-300x200.jpg 300w, https:\/\/lakarulina.com\/wp-content\/uploads\/2017\/01\/DSCF1207-768x512.jpg 768w\" sizes=\"(max-width: 1000px) 100vw, 1000px\" \/>\t\t\t\t\t\t\t\t\t\t\t\t\t\t\t<\/div>\n\t\t\t\t<\/div>\n\t\t\t\t\t<\/div>\n\t\t<\/div>\n\t\t\t\t\t<\/div>\n\t\t<\/section>\n\t\t\t\t<section class=\"elementor-section elementor-top-section elementor-element elementor-element-fe280b5 elementor-section-boxed elementor-section-height-default elementor-section-height-default\" data-id=\"fe280b5\" data-element_type=\"section\" data-e-type=\"section\" data-settings=\"{&quot;background_background&quot;:&quot;classic&quot;}\">\n\t\t\t\t\t\t<div class=\"elementor-container elementor-column-gap-default\">\n\t\t\t\t\t<div class=\"elementor-column elementor-col-100 elementor-top-column elementor-element elementor-element-6819741\" data-id=\"6819741\" data-element_type=\"column\" data-e-type=\"column\">\n\t\t\t<div class=\"elementor-widget-wrap elementor-element-populated\">\n\t\t\t\t\t\t<div class=\"elementor-element elementor-element-0316512 elementor-view-default elementor-widget elementor-widget-icon\" data-id=\"0316512\" data-element_type=\"widget\" data-e-type=\"widget\" data-widget_type=\"icon.default\">\n\t\t\t\t<div class=\"elementor-widget-container\">\n\t\t\t\t\t\t\t<div class=\"elementor-icon-wrapper\">\n\t\t\t<div class=\"elementor-icon\">\n\t\t\t<i aria-hidden=\"true\" class=\"fas fa-quote-left\"><\/i>\t\t\t<\/div>\n\t\t<\/div>\n\t\t\t\t\t\t<\/div>\n\t\t\t\t<\/div>\n\t\t\t\t<div class=\"elementor-element elementor-element-ea754f0 elementor-testimonial--skin-default elementor-testimonial--layout-image_inline elementor-testimonial--align-center elementor-widget elementor-widget-testimonial-carousel\" data-id=\"ea754f0\" data-element_type=\"widget\" data-e-type=\"widget\" data-settings=\"{&quot;slides_per_view&quot;:&quot;1&quot;,&quot;speed&quot;:5500,&quot;autoplay_speed&quot;:9000,&quot;space_between&quot;:{&quot;unit&quot;:&quot;px&quot;,&quot;size&quot;:23,&quot;sizes&quot;:[]},&quot;autoplay&quot;:&quot;yes&quot;,&quot;loop&quot;:&quot;yes&quot;,&quot;pause_on_hover&quot;:&quot;yes&quot;,&quot;pause_on_interaction&quot;:&quot;yes&quot;,&quot;space_between_tablet&quot;:{&quot;unit&quot;:&quot;px&quot;,&quot;size&quot;:10,&quot;sizes&quot;:[]},&quot;space_between_mobile&quot;:{&quot;unit&quot;:&quot;px&quot;,&quot;size&quot;:10,&quot;sizes&quot;:[]}}\" data-widget_type=\"testimonial-carousel.default\">\n\t\t\t\t<div class=\"elementor-widget-container\">\n\t\t\t\t\t\t\t\t\t<div class=\"elementor-swiper\">\n\t\t\t\t\t<div class=\"elementor-main-swiper swiper\" role=\"region\" aria-roledescription=\"carousel\" aria-label=\"Slides\">\n\t\t\t\t<div class=\"swiper-wrapper\">\n\t\t\t\t\t\t\t\t\t\t\t<div class=\"swiper-slide\" role=\"group\" aria-roledescription=\"slide\">\n\t\t\t\t\t\t\t\t\t<div class=\"elementor-testimonial\">\n\t\t\t\t\t\t\t<div class=\"elementor-testimonial__content\">\n\t\t\t\t\t<div class=\"elementor-testimonial__text\">\n\t\t\t\t\t\t\u00abTrabajar con la Karulina ha sido una experiencia muy buena y un proceso creativo brillante. La escog\u00ed conociendo ya su trabajo y por la seguridad tanto t\u00e9cnica como creativa que me transmit\u00eda a la hora de interpretar el discurso de fondo que quer\u00eda transmitir a trav\u00e9s de los dise\u00f1os. La exigencia y las eventualidades del proyecto no le ha hecho perder la sonrisa en ning\u00fan momento, resolviendo las circunstancias y dudas, aportando detalles de mucho valor que han ayudado a superar, las expectativas iniciales del proyecto. Adem\u00e1s nos lo hemos pasado muy bien con las visitas sorpresas de Mu ;)\u00bb\t\t\t\t\t<\/div>\n\t\t\t\t\t\t\t\t\t<\/div>\n\t\t\t\t\t\t<div class=\"elementor-testimonial__footer\">\n\t\t\t\t\t\t\t\t<cite class=\"elementor-testimonial__cite\"><span class=\"elementor-testimonial__name\">MARC BATALL\u00c9<\/span><span class=\"elementor-testimonial__title\">\u00c1rea de Promoci\u00f3n Econ\u00f3mica, Desarrollo Local y Turismo \/ Ayuntamiento de Girona<\/span><\/cite>\t\t\t<\/div>\n\t\t<\/div>\n\t\t\t\t\t\t\t\t<\/div>\n\t\t\t\t\t\t\t\t\t<\/div>\n\t\t\t\t\t\t\t<\/div>\n\t\t\t\t<\/div>\n\t\t\t\t\t\t\t\t<\/div>\n\t\t\t\t<\/div>\n\t\t\t\t<div class=\"elementor-element elementor-element-555b917 elementor-view-default elementor-widget elementor-widget-icon\" data-id=\"555b917\" data-element_type=\"widget\" data-e-type=\"widget\" data-widget_type=\"icon.default\">\n\t\t\t\t<div class=\"elementor-widget-container\">\n\t\t\t\t\t\t\t<div class=\"elementor-icon-wrapper\">\n\t\t\t<div class=\"elementor-icon\">\n\t\t\t<i aria-hidden=\"true\" class=\"fas fa-quote-right\"><\/i>\t\t\t<\/div>\n\t\t<\/div>\n\t\t\t\t\t\t<\/div>\n\t\t\t\t<\/div>\n\t\t\t\t\t<\/div>\n\t\t<\/div>\n\t\t\t\t\t<\/div>\n\t\t<\/section>\n\t\t\t\t<section class=\"elementor-section elementor-top-section elementor-element elementor-element-dd4d618 elementor-hidden-desktop elementor-hidden-tablet elementor-hidden-mobile elementor-section-boxed elementor-section-height-default elementor-section-height-default\" data-id=\"dd4d618\" data-element_type=\"section\" data-e-type=\"section\" data-settings=\"{&quot;background_background&quot;:&quot;classic&quot;}\">\n\t\t\t\t\t\t<div class=\"elementor-container elementor-column-gap-default\">\n\t\t\t\t\t<div class=\"elementor-column elementor-col-100 elementor-top-column elementor-element elementor-element-92313ba\" data-id=\"92313ba\" data-element_type=\"column\" data-e-type=\"column\">\n\t\t\t<div class=\"elementor-widget-wrap elementor-element-populated\">\n\t\t\t\t\t\t<div class=\"elementor-element elementor-element-00e2895 elementor-widget elementor-widget-heading\" data-id=\"00e2895\" data-element_type=\"widget\" data-e-type=\"widget\" data-widget_type=\"heading.default\">\n\t\t\t\t<div class=\"elementor-widget-container\">\n\t\t\t\t\t<h6 class=\"elementor-heading-title elementor-size-default\">tags:<\/h6>\t\t\t\t<\/div>\n\t\t\t\t<\/div>\n\t\t\t\t<div class=\"elementor-element elementor-element-44e2f3a elementor-drop-cap-yes single_tags_neg elementor-drop-cap-view-default elementor-widget elementor-widget-text-editor\" data-id=\"44e2f3a\" data-element_type=\"widget\" data-e-type=\"widget\" data-settings=\"{&quot;drop_cap&quot;:&quot;yes&quot;}\" data-widget_type=\"text-editor.default\">\n\t\t\t\t<div class=\"elementor-widget-container\">\n\t\t\t\t\t\t\t\t\t<a href=\"https:\/\/lakarulina.com\/tag\/audiovisuales\/\" rel=\"tag\">Audiovisuales<\/a>, <a href=\"https:\/\/lakarulina.com\/tag\/diseno-de-logotipo\/\" rel=\"tag\">Dise\u00f1o de logotipo<\/a>, <a href=\"https:\/\/lakarulina.com\/tag\/diseno-identidad-corporativa\/\" rel=\"tag\">Dise\u00f1o identidad corporativa<\/a>, <a href=\"https:\/\/lakarulina.com\/tag\/fiesta-de-la-luz\/\" rel=\"tag\">Fiesta de la luz<\/a>, <a href=\"https:\/\/lakarulina.com\/tag\/tecnologia\/\" rel=\"tag\">Tecnolog\u00eda<\/a>, <a href=\"https:\/\/lakarulina.com\/tag\/vibra\/\" rel=\"tag\">Vibra<\/a>\t\t\t\t\t\t\t\t<\/div>\n\t\t\t\t<\/div>\n\t\t\t\t\t<\/div>\n\t\t<\/div>\n\t\t\t\t\t<\/div>\n\t\t<\/section>\n\t\t\t\t<\/div>\n\t\t","protected":false},"excerpt":{"rendered":"<p>Tecnolog\u00eda y Audiovisuales Dise\u00f1o de logotipo y material promocional del Vibra Festa de la Llum Evento ambicioso que nace en Girona por navidad con el objetivo de ofrecer actividades de ocio familiar, participativo, educativo e inclusivo, vinculado a la tem\u00e1tica de la luz, donde la innovaci\u00f3n, creatividad y talento son el eje vertebrador. Al ser [&hellip;]<\/p>\n","protected":false},"author":1,"featured_media":6099,"template":"","meta":{"_acf_changed":false},"categories":[13,12],"tags":[147,16,114,150,148,149],"class_list":["post-6087","proyectos","type-proyectos","status-publish","has-post-thumbnail","hentry","category-diseno-grafico","category-identidad-corporativa","tag-audiovisuales","tag-diseno-de-logotipo","tag-diseno-identidad-corporativa","tag-fiesta-de-la-luz","tag-tecnologia","tag-vibra"],"acf":[],"yoast_head":"<!-- This site is optimized with the Yoast SEO plugin v27.5 - https:\/\/yoast.com\/product\/yoast-seo-wordpress\/ -->\n<title>Dise\u00f1o de logotipo Vibra Festa de la Llum de Girona &#8226; LaKarulina<\/title>\n<meta name=\"description\" content=\"Dise\u00f1o del logotipo y aplicaciones promocionales para VIBRA Festa de la Llum de Girona. Un evento familiar, participativo y educativo con la luz como protagonista.\" \/>\n<meta name=\"robots\" content=\"index, follow, max-snippet:-1, max-image-preview:large, max-video-preview:-1\" \/>\n<link rel=\"canonical\" href=\"https:\/\/lakarulina.com\/proyectos\/vibra\/\" \/>\n<meta property=\"og:locale\" content=\"en_US\" \/>\n<meta property=\"og:type\" content=\"article\" \/>\n<meta property=\"og:title\" content=\"Dise\u00f1o de logotipo Vibra Festa de la Llum de Girona &#8226; LaKarulina\" \/>\n<meta property=\"og:description\" content=\"Dise\u00f1o del logotipo y aplicaciones promocionales para VIBRA Festa de la Llum de Girona. Un evento familiar, participativo y educativo con la luz como protagonista.\" \/>\n<meta property=\"og:url\" content=\"https:\/\/lakarulina.com\/proyectos\/vibra\/\" \/>\n<meta property=\"og:site_name\" content=\"LaKarulina\" \/>\n<meta property=\"article:publisher\" content=\"https:\/\/www.facebook.com\/lakarulina\" \/>\n<meta property=\"article:modified_time\" content=\"2023-11-28T18:21:43+00:00\" \/>\n<meta property=\"og:image\" content=\"https:\/\/lakarulina.com\/wp-content\/uploads\/2017\/01\/vibra-logo-1.jpg\" \/>\n\t<meta property=\"og:image:width\" content=\"1080\" \/>\n\t<meta property=\"og:image:height\" content=\"1080\" \/>\n\t<meta property=\"og:image:type\" content=\"image\/jpeg\" \/>\n<meta name=\"twitter:card\" content=\"summary_large_image\" \/>\n<meta name=\"twitter:label1\" content=\"Est. reading time\" \/>\n\t<meta name=\"twitter:data1\" content=\"4 minutes\" \/>\n<script type=\"application\/ld+json\" class=\"yoast-schema-graph\">{\"@context\":\"https:\\\/\\\/schema.org\",\"@graph\":[{\"@type\":\"WebPage\",\"@id\":\"https:\\\/\\\/lakarulina.com\\\/proyectos\\\/vibra\\\/\",\"url\":\"https:\\\/\\\/lakarulina.com\\\/proyectos\\\/vibra\\\/\",\"name\":\"Dise\u00f1o de logotipo Vibra Festa de la Llum de Girona &#8226; LaKarulina\",\"isPartOf\":{\"@id\":\"https:\\\/\\\/lakarulina.com\\\/#website\"},\"primaryImageOfPage\":{\"@id\":\"https:\\\/\\\/lakarulina.com\\\/proyectos\\\/vibra\\\/#primaryimage\"},\"image\":{\"@id\":\"https:\\\/\\\/lakarulina.com\\\/proyectos\\\/vibra\\\/#primaryimage\"},\"thumbnailUrl\":\"https:\\\/\\\/lakarulina.com\\\/wp-content\\\/uploads\\\/2017\\\/01\\\/vibra-logo-1.jpg\",\"datePublished\":\"2017-01-03T11:20:05+00:00\",\"dateModified\":\"2023-11-28T18:21:43+00:00\",\"description\":\"Dise\u00f1o del logotipo y aplicaciones promocionales para VIBRA Festa de la Llum de Girona. Un evento familiar, participativo y educativo con la luz como protagonista.\",\"breadcrumb\":{\"@id\":\"https:\\\/\\\/lakarulina.com\\\/proyectos\\\/vibra\\\/#breadcrumb\"},\"inLanguage\":\"en-US\",\"potentialAction\":[{\"@type\":\"ReadAction\",\"target\":[\"https:\\\/\\\/lakarulina.com\\\/proyectos\\\/vibra\\\/\"]}]},{\"@type\":\"ImageObject\",\"inLanguage\":\"en-US\",\"@id\":\"https:\\\/\\\/lakarulina.com\\\/proyectos\\\/vibra\\\/#primaryimage\",\"url\":\"https:\\\/\\\/lakarulina.com\\\/wp-content\\\/uploads\\\/2017\\\/01\\\/vibra-logo-1.jpg\",\"contentUrl\":\"https:\\\/\\\/lakarulina.com\\\/wp-content\\\/uploads\\\/2017\\\/01\\\/vibra-logo-1.jpg\",\"width\":1080,\"height\":1080,\"caption\":\"Dise\u00f1o de logotipo Vibra Fiesta de la luz Girona\"},{\"@type\":\"BreadcrumbList\",\"@id\":\"https:\\\/\\\/lakarulina.com\\\/proyectos\\\/vibra\\\/#breadcrumb\",\"itemListElement\":[{\"@type\":\"ListItem\",\"position\":1,\"name\":\"Inicio\",\"item\":\"https:\\\/\\\/lakarulina.com\\\/en\\\/\"},{\"@type\":\"ListItem\",\"position\":2,\"name\":\"Proyectos\",\"item\":\"https:\\\/\\\/lakarulina.com\\\/proyectos\\\/\"},{\"@type\":\"ListItem\",\"position\":3,\"name\":\"Vibra\"}]},{\"@type\":\"WebSite\",\"@id\":\"https:\\\/\\\/lakarulina.com\\\/#website\",\"url\":\"https:\\\/\\\/lakarulina.com\\\/\",\"name\":\"LaKarulina\",\"description\":\"Estudio de branding y dise\u00f1o web estrat\u00e9gico en Girona\",\"publisher\":{\"@id\":\"https:\\\/\\\/lakarulina.com\\\/#organization\"},\"potentialAction\":[{\"@type\":\"SearchAction\",\"target\":{\"@type\":\"EntryPoint\",\"urlTemplate\":\"https:\\\/\\\/lakarulina.com\\\/?s={search_term_string}\"},\"query-input\":{\"@type\":\"PropertyValueSpecification\",\"valueRequired\":true,\"valueName\":\"search_term_string\"}}],\"inLanguage\":\"en-US\"},{\"@type\":\"Organization\",\"@id\":\"https:\\\/\\\/lakarulina.com\\\/#organization\",\"name\":\"LaKarulina\",\"url\":\"https:\\\/\\\/lakarulina.com\\\/\",\"logo\":{\"@type\":\"ImageObject\",\"inLanguage\":\"en-US\",\"@id\":\"https:\\\/\\\/lakarulina.com\\\/#\\\/schema\\\/logo\\\/image\\\/\",\"url\":\"https:\\\/\\\/lakarulina.com\\\/wp-content\\\/uploads\\\/2021\\\/09\\\/logo-lakarulina-header-white.png\",\"contentUrl\":\"https:\\\/\\\/lakarulina.com\\\/wp-content\\\/uploads\\\/2021\\\/09\\\/logo-lakarulina-header-white.png\",\"width\":215,\"height\":50,\"caption\":\"LaKarulina\"},\"image\":{\"@id\":\"https:\\\/\\\/lakarulina.com\\\/#\\\/schema\\\/logo\\\/image\\\/\"},\"sameAs\":[\"https:\\\/\\\/www.facebook.com\\\/lakarulina\",\"http:\\\/\\\/instagram.com\\\/lakarulina\",\"https:\\\/\\\/www.pinterest.es\\\/lakarulina\\\/\"]}]}<\/script>\n<!-- \/ Yoast SEO plugin. -->","yoast_head_json":{"title":"Dise\u00f1o de logotipo Vibra Festa de la Llum de Girona &#8226; LaKarulina","description":"Dise\u00f1o del logotipo y aplicaciones promocionales para VIBRA Festa de la Llum de Girona. Un evento familiar, participativo y educativo con la luz como protagonista.","robots":{"index":"index","follow":"follow","max-snippet":"max-snippet:-1","max-image-preview":"max-image-preview:large","max-video-preview":"max-video-preview:-1"},"canonical":"https:\/\/lakarulina.com\/proyectos\/vibra\/","og_locale":"en_US","og_type":"article","og_title":"Dise\u00f1o de logotipo Vibra Festa de la Llum de Girona &#8226; LaKarulina","og_description":"Dise\u00f1o del logotipo y aplicaciones promocionales para VIBRA Festa de la Llum de Girona. Un evento familiar, participativo y educativo con la luz como protagonista.","og_url":"https:\/\/lakarulina.com\/proyectos\/vibra\/","og_site_name":"LaKarulina","article_publisher":"https:\/\/www.facebook.com\/lakarulina","article_modified_time":"2023-11-28T18:21:43+00:00","og_image":[{"width":1080,"height":1080,"url":"https:\/\/lakarulina.com\/wp-content\/uploads\/2017\/01\/vibra-logo-1.jpg","type":"image\/jpeg"}],"twitter_card":"summary_large_image","twitter_misc":{"Est. reading time":"4 minutes"},"schema":{"@context":"https:\/\/schema.org","@graph":[{"@type":"WebPage","@id":"https:\/\/lakarulina.com\/proyectos\/vibra\/","url":"https:\/\/lakarulina.com\/proyectos\/vibra\/","name":"Dise\u00f1o de logotipo Vibra Festa de la Llum de Girona &#8226; LaKarulina","isPartOf":{"@id":"https:\/\/lakarulina.com\/#website"},"primaryImageOfPage":{"@id":"https:\/\/lakarulina.com\/proyectos\/vibra\/#primaryimage"},"image":{"@id":"https:\/\/lakarulina.com\/proyectos\/vibra\/#primaryimage"},"thumbnailUrl":"https:\/\/lakarulina.com\/wp-content\/uploads\/2017\/01\/vibra-logo-1.jpg","datePublished":"2017-01-03T11:20:05+00:00","dateModified":"2023-11-28T18:21:43+00:00","description":"Dise\u00f1o del logotipo y aplicaciones promocionales para VIBRA Festa de la Llum de Girona. Un evento familiar, participativo y educativo con la luz como protagonista.","breadcrumb":{"@id":"https:\/\/lakarulina.com\/proyectos\/vibra\/#breadcrumb"},"inLanguage":"en-US","potentialAction":[{"@type":"ReadAction","target":["https:\/\/lakarulina.com\/proyectos\/vibra\/"]}]},{"@type":"ImageObject","inLanguage":"en-US","@id":"https:\/\/lakarulina.com\/proyectos\/vibra\/#primaryimage","url":"https:\/\/lakarulina.com\/wp-content\/uploads\/2017\/01\/vibra-logo-1.jpg","contentUrl":"https:\/\/lakarulina.com\/wp-content\/uploads\/2017\/01\/vibra-logo-1.jpg","width":1080,"height":1080,"caption":"Dise\u00f1o de logotipo Vibra Fiesta de la luz Girona"},{"@type":"BreadcrumbList","@id":"https:\/\/lakarulina.com\/proyectos\/vibra\/#breadcrumb","itemListElement":[{"@type":"ListItem","position":1,"name":"Inicio","item":"https:\/\/lakarulina.com\/en\/"},{"@type":"ListItem","position":2,"name":"Proyectos","item":"https:\/\/lakarulina.com\/proyectos\/"},{"@type":"ListItem","position":3,"name":"Vibra"}]},{"@type":"WebSite","@id":"https:\/\/lakarulina.com\/#website","url":"https:\/\/lakarulina.com\/","name":"LaKarulina","description":"Estudio de branding y dise\u00f1o web estrat\u00e9gico en Girona","publisher":{"@id":"https:\/\/lakarulina.com\/#organization"},"potentialAction":[{"@type":"SearchAction","target":{"@type":"EntryPoint","urlTemplate":"https:\/\/lakarulina.com\/?s={search_term_string}"},"query-input":{"@type":"PropertyValueSpecification","valueRequired":true,"valueName":"search_term_string"}}],"inLanguage":"en-US"},{"@type":"Organization","@id":"https:\/\/lakarulina.com\/#organization","name":"LaKarulina","url":"https:\/\/lakarulina.com\/","logo":{"@type":"ImageObject","inLanguage":"en-US","@id":"https:\/\/lakarulina.com\/#\/schema\/logo\/image\/","url":"https:\/\/lakarulina.com\/wp-content\/uploads\/2021\/09\/logo-lakarulina-header-white.png","contentUrl":"https:\/\/lakarulina.com\/wp-content\/uploads\/2021\/09\/logo-lakarulina-header-white.png","width":215,"height":50,"caption":"LaKarulina"},"image":{"@id":"https:\/\/lakarulina.com\/#\/schema\/logo\/image\/"},"sameAs":["https:\/\/www.facebook.com\/lakarulina","http:\/\/instagram.com\/lakarulina","https:\/\/www.pinterest.es\/lakarulina\/"]}]}},"_links":{"self":[{"href":"https:\/\/lakarulina.com\/en\/wp-json\/wp\/v2\/proyectos\/6087","targetHints":{"allow":["GET"]}}],"collection":[{"href":"https:\/\/lakarulina.com\/en\/wp-json\/wp\/v2\/proyectos"}],"about":[{"href":"https:\/\/lakarulina.com\/en\/wp-json\/wp\/v2\/types\/proyectos"}],"author":[{"embeddable":true,"href":"https:\/\/lakarulina.com\/en\/wp-json\/wp\/v2\/users\/1"}],"version-history":[{"count":0,"href":"https:\/\/lakarulina.com\/en\/wp-json\/wp\/v2\/proyectos\/6087\/revisions"}],"wp:featuredmedia":[{"embeddable":true,"href":"https:\/\/lakarulina.com\/en\/wp-json\/wp\/v2\/media\/6099"}],"wp:attachment":[{"href":"https:\/\/lakarulina.com\/en\/wp-json\/wp\/v2\/media?parent=6087"}],"wp:term":[{"taxonomy":"category","embeddable":true,"href":"https:\/\/lakarulina.com\/en\/wp-json\/wp\/v2\/categories?post=6087"},{"taxonomy":"post_tag","embeddable":true,"href":"https:\/\/lakarulina.com\/en\/wp-json\/wp\/v2\/tags?post=6087"}],"curies":[{"name":"wp","href":"https:\/\/api.w.org\/{rel}","templated":true}]}}