{"id":9618,"date":"2023-03-21T10:33:52","date_gmt":"2023-03-21T08:33:52","guid":{"rendered":"https:\/\/lakarulina.com\/?post_type=proyectos&#038;p=9618"},"modified":"2025-12-12T14:19:24","modified_gmt":"2025-12-12T12:19:24","slug":"dansons-la-vie","status":"publish","type":"proyectos","link":"https:\/\/lakarulina.com\/en\/proyectos\/dansons-la-vie\/","title":{"rendered":"Dansons La Vie!"},"content":{"rendered":"\t\t<div data-elementor-type=\"wp-post\" data-elementor-id=\"9618\" class=\"elementor elementor-9618\" data-elementor-post-type=\"proyectos\">\n\t\t\t\t<div class=\"elementor-element elementor-element-09bffd5 e-con-full e-flex e-con e-parent\" data-id=\"09bffd5\" data-element_type=\"container\" data-e-type=\"container\">\n\t\t<div class=\"elementor-element elementor-element-79b33f5 e-con-full e-flex e-con e-child\" data-id=\"79b33f5\" data-element_type=\"container\" data-e-type=\"container\">\n\t\t\t\t<div class=\"elementor-element elementor-element-8fea53f elementor-align-center elementor-widget elementor-widget-breadcrumbs\" data-id=\"8fea53f\" data-element_type=\"widget\" data-e-type=\"widget\" data-widget_type=\"breadcrumbs.default\">\n\t\t\t\t<div class=\"elementor-widget-container\">\n\t\t\t\t\t<p id=\"breadcrumbs\"><span><span><a href=\"https:\/\/lakarulina.com\/en\/\">Inicio<\/a><\/span><\/span><\/p>\t\t\t\t<\/div>\n\t\t\t\t<\/div>\n\t\t\t\t<div class=\"elementor-element elementor-element-164d67c elementor-widget elementor-widget-heading\" data-id=\"164d67c\" data-element_type=\"widget\" data-e-type=\"widget\" data-widget_type=\"heading.default\">\n\t\t\t\t<div class=\"elementor-widget-container\">\n\t\t\t\t\t<h1 class=\"elementor-heading-title elementor-size-default\">Dansons La Vie!<\/h1>\t\t\t\t<\/div>\n\t\t\t\t<\/div>\n\t\t\t\t<div class=\"elementor-element elementor-element-68acb7e elementor-widget elementor-widget-heading\" data-id=\"68acb7e\" data-element_type=\"widget\" data-e-type=\"widget\" data-widget_type=\"heading.default\">\n\t\t\t\t<div class=\"elementor-widget-container\">\n\t\t\t\t\t<h6 class=\"elementor-heading-title elementor-size-default\">Danza, bienestar y desarrollo personal<\/h6>\t\t\t\t<\/div>\n\t\t\t\t<\/div>\n\t\t\t\t<div class=\"elementor-element elementor-element-0cef14e elementor-widget elementor-widget-heading\" data-id=\"0cef14e\" data-element_type=\"widget\" data-e-type=\"widget\" data-widget_type=\"heading.default\">\n\t\t\t\t<div class=\"elementor-widget-container\">\n\t\t\t\t\t<h3 class=\"elementor-heading-title elementor-size-default\">Dise\u00f1o de Identidad corporativa, visuales, p\u00e1gina web y branding para Instagram<\/h3>\t\t\t\t<\/div>\n\t\t\t\t<\/div>\n\t\t\t\t<\/div>\n\t\t\t\t<\/div>\n\t\t<div class=\"elementor-element elementor-element-6333bc2 e-flex e-con-boxed e-con e-parent\" data-id=\"6333bc2\" data-element_type=\"container\" data-e-type=\"container\">\n\t\t\t\t\t<div class=\"e-con-inner\">\n\t\t<div class=\"elementor-element elementor-element-9455414 e-con-full e-flex e-con e-child\" data-id=\"9455414\" data-element_type=\"container\" data-e-type=\"container\">\n\t\t\t\t<div class=\"elementor-element elementor-element-7290c70 elementor-widget elementor-widget-image\" data-id=\"7290c70\" data-element_type=\"widget\" data-e-type=\"widget\" data-widget_type=\"image.default\">\n\t\t\t\t<div class=\"elementor-widget-container\">\n\t\t\t\t\t\t\t\t\t\t\t\t\t\t\t<img fetchpriority=\"high\" decoding=\"async\" width=\"1200\" height=\"800\" src=\"https:\/\/lakarulina.com\/wp-content\/uploads\/2023\/03\/dlv_mockup_2.jpg\" class=\"attachment-full size-full wp-image-9627\" alt=\"Dansons la vie dise\u00f1o de identidad visual\" srcset=\"https:\/\/lakarulina.com\/wp-content\/uploads\/2023\/03\/dlv_mockup_2.jpg 1200w, https:\/\/lakarulina.com\/wp-content\/uploads\/2023\/03\/dlv_mockup_2-300x200.jpg 300w, https:\/\/lakarulina.com\/wp-content\/uploads\/2023\/03\/dlv_mockup_2-1024x683.jpg 1024w, https:\/\/lakarulina.com\/wp-content\/uploads\/2023\/03\/dlv_mockup_2-768x512.jpg 768w\" sizes=\"(max-width: 1200px) 100vw, 1200px\" \/>\t\t\t\t\t\t\t\t\t\t\t\t\t\t\t<\/div>\n\t\t\t\t<\/div>\n\t\t\t\t<div class=\"elementor-element elementor-element-0e43cdd elementor-widget elementor-widget-image\" data-id=\"0e43cdd\" data-element_type=\"widget\" data-e-type=\"widget\" data-widget_type=\"image.default\">\n\t\t\t\t<div class=\"elementor-widget-container\">\n\t\t\t\t\t\t\t\t\t\t\t\t\t\t\t<img decoding=\"async\" width=\"1080\" height=\"720\" src=\"https:\/\/lakarulina.com\/wp-content\/uploads\/2023\/03\/dlv_mockup_3.jpg\" class=\"attachment-full size-full wp-image-9648\" alt=\"Dansons La Vie dise\u00f1o de carteler\u00eda y visuales de la Gala Ben\u00e9fica\" srcset=\"https:\/\/lakarulina.com\/wp-content\/uploads\/2023\/03\/dlv_mockup_3.jpg 1080w, https:\/\/lakarulina.com\/wp-content\/uploads\/2023\/03\/dlv_mockup_3-300x200.jpg 300w, https:\/\/lakarulina.com\/wp-content\/uploads\/2023\/03\/dlv_mockup_3-1024x683.jpg 1024w, https:\/\/lakarulina.com\/wp-content\/uploads\/2023\/03\/dlv_mockup_3-768x512.jpg 768w\" sizes=\"(max-width: 1080px) 100vw, 1080px\" \/>\t\t\t\t\t\t\t\t\t\t\t\t\t\t\t<\/div>\n\t\t\t\t<\/div>\n\t\t\t\t<\/div>\n\t\t\t\t\t<\/div>\n\t\t\t\t<\/div>\n\t\t<div class=\"elementor-element elementor-element-6f12582 e-flex e-con-boxed e-con e-parent\" data-id=\"6f12582\" data-element_type=\"container\" data-e-type=\"container\">\n\t\t\t\t\t<div class=\"e-con-inner\">\n\t\t<div class=\"elementor-element elementor-element-cc9beb5 e-con-full e-flex e-con e-child\" data-id=\"cc9beb5\" data-element_type=\"container\" data-e-type=\"container\">\n\t\t\t\t<div class=\"elementor-element elementor-element-6f5d5f9 elementor-widget elementor-widget-image\" data-id=\"6f5d5f9\" data-element_type=\"widget\" data-e-type=\"widget\" data-widget_type=\"image.default\">\n\t\t\t\t<div class=\"elementor-widget-container\">\n\t\t\t\t\t\t\t\t\t\t\t\t\t\t\t<img decoding=\"async\" width=\"576\" height=\"1024\" src=\"https:\/\/lakarulina.com\/wp-content\/uploads\/2023\/03\/dlv_reel_6-576x1024.jpg\" class=\"attachment-large size-large wp-image-9633\" alt=\"Dansons La Vie estilo visual\" srcset=\"https:\/\/lakarulina.com\/wp-content\/uploads\/2023\/03\/dlv_reel_6-576x1024.jpg 576w, https:\/\/lakarulina.com\/wp-content\/uploads\/2023\/03\/dlv_reel_6-169x300.jpg 169w, https:\/\/lakarulina.com\/wp-content\/uploads\/2023\/03\/dlv_reel_6-768x1365.jpg 768w, https:\/\/lakarulina.com\/wp-content\/uploads\/2023\/03\/dlv_reel_6-864x1536.jpg 864w, https:\/\/lakarulina.com\/wp-content\/uploads\/2023\/03\/dlv_reel_6.jpg 1080w\" sizes=\"(max-width: 576px) 100vw, 576px\" \/>\t\t\t\t\t\t\t\t\t\t\t\t\t\t\t<\/div>\n\t\t\t\t<\/div>\n\t\t\t\t<\/div>\n\t\t<div class=\"elementor-element elementor-element-1227b36 e-con-full e-flex e-con e-child\" data-id=\"1227b36\" data-element_type=\"container\" data-e-type=\"container\">\n\t\t\t\t<div class=\"elementor-element elementor-element-be791f8 elementor-widget elementor-widget-image\" data-id=\"be791f8\" data-element_type=\"widget\" data-e-type=\"widget\" data-widget_type=\"image.default\">\n\t\t\t\t<div class=\"elementor-widget-container\">\n\t\t\t\t\t\t\t\t\t\t\t\t\t\t\t<img loading=\"lazy\" decoding=\"async\" width=\"576\" height=\"1024\" src=\"https:\/\/lakarulina.com\/wp-content\/uploads\/2023\/03\/dlv_reel9-576x1024.jpg\" class=\"attachment-large size-large wp-image-9636\" alt=\"Dansons La Vie dise\u00f1o corporativo para Instagram\" srcset=\"https:\/\/lakarulina.com\/wp-content\/uploads\/2023\/03\/dlv_reel9-576x1024.jpg 576w, https:\/\/lakarulina.com\/wp-content\/uploads\/2023\/03\/dlv_reel9-169x300.jpg 169w, https:\/\/lakarulina.com\/wp-content\/uploads\/2023\/03\/dlv_reel9-768x1365.jpg 768w, https:\/\/lakarulina.com\/wp-content\/uploads\/2023\/03\/dlv_reel9-864x1536.jpg 864w, https:\/\/lakarulina.com\/wp-content\/uploads\/2023\/03\/dlv_reel9.jpg 1080w\" sizes=\"(max-width: 576px) 100vw, 576px\" \/>\t\t\t\t\t\t\t\t\t\t\t\t\t\t\t<\/div>\n\t\t\t\t<\/div>\n\t\t\t\t<\/div>\n\t\t<div class=\"elementor-element elementor-element-4c06fbc e-con-full e-flex e-con e-child\" data-id=\"4c06fbc\" data-element_type=\"container\" data-e-type=\"container\">\n\t\t\t\t<div class=\"elementor-element elementor-element-c457d46 elementor-widget elementor-widget-image\" data-id=\"c457d46\" data-element_type=\"widget\" data-e-type=\"widget\" data-widget_type=\"image.default\">\n\t\t\t\t<div class=\"elementor-widget-container\">\n\t\t\t\t\t\t\t\t\t\t\t\t\t\t\t<img loading=\"lazy\" decoding=\"async\" width=\"576\" height=\"1024\" src=\"https:\/\/lakarulina.com\/wp-content\/uploads\/2023\/03\/dlv_reel_5-576x1024.jpg\" class=\"attachment-large size-large wp-image-9630\" alt=\"Dansons La Vie paleta de colores corporativos\" srcset=\"https:\/\/lakarulina.com\/wp-content\/uploads\/2023\/03\/dlv_reel_5-576x1024.jpg 576w, https:\/\/lakarulina.com\/wp-content\/uploads\/2023\/03\/dlv_reel_5-169x300.jpg 169w, https:\/\/lakarulina.com\/wp-content\/uploads\/2023\/03\/dlv_reel_5-768x1365.jpg 768w, https:\/\/lakarulina.com\/wp-content\/uploads\/2023\/03\/dlv_reel_5-864x1536.jpg 864w, https:\/\/lakarulina.com\/wp-content\/uploads\/2023\/03\/dlv_reel_5.jpg 1080w\" sizes=\"(max-width: 576px) 100vw, 576px\" \/>\t\t\t\t\t\t\t\t\t\t\t\t\t\t\t<\/div>\n\t\t\t\t<\/div>\n\t\t\t\t<\/div>\n\t\t\t\t\t<\/div>\n\t\t\t\t<\/div>\n\t\t<div class=\"elementor-element elementor-element-adfcf44 elementor-hidden-desktop elementor-hidden-tablet elementor-hidden-mobile e-flex e-con-boxed e-con e-parent\" data-id=\"adfcf44\" data-element_type=\"container\" data-e-type=\"container\" data-settings=\"{&quot;background_background&quot;:&quot;classic&quot;}\">\n\t\t\t\t\t<div class=\"e-con-inner\">\n\t\t<div class=\"elementor-element elementor-element-0227aad e-con-full e-flex e-con e-child\" data-id=\"0227aad\" data-element_type=\"container\" data-e-type=\"container\">\n\t\t\t\t<div class=\"elementor-element elementor-element-6b91018 elementor-view-default elementor-widget elementor-widget-icon\" data-id=\"6b91018\" data-element_type=\"widget\" data-e-type=\"widget\" data-widget_type=\"icon.default\">\n\t\t\t\t<div class=\"elementor-widget-container\">\n\t\t\t\t\t\t\t<div class=\"elementor-icon-wrapper\">\n\t\t\t<div class=\"elementor-icon\">\n\t\t\t<i aria-hidden=\"true\" class=\"fas fa-quote-left\"><\/i>\t\t\t<\/div>\n\t\t<\/div>\n\t\t\t\t\t\t<\/div>\n\t\t\t\t<\/div>\n\t\t\t\t<div class=\"elementor-element elementor-element-99c27fe elementor-testimonial--skin-default elementor-testimonial--layout-image_inline elementor-testimonial--align-center elementor-widget elementor-widget-testimonial-carousel\" data-id=\"99c27fe\" data-element_type=\"widget\" data-e-type=\"widget\" data-settings=\"{&quot;slides_per_view&quot;:&quot;1&quot;,&quot;speed&quot;:5500,&quot;autoplay_speed&quot;:9000,&quot;space_between&quot;:{&quot;unit&quot;:&quot;px&quot;,&quot;size&quot;:23,&quot;sizes&quot;:[]},&quot;autoplay&quot;:&quot;yes&quot;,&quot;loop&quot;:&quot;yes&quot;,&quot;pause_on_hover&quot;:&quot;yes&quot;,&quot;pause_on_interaction&quot;:&quot;yes&quot;,&quot;space_between_tablet&quot;:{&quot;unit&quot;:&quot;px&quot;,&quot;size&quot;:10,&quot;sizes&quot;:[]},&quot;space_between_mobile&quot;:{&quot;unit&quot;:&quot;px&quot;,&quot;size&quot;:10,&quot;sizes&quot;:[]}}\" data-widget_type=\"testimonial-carousel.default\">\n\t\t\t\t<div class=\"elementor-widget-container\">\n\t\t\t\t\t\t\t\t\t<div class=\"elementor-swiper\">\n\t\t\t\t\t<div class=\"elementor-main-swiper swiper\" role=\"region\" aria-roledescription=\"carousel\" aria-label=\"Diapositivas\">\n\t\t\t\t<div class=\"swiper-wrapper\">\n\t\t\t\t\t\t\t\t\t\t\t<div class=\"swiper-slide\" role=\"group\" aria-roledescription=\"slide\">\n\t\t\t\t\t\t\t\t\t<div class=\"elementor-testimonial\">\n\t\t\t\t\t\t\t<div class=\"elementor-testimonial__content\">\n\t\t\t\t\t<div class=\"elementor-testimonial__text\">\n\t\t\t\t\t\tTrabajar con LaKarulina ha sido todo un acierto. Se nota su implicaci\u00f3n y dedicaci\u00f3n, aport\u00e1ndome ideas de gran ayuda y resolviendo todas mis dudas, que no eran pocas. Lo que m\u00e1s me ha gustado es que ha aportado la personalidad apropiada a mi marca utilizando mis gustos y su profesionalidad. Un trato impecable. \u00a1Muy recomendable!\t\t\t\t\t<\/div>\n\t\t\t\t\t\t\t\t\t<\/div>\n\t\t\t\t\t\t<div class=\"elementor-testimonial__footer\">\n\t\t\t\t\t\t\t\t<cite class=\"elementor-testimonial__cite\"><span class=\"elementor-testimonial__name\">Rosal\u00eda Mart\u00ednez de Frutos<\/span><span class=\"elementor-testimonial__title\">profesora de educaci\u00f3n infantil y Organizadora Profesional<\/span><\/cite>\t\t\t<\/div>\n\t\t<\/div>\n\t\t\t\t\t\t\t\t<\/div>\n\t\t\t\t\t\t\t\t\t<\/div>\n\t\t\t\t\t\t\t<\/div>\n\t\t\t\t<\/div>\n\t\t\t\t\t\t\t\t<\/div>\n\t\t\t\t<\/div>\n\t\t\t\t<div class=\"elementor-element elementor-element-7c2c97c elementor-view-default elementor-widget elementor-widget-icon\" data-id=\"7c2c97c\" data-element_type=\"widget\" data-e-type=\"widget\" data-widget_type=\"icon.default\">\n\t\t\t\t<div class=\"elementor-widget-container\">\n\t\t\t\t\t\t\t<div class=\"elementor-icon-wrapper\">\n\t\t\t<div class=\"elementor-icon\">\n\t\t\t<i aria-hidden=\"true\" class=\"fas fa-quote-right\"><\/i>\t\t\t<\/div>\n\t\t<\/div>\n\t\t\t\t\t\t<\/div>\n\t\t\t\t<\/div>\n\t\t\t\t<\/div>\n\t\t\t\t\t<\/div>\n\t\t\t\t<\/div>\n\t\t<div class=\"elementor-element elementor-element-e66f1c4 e-flex e-con-boxed e-con e-parent\" data-id=\"e66f1c4\" data-element_type=\"container\" data-e-type=\"container\">\n\t\t\t\t\t<div class=\"e-con-inner\">\n\t\t<div class=\"elementor-element elementor-element-218240f e-con-full e-flex e-con e-child\" data-id=\"218240f\" data-element_type=\"container\" data-e-type=\"container\">\n\t\t\t\t<div class=\"elementor-element elementor-element-dc9d7c3 elementor-widget elementor-widget-image\" data-id=\"dc9d7c3\" data-element_type=\"widget\" data-e-type=\"widget\" data-widget_type=\"image.default\">\n\t\t\t\t<div class=\"elementor-widget-container\">\n\t\t\t\t\t\t\t\t\t\t\t\t\t\t\t<img loading=\"lazy\" decoding=\"async\" width=\"1200\" height=\"800\" src=\"https:\/\/lakarulina.com\/wp-content\/uploads\/2023\/03\/dlv_mockup_1.jpg\" class=\"attachment-full size-full wp-image-9642\" alt=\"Dansons La Vie dise\u00f1o web corporativa a medida en wordpress\" srcset=\"https:\/\/lakarulina.com\/wp-content\/uploads\/2023\/03\/dlv_mockup_1.jpg 1200w, https:\/\/lakarulina.com\/wp-content\/uploads\/2023\/03\/dlv_mockup_1-300x200.jpg 300w, https:\/\/lakarulina.com\/wp-content\/uploads\/2023\/03\/dlv_mockup_1-1024x683.jpg 1024w, https:\/\/lakarulina.com\/wp-content\/uploads\/2023\/03\/dlv_mockup_1-768x512.jpg 768w\" sizes=\"(max-width: 1200px) 100vw, 1200px\" \/>\t\t\t\t\t\t\t\t\t\t\t\t\t\t\t<\/div>\n\t\t\t\t<\/div>\n\t\t\t\t<div class=\"elementor-element elementor-element-0810212 elementor-widget elementor-widget-image\" data-id=\"0810212\" data-element_type=\"widget\" data-e-type=\"widget\" data-widget_type=\"image.default\">\n\t\t\t\t<div class=\"elementor-widget-container\">\n\t\t\t\t\t\t\t\t\t\t\t\t\t\t\t<img loading=\"lazy\" decoding=\"async\" width=\"1080\" height=\"720\" src=\"https:\/\/lakarulina.com\/wp-content\/uploads\/2023\/03\/DLV_Rollup-Mockup-3-copy.jpg\" class=\"attachment-full size-full wp-image-9657\" alt=\"Dansons La Vie Dise\u00f1o de rollup para la gala\" srcset=\"https:\/\/lakarulina.com\/wp-content\/uploads\/2023\/03\/DLV_Rollup-Mockup-3-copy.jpg 1080w, https:\/\/lakarulina.com\/wp-content\/uploads\/2023\/03\/DLV_Rollup-Mockup-3-copy-300x200.jpg 300w, https:\/\/lakarulina.com\/wp-content\/uploads\/2023\/03\/DLV_Rollup-Mockup-3-copy-1024x683.jpg 1024w, https:\/\/lakarulina.com\/wp-content\/uploads\/2023\/03\/DLV_Rollup-Mockup-3-copy-768x512.jpg 768w\" sizes=\"(max-width: 1080px) 100vw, 1080px\" \/>\t\t\t\t\t\t\t\t\t\t\t\t\t\t\t<\/div>\n\t\t\t\t<\/div>\n\t\t\t\t<div class=\"elementor-element elementor-element-8d9c8ae elementor-widget elementor-widget-image\" data-id=\"8d9c8ae\" data-element_type=\"widget\" data-e-type=\"widget\" data-widget_type=\"image.default\">\n\t\t\t\t<div class=\"elementor-widget-container\">\n\t\t\t\t\t\t\t\t\t\t\t\t\t\t\t<img loading=\"lazy\" decoding=\"async\" width=\"1200\" height=\"771\" src=\"https:\/\/lakarulina.com\/wp-content\/uploads\/2023\/03\/dansonslavie_posts_instagram-web.jpg\" class=\"attachment-full size-full wp-image-9639\" alt=\"Dansons La Vie plantillas de dise\u00f1o corporativo para Instagram\" srcset=\"https:\/\/lakarulina.com\/wp-content\/uploads\/2023\/03\/dansonslavie_posts_instagram-web.jpg 1200w, https:\/\/lakarulina.com\/wp-content\/uploads\/2023\/03\/dansonslavie_posts_instagram-web-300x193.jpg 300w, https:\/\/lakarulina.com\/wp-content\/uploads\/2023\/03\/dansonslavie_posts_instagram-web-1024x658.jpg 1024w, https:\/\/lakarulina.com\/wp-content\/uploads\/2023\/03\/dansonslavie_posts_instagram-web-768x493.jpg 768w\" sizes=\"(max-width: 1200px) 100vw, 1200px\" \/>\t\t\t\t\t\t\t\t\t\t\t\t\t\t\t<\/div>\n\t\t\t\t<\/div>\n\t\t\t\t<\/div>\n\t\t\t\t\t<\/div>\n\t\t\t\t<\/div>\n\t\t<div class=\"elementor-element elementor-element-18d644d e-flex e-con-boxed e-con e-parent\" data-id=\"18d644d\" data-element_type=\"container\" data-e-type=\"container\">\n\t\t\t\t\t<div class=\"e-con-inner\">\n\t\t<div class=\"elementor-element elementor-element-7348a4f e-con-full e-flex e-con e-child\" data-id=\"7348a4f\" data-element_type=\"container\" data-e-type=\"container\">\n\t\t\t\t<div class=\"elementor-element elementor-element-761ecb2 elementor-widget elementor-widget-heading\" data-id=\"761ecb2\" data-element_type=\"widget\" data-e-type=\"widget\" data-widget_type=\"heading.default\">\n\t\t\t\t<div class=\"elementor-widget-container\">\n\t\t\t\t\t<h5 class=\"elementor-heading-title elementor-size-default\">Del cuerpo al trazo: identidad inspirada en el movimiento<\/h5>\t\t\t\t<\/div>\n\t\t\t\t<\/div>\n\t\t\t\t<div class=\"elementor-element elementor-element-a134ab4 elementor-widget elementor-widget-text-editor\" data-id=\"a134ab4\" data-element_type=\"widget\" data-e-type=\"widget\" data-widget_type=\"text-editor.default\">\n\t\t\t\t<div class=\"elementor-widget-container\">\n\t\t\t\t\t\t\t\t\t<p><strong>Dansons la Vie<\/strong> es un proyecto solidario de danza y bienestar que invita a reconectar con el cuerpo, el movimiento y la expresi\u00f3n personal desde una mirada respetuosa, inclusiva y consciente. Para reflejar esta esencia trabaj\u00e9 una <strong>identidad visual suave, elegante y sin g\u00e9nero<\/strong>, basada en una paleta de colores delicada y equilibrada que transmite calma, armon\u00eda y humanidad.<\/p><p>Dise\u00f1\u00e9 <strong>tipograf\u00edas hechas a medida<\/strong>, con trazos asim\u00e9tricos y gestuales que evocan el movimiento libre de un bailar\u00edn. Cada l\u00ednea, curva y ritmo tipogr\u00e1fico est\u00e1 pensado para sugerir fluidez, energ\u00eda y presencia. Las composiciones, limpias y contempor\u00e1neas, aportan claridad y sofisticaci\u00f3n, mientras que los detalles gr\u00e1ficos refuerzan la sensibilidad del proyecto.<\/p><p>El resultado es un branding <strong>detallista, elegante y lleno de movimiento<\/strong>, que acompa\u00f1a la filosof\u00eda de Dansons la Vie y se adapta con naturalidad tanto a soportes digitales como f\u00edsicos. Una identidad visual pensada para inspirar, acoger y transmitir la belleza del movimiento consciente, que puede verse aplicada tambi\u00e9n en su p\u00e1gina web, material corporativo y redes sociales.<\/p>\t\t\t\t\t\t\t\t<\/div>\n\t\t\t\t<\/div>\n\t\t\t\t<\/div>\n\t\t<div class=\"elementor-element elementor-element-a47e495 e-con-full e-flex e-con e-child\" data-id=\"a47e495\" data-element_type=\"container\" data-e-type=\"container\">\n\t\t<div class=\"elementor-element elementor-element-994ea19 e-con-full e-flex e-con e-child\" data-id=\"994ea19\" data-element_type=\"container\" data-e-type=\"container\">\n\t\t\t\t<div class=\"elementor-element elementor-element-00aed18 elementor-widget elementor-widget-heading\" data-id=\"00aed18\" data-element_type=\"widget\" data-e-type=\"widget\" data-widget_type=\"heading.default\">\n\t\t\t\t<div class=\"elementor-widget-container\">\n\t\t\t\t\t<h5 class=\"elementor-heading-title elementor-size-default\">Qu\u00e9 ha obtenido esta marca trabajando conmigo<\/h5>\t\t\t\t<\/div>\n\t\t\t\t<\/div>\n\t\t\t\t<div class=\"elementor-element elementor-element-246a957 elementor-widget elementor-widget-text-editor\" data-id=\"246a957\" data-element_type=\"widget\" data-e-type=\"widget\" data-widget_type=\"text-editor.default\">\n\t\t\t\t<div class=\"elementor-widget-container\">\n\t\t\t\t\t\t\t\t\t<p>Gracias al trabajo de branding y dise\u00f1o, <strong>Dansons la Vie ha consolidado una identidad visual coherente, elegante y \u00fanica<\/strong>, que comunica con claridad su <strong>enfoque inclusivo y consciente<\/strong>. La marca ahora transmite calma, sofisticaci\u00f3n y movimiento, <strong>generando una conexi\u00f3n m\u00e1s fuerte con su p\u00fablico objetivo<\/strong>. Adem\u00e1s, las tipograf\u00edas, composiciones y elementos gr\u00e1ficos a medida permiten una <strong>aplicaci\u00f3n vers\u00e1til y consistente en web, redes sociales y material corporativo<\/strong>, facilitando la difusi\u00f3n de sus actividades y <strong>fortaleciendo la presencia del proyecto<\/strong>. En conjunto, la identidad potencia la <strong>credibilidad, visibilidad y el impacto emocional<\/strong> de Dansons la Vie, invitando a m\u00e1s personas a sumarse a sus experiencias de danza y bienestar.<\/p>\t\t\t\t\t\t\t\t<\/div>\n\t\t\t\t<\/div>\n\t\t\t\t<\/div>\n\t\t<div class=\"elementor-element elementor-element-d1651b2 e-con-full e-flex e-con e-child\" data-id=\"d1651b2\" data-element_type=\"container\" data-e-type=\"container\">\n\t\t\t\t<div class=\"elementor-element elementor-element-a8a1c7b elementor-widget elementor-widget-heading\" data-id=\"a8a1c7b\" data-element_type=\"widget\" data-e-type=\"widget\" data-widget_type=\"heading.default\">\n\t\t\t\t<div class=\"elementor-widget-container\">\n\t\t\t\t\t<h6 class=\"elementor-heading-title elementor-size-default\">servicios contratados:<\/h6>\t\t\t\t<\/div>\n\t\t\t\t<\/div>\n\t\t\t\t<div class=\"elementor-element elementor-element-5b64f44 elementor-drop-cap-yes single_tags elementor-drop-cap-view-default elementor-widget elementor-widget-text-editor\" data-id=\"5b64f44\" data-element_type=\"widget\" data-e-type=\"widget\" data-settings=\"{&quot;drop_cap&quot;:&quot;yes&quot;}\" data-widget_type=\"text-editor.default\">\n\t\t\t\t<div class=\"elementor-widget-container\">\n\t\t\t\t\t\t\t\t\t<a href=\"https:\/\/lakarulina.com\/category\/diseno-grafico\/\" rel=\"tag\">Dise\u00f1o gr\u00e1fico<\/a>, <a href=\"https:\/\/lakarulina.com\/category\/diseno-web\/\" rel=\"tag\">Dise\u00f1o web<\/a>, <a href=\"https:\/\/lakarulina.com\/category\/identidad-corporativa\/\" rel=\"tag\">Identidad Corporativa<\/a>, <a href=\"https:\/\/lakarulina.com\/category\/social-media\/\" rel=\"tag\">Social Media<\/a>\t\t\t\t\t\t\t\t<\/div>\n\t\t\t\t<\/div>\n\t\t\t\t<div class=\"elementor-element elementor-element-4b532d7 elementor-widget elementor-widget-spacer\" data-id=\"4b532d7\" data-element_type=\"widget\" data-e-type=\"widget\" data-widget_type=\"spacer.default\">\n\t\t\t\t<div class=\"elementor-widget-container\">\n\t\t\t\t\t\t\t<div class=\"elementor-spacer\">\n\t\t\t<div class=\"elementor-spacer-inner\"><\/div>\n\t\t<\/div>\n\t\t\t\t\t\t<\/div>\n\t\t\t\t<\/div>\n\t\t\t\t<\/div>\n\t\t\t\t<\/div>\n\t\t\t\t\t<\/div>\n\t\t\t\t<\/div>\n\t\t\t\t<\/div>\n\t\t","protected":false},"excerpt":{"rendered":"<p>Dise\u00f1o de Identidad corporativa, visuales, p\u00e1gina web y branding para Instagram de Dansons La Vie!<\/p>\n","protected":false},"author":1,"featured_media":9651,"template":"","meta":{"_acf_changed":false},"categories":[13,1,12,40],"tags":[194,17,134,16,22,178,24,203,10,103,94],"class_list":["post-9618","proyectos","type-proyectos","status-publish","has-post-thumbnail","hentry","category-diseno-grafico","category-diseno-web","category-identidad-corporativa","category-social-media","tag-arte","tag-cultura","tag-danza","tag-diseno-de-logotipo","tag-diseno-web","tag-disenos-para-instagram","tag-identidad-visual","tag-proyecto-benefico","tag-salud","tag-web-responsive","tag-wordpress"],"acf":[],"yoast_head":"<!-- This site is optimized with the Yoast SEO plugin v27.5 - https:\/\/yoast.com\/product\/yoast-seo-wordpress\/ -->\n<title>Dise\u00f1o identidad y web Dansons La Vie! &#8226; LaKarulina<\/title>\n<meta name=\"description\" content=\"Dise\u00f1o de Identidad corporativa, visuales, p\u00e1gina web y branding para Instagram de Dansons La Vie! una propuesta de arte, cultura y salud.\" \/>\n<meta name=\"robots\" content=\"index, follow, max-snippet:-1, max-image-preview:large, max-video-preview:-1\" \/>\n<link rel=\"canonical\" href=\"https:\/\/lakarulina.com\/proyectos\/dansons-la-vie\/\" \/>\n<meta property=\"og:locale\" content=\"en_US\" \/>\n<meta property=\"og:type\" content=\"article\" \/>\n<meta property=\"og:title\" content=\"Dise\u00f1o identidad y web Dansons La Vie! &#8226; LaKarulina\" \/>\n<meta property=\"og:description\" content=\"Dise\u00f1o de Identidad corporativa, visuales, p\u00e1gina web y branding para Instagram de Dansons La Vie! una propuesta de arte, cultura y salud.\" \/>\n<meta property=\"og:url\" content=\"https:\/\/lakarulina.com\/proyectos\/dansons-la-vie\/\" \/>\n<meta property=\"og:site_name\" content=\"LaKarulina\" \/>\n<meta property=\"article:publisher\" content=\"https:\/\/www.facebook.com\/lakarulina\" \/>\n<meta property=\"article:modified_time\" content=\"2025-12-12T12:19:24+00:00\" \/>\n<meta property=\"og:image\" content=\"https:\/\/lakarulina.com\/wp-content\/uploads\/2023\/03\/dlv_cover.jpg\" \/>\n\t<meta property=\"og:image:width\" content=\"800\" \/>\n\t<meta property=\"og:image:height\" content=\"800\" \/>\n\t<meta property=\"og:image:type\" content=\"image\/jpeg\" \/>\n<meta name=\"twitter:card\" content=\"summary_large_image\" \/>\n<meta name=\"twitter:label1\" content=\"Est. reading time\" \/>\n\t<meta name=\"twitter:data1\" content=\"4 minutes\" \/>\n<script type=\"application\/ld+json\" class=\"yoast-schema-graph\">{\"@context\":\"https:\\\/\\\/schema.org\",\"@graph\":[{\"@type\":\"WebPage\",\"@id\":\"https:\\\/\\\/lakarulina.com\\\/proyectos\\\/dansons-la-vie\\\/\",\"url\":\"https:\\\/\\\/lakarulina.com\\\/proyectos\\\/dansons-la-vie\\\/\",\"name\":\"Dise\u00f1o identidad y web Dansons La Vie! &#8226; LaKarulina\",\"isPartOf\":{\"@id\":\"https:\\\/\\\/lakarulina.com\\\/#website\"},\"primaryImageOfPage\":{\"@id\":\"https:\\\/\\\/lakarulina.com\\\/proyectos\\\/dansons-la-vie\\\/#primaryimage\"},\"image\":{\"@id\":\"https:\\\/\\\/lakarulina.com\\\/proyectos\\\/dansons-la-vie\\\/#primaryimage\"},\"thumbnailUrl\":\"https:\\\/\\\/lakarulina.com\\\/wp-content\\\/uploads\\\/2023\\\/03\\\/dlv_cover.jpg\",\"datePublished\":\"2023-03-21T08:33:52+00:00\",\"dateModified\":\"2025-12-12T12:19:24+00:00\",\"description\":\"Dise\u00f1o de Identidad corporativa, visuales, p\u00e1gina web y branding para Instagram de Dansons La Vie! una propuesta de arte, cultura y salud.\",\"breadcrumb\":{\"@id\":\"https:\\\/\\\/lakarulina.com\\\/proyectos\\\/dansons-la-vie\\\/#breadcrumb\"},\"inLanguage\":\"en-US\",\"potentialAction\":[{\"@type\":\"ReadAction\",\"target\":[\"https:\\\/\\\/lakarulina.com\\\/proyectos\\\/dansons-la-vie\\\/\"]}]},{\"@type\":\"ImageObject\",\"inLanguage\":\"en-US\",\"@id\":\"https:\\\/\\\/lakarulina.com\\\/proyectos\\\/dansons-la-vie\\\/#primaryimage\",\"url\":\"https:\\\/\\\/lakarulina.com\\\/wp-content\\\/uploads\\\/2023\\\/03\\\/dlv_cover.jpg\",\"contentUrl\":\"https:\\\/\\\/lakarulina.com\\\/wp-content\\\/uploads\\\/2023\\\/03\\\/dlv_cover.jpg\",\"width\":800,\"height\":800,\"caption\":\"Dansons la vie dise\u00f1o de visuales\"},{\"@type\":\"BreadcrumbList\",\"@id\":\"https:\\\/\\\/lakarulina.com\\\/proyectos\\\/dansons-la-vie\\\/#breadcrumb\",\"itemListElement\":[{\"@type\":\"ListItem\",\"position\":1,\"name\":\"Inicio\",\"item\":\"https:\\\/\\\/lakarulina.com\\\/en\\\/\"},{\"@type\":\"ListItem\",\"position\":2,\"name\":\"Proyectos\",\"item\":\"https:\\\/\\\/lakarulina.com\\\/proyectos\\\/\"},{\"@type\":\"ListItem\",\"position\":3,\"name\":\"Dansons La Vie!\"}]},{\"@type\":\"WebSite\",\"@id\":\"https:\\\/\\\/lakarulina.com\\\/#website\",\"url\":\"https:\\\/\\\/lakarulina.com\\\/\",\"name\":\"LaKarulina\",\"description\":\"Estudio de branding y dise\u00f1o web estrat\u00e9gico en Girona\",\"publisher\":{\"@id\":\"https:\\\/\\\/lakarulina.com\\\/#organization\"},\"potentialAction\":[{\"@type\":\"SearchAction\",\"target\":{\"@type\":\"EntryPoint\",\"urlTemplate\":\"https:\\\/\\\/lakarulina.com\\\/?s={search_term_string}\"},\"query-input\":{\"@type\":\"PropertyValueSpecification\",\"valueRequired\":true,\"valueName\":\"search_term_string\"}}],\"inLanguage\":\"en-US\"},{\"@type\":\"Organization\",\"@id\":\"https:\\\/\\\/lakarulina.com\\\/#organization\",\"name\":\"LaKarulina\",\"url\":\"https:\\\/\\\/lakarulina.com\\\/\",\"logo\":{\"@type\":\"ImageObject\",\"inLanguage\":\"en-US\",\"@id\":\"https:\\\/\\\/lakarulina.com\\\/#\\\/schema\\\/logo\\\/image\\\/\",\"url\":\"https:\\\/\\\/lakarulina.com\\\/wp-content\\\/uploads\\\/2021\\\/09\\\/logo-lakarulina-header-white.png\",\"contentUrl\":\"https:\\\/\\\/lakarulina.com\\\/wp-content\\\/uploads\\\/2021\\\/09\\\/logo-lakarulina-header-white.png\",\"width\":215,\"height\":50,\"caption\":\"LaKarulina\"},\"image\":{\"@id\":\"https:\\\/\\\/lakarulina.com\\\/#\\\/schema\\\/logo\\\/image\\\/\"},\"sameAs\":[\"https:\\\/\\\/www.facebook.com\\\/lakarulina\",\"http:\\\/\\\/instagram.com\\\/lakarulina\",\"https:\\\/\\\/www.pinterest.es\\\/lakarulina\\\/\"]}]}<\/script>\n<!-- \/ Yoast SEO plugin. -->","yoast_head_json":{"title":"Dise\u00f1o identidad y web Dansons La Vie! &#8226; LaKarulina","description":"Dise\u00f1o de Identidad corporativa, visuales, p\u00e1gina web y branding para Instagram de Dansons La Vie! una propuesta de arte, cultura y salud.","robots":{"index":"index","follow":"follow","max-snippet":"max-snippet:-1","max-image-preview":"max-image-preview:large","max-video-preview":"max-video-preview:-1"},"canonical":"https:\/\/lakarulina.com\/proyectos\/dansons-la-vie\/","og_locale":"en_US","og_type":"article","og_title":"Dise\u00f1o identidad y web Dansons La Vie! &#8226; LaKarulina","og_description":"Dise\u00f1o de Identidad corporativa, visuales, p\u00e1gina web y branding para Instagram de Dansons La Vie! una propuesta de arte, cultura y salud.","og_url":"https:\/\/lakarulina.com\/proyectos\/dansons-la-vie\/","og_site_name":"LaKarulina","article_publisher":"https:\/\/www.facebook.com\/lakarulina","article_modified_time":"2025-12-12T12:19:24+00:00","og_image":[{"width":800,"height":800,"url":"https:\/\/lakarulina.com\/wp-content\/uploads\/2023\/03\/dlv_cover.jpg","type":"image\/jpeg"}],"twitter_card":"summary_large_image","twitter_misc":{"Est. reading time":"4 minutes"},"schema":{"@context":"https:\/\/schema.org","@graph":[{"@type":"WebPage","@id":"https:\/\/lakarulina.com\/proyectos\/dansons-la-vie\/","url":"https:\/\/lakarulina.com\/proyectos\/dansons-la-vie\/","name":"Dise\u00f1o identidad y web Dansons La Vie! &#8226; LaKarulina","isPartOf":{"@id":"https:\/\/lakarulina.com\/#website"},"primaryImageOfPage":{"@id":"https:\/\/lakarulina.com\/proyectos\/dansons-la-vie\/#primaryimage"},"image":{"@id":"https:\/\/lakarulina.com\/proyectos\/dansons-la-vie\/#primaryimage"},"thumbnailUrl":"https:\/\/lakarulina.com\/wp-content\/uploads\/2023\/03\/dlv_cover.jpg","datePublished":"2023-03-21T08:33:52+00:00","dateModified":"2025-12-12T12:19:24+00:00","description":"Dise\u00f1o de Identidad corporativa, visuales, p\u00e1gina web y branding para Instagram de Dansons La Vie! una propuesta de arte, cultura y salud.","breadcrumb":{"@id":"https:\/\/lakarulina.com\/proyectos\/dansons-la-vie\/#breadcrumb"},"inLanguage":"en-US","potentialAction":[{"@type":"ReadAction","target":["https:\/\/lakarulina.com\/proyectos\/dansons-la-vie\/"]}]},{"@type":"ImageObject","inLanguage":"en-US","@id":"https:\/\/lakarulina.com\/proyectos\/dansons-la-vie\/#primaryimage","url":"https:\/\/lakarulina.com\/wp-content\/uploads\/2023\/03\/dlv_cover.jpg","contentUrl":"https:\/\/lakarulina.com\/wp-content\/uploads\/2023\/03\/dlv_cover.jpg","width":800,"height":800,"caption":"Dansons la vie dise\u00f1o de visuales"},{"@type":"BreadcrumbList","@id":"https:\/\/lakarulina.com\/proyectos\/dansons-la-vie\/#breadcrumb","itemListElement":[{"@type":"ListItem","position":1,"name":"Inicio","item":"https:\/\/lakarulina.com\/en\/"},{"@type":"ListItem","position":2,"name":"Proyectos","item":"https:\/\/lakarulina.com\/proyectos\/"},{"@type":"ListItem","position":3,"name":"Dansons La Vie!"}]},{"@type":"WebSite","@id":"https:\/\/lakarulina.com\/#website","url":"https:\/\/lakarulina.com\/","name":"LaKarulina","description":"Estudio de branding y dise\u00f1o web estrat\u00e9gico en Girona","publisher":{"@id":"https:\/\/lakarulina.com\/#organization"},"potentialAction":[{"@type":"SearchAction","target":{"@type":"EntryPoint","urlTemplate":"https:\/\/lakarulina.com\/?s={search_term_string}"},"query-input":{"@type":"PropertyValueSpecification","valueRequired":true,"valueName":"search_term_string"}}],"inLanguage":"en-US"},{"@type":"Organization","@id":"https:\/\/lakarulina.com\/#organization","name":"LaKarulina","url":"https:\/\/lakarulina.com\/","logo":{"@type":"ImageObject","inLanguage":"en-US","@id":"https:\/\/lakarulina.com\/#\/schema\/logo\/image\/","url":"https:\/\/lakarulina.com\/wp-content\/uploads\/2021\/09\/logo-lakarulina-header-white.png","contentUrl":"https:\/\/lakarulina.com\/wp-content\/uploads\/2021\/09\/logo-lakarulina-header-white.png","width":215,"height":50,"caption":"LaKarulina"},"image":{"@id":"https:\/\/lakarulina.com\/#\/schema\/logo\/image\/"},"sameAs":["https:\/\/www.facebook.com\/lakarulina","http:\/\/instagram.com\/lakarulina","https:\/\/www.pinterest.es\/lakarulina\/"]}]}},"_links":{"self":[{"href":"https:\/\/lakarulina.com\/en\/wp-json\/wp\/v2\/proyectos\/9618","targetHints":{"allow":["GET"]}}],"collection":[{"href":"https:\/\/lakarulina.com\/en\/wp-json\/wp\/v2\/proyectos"}],"about":[{"href":"https:\/\/lakarulina.com\/en\/wp-json\/wp\/v2\/types\/proyectos"}],"author":[{"embeddable":true,"href":"https:\/\/lakarulina.com\/en\/wp-json\/wp\/v2\/users\/1"}],"version-history":[{"count":0,"href":"https:\/\/lakarulina.com\/en\/wp-json\/wp\/v2\/proyectos\/9618\/revisions"}],"wp:featuredmedia":[{"embeddable":true,"href":"https:\/\/lakarulina.com\/en\/wp-json\/wp\/v2\/media\/9651"}],"wp:attachment":[{"href":"https:\/\/lakarulina.com\/en\/wp-json\/wp\/v2\/media?parent=9618"}],"wp:term":[{"taxonomy":"category","embeddable":true,"href":"https:\/\/lakarulina.com\/en\/wp-json\/wp\/v2\/categories?post=9618"},{"taxonomy":"post_tag","embeddable":true,"href":"https:\/\/lakarulina.com\/en\/wp-json\/wp\/v2\/tags?post=9618"}],"curies":[{"name":"wp","href":"https:\/\/api.w.org\/{rel}","templated":true}]}}